{"id":45,"date":"2021-08-10T10:36:50","date_gmt":"2021-08-10T15:36:50","guid":{"rendered":"http:\/\/200.116.213.140\/pagina\/?page_id=45"},"modified":"2021-11-05T11:33:30","modified_gmt":"2021-11-05T16:33:30","slug":"inicio","status":"publish","type":"page","link":"http:\/\/8.243.70.68\/pagina\/","title":{"rendered":"INICIO"},"content":{"rendered":"\t\t<div data-elementor-type=\"wp-page\" data-elementor-id=\"45\" class=\"elementor elementor-45\">\n\t\t\t\t\t\t<section class=\"elementor-section elementor-top-section elementor-element elementor-element-e708ca9 elementor-hidden-phone elementor-section-boxed elementor-section-height-default elementor-section-height-default\" data-id=\"e708ca9\" data-element_type=\"section\">\n\t\t\t\t\t\t<div class=\"elementor-container elementor-column-gap-default\">\n\t\t\t\t\t<div class=\"elementor-column elementor-col-100 elementor-top-column elementor-element elementor-element-f9a2710\" data-id=\"f9a2710\" data-element_type=\"column\">\n\t\t\t<div class=\"elementor-widget-wrap elementor-element-populated\">\n\t\t\t\t\t\t<section class=\"elementor-section elementor-inner-section elementor-element elementor-element-d7232d8 elementor-section-boxed elementor-section-height-default elementor-section-height-default\" data-id=\"d7232d8\" data-element_type=\"section\">\n\t\t\t\t\t\t<div class=\"elementor-container elementor-column-gap-default\">\n\t\t\t\t\t<div class=\"elementor-column elementor-col-16 elementor-inner-column elementor-element elementor-element-9980eb4\" data-id=\"9980eb4\" data-element_type=\"column\">\n\t\t\t<div class=\"elementor-widget-wrap elementor-element-populated\">\n\t\t\t\t\t\t<div class=\"elementor-element elementor-element-3d51474 elementor-view-default elementor-widget elementor-widget-icon\" data-id=\"3d51474\" data-element_type=\"widget\" data-widget_type=\"icon.default\">\n\t\t\t\t<div class=\"elementor-widget-container\">\n\t\t\t\t\t<div class=\"elementor-icon-wrapper\">\n\t\t\t<div class=\"elementor-icon\">\n\t\t\t<i aria-hidden=\"true\" class=\"fas fa-angle-double-right\"><\/i>\t\t\t<\/div>\n\t\t<\/div>\n\t\t\t\t<\/div>\n\t\t\t\t<\/div>\n\t\t\t\t\t<\/div>\n\t\t<\/div>\n\t\t\t\t<div class=\"elementor-column elementor-col-16 elementor-inner-column elementor-element elementor-element-a4c1c36\" data-id=\"a4c1c36\" data-element_type=\"column\">\n\t\t\t<div class=\"elementor-widget-wrap elementor-element-populated\">\n\t\t\t\t\t\t<div class=\"elementor-element elementor-element-fe787ed elementor-widget elementor-widget-heading\" data-id=\"fe787ed\" data-element_type=\"widget\" data-widget_type=\"heading.default\">\n\t\t\t\t<div class=\"elementor-widget-container\">\n\t\t\t<h2 class=\"elementor-heading-title elementor-size-default\">DEBES SABER<\/h2>\t\t<\/div>\n\t\t\t\t<\/div>\n\t\t\t\t\t<\/div>\n\t\t<\/div>\n\t\t\t\t<div class=\"elementor-column elementor-col-16 elementor-inner-column elementor-element elementor-element-2c09173\" data-id=\"2c09173\" data-element_type=\"column\">\n\t\t\t<div class=\"elementor-widget-wrap elementor-element-populated\">\n\t\t\t\t\t\t<div class=\"elementor-element elementor-element-e7d8234 elementor-widget elementor-widget-posts\" data-id=\"e7d8234\" data-element_type=\"widget\" data-widget_type=\"posts.custom\">\n\t\t\t\t<div class=\"elementor-widget-container\">\n\t\t\t \t\t<\/div>\n\t\t\t\t<\/div>\n\t\t\t\t\t<\/div>\n\t\t<\/div>\n\t\t\t\t<div class=\"elementor-column elementor-col-16 elementor-inner-column elementor-element elementor-element-e11d8b9\" data-id=\"e11d8b9\" data-element_type=\"column\">\n\t\t\t<div class=\"elementor-widget-wrap elementor-element-populated\">\n\t\t\t\t\t\t<div class=\"elementor-element elementor-element-53e49b5 elementor-widget__width-inherit elementor-widget elementor-widget-heading\" data-id=\"53e49b5\" data-element_type=\"widget\" data-widget_type=\"heading.default\">\n\t\t\t\t<div class=\"elementor-widget-container\">\n\t\t\t<div class=\"elementor-heading-title elementor-size-default\">PICO Y PLACA<\/div>\t\t<\/div>\n\t\t\t\t<\/div>\n\t\t\t\t<div class=\"elementor-element elementor-element-17e1373 elementor-widget elementor-widget-image\" data-id=\"17e1373\" data-element_type=\"widget\" data-widget_type=\"image.default\">\n\t\t\t\t<div class=\"elementor-widget-container\">\n\t\t\t\t\t\t\t\t\t\t\t\t\t<img decoding=\"async\" src=\"http:\/\/8.243.70.68\/pagina\/wp-content\/uploads\/elementor\/thumbs\/TranspirteA02_Mesa-de-trabajo-1-pd2lutzxtsiorgswmb5sd25yag29l2x244muu4chkw.png\" title=\"TranspirteA02_Mesa de trabajo 1\" alt=\"TranspirteA02_Mesa de trabajo 1\" loading=\"lazy\" \/>\t\t\t\t\t\t\t\t\t\t\t\t\t<\/div>\n\t\t\t\t<\/div>\n\t\t\t\t\t<\/div>\n\t\t<\/div>\n\t\t\t\t<div class=\"elementor-column elementor-col-16 elementor-inner-column elementor-element elementor-element-224144d\" data-id=\"224144d\" data-element_type=\"column\">\n\t\t\t<div class=\"elementor-widget-wrap elementor-element-populated\">\n\t\t\t\t\t\t<div class=\"elementor-element elementor-element-8da8623 elementor-widget elementor-widget-shortcode\" data-id=\"8da8623\" data-element_type=\"widget\" id=\"pocoyplaca\" data-widget_type=\"shortcode.default\">\n\t\t\t\t<div class=\"elementor-widget-container\">\n\t\t\t<!DOCTYPE html>\r\n<html lang=\"es\">\r\n<head>\r\n    <meta charset=\"UTF-8\">\r\n    <meta http-equiv=\"X-UA-Compatible\" content=\"IE=edge\">\r\n    <meta name=\"viewport\" content=\"width=device-width, initial-scale=1.0\">\r\n    <title>Document<\/title>\r\n\r\n    <style>\r\n     \r\n    \r\n\r\n     <\/style>\r\n\r\n\r\n<\/head>\r\n<body >\r\n\r\n  \r\n        \r\n\r\nPARTICULARES: \r\n<spam style=\"font-weight: 800;\"> \r\n  5 y 6<\/spam> \r\n<br>\r\n\r\n\r\n\r\nSERVICIO P\u00daBLICO:  \r\n<spam style=\"font-weight: 800;\">\r\n  5 y 6<\/spam>\r\n<br>\r\n\r\n\r\nPLACA D\u00cdA: \r\n<spam style=\"font-weight: 800;\">\r\n  5 y 6<\/spam>\r\n<br>\r\n\r\n\r\n<\/body>\r\n\r\n<\/html>\t\t<div class=\"elementor-shortcode\"><\/div>\n\t\t\t\t<\/div>\n\t\t\t\t<\/div>\n\t\t\t\t\t<\/div>\n\t\t<\/div>\n\t\t\t\t<div class=\"elementor-column elementor-col-16 elementor-inner-column elementor-element elementor-element-e97fcaa\" data-id=\"e97fcaa\" data-element_type=\"column\">\n\t\t\t<div class=\"elementor-widget-wrap\">\n\t\t\t\t\t\t\t<\/div>\n\t\t<\/div>\n\t\t\t\t\t<\/div>\n\t\t<\/section>\n\t\t\t\t<section class=\"elementor-section elementor-inner-section elementor-element elementor-element-7559478 elementor-section-boxed elementor-section-height-default elementor-section-height-default\" data-id=\"7559478\" data-element_type=\"section\">\n\t\t\t\t\t\t<div class=\"elementor-container elementor-column-gap-default\">\n\t\t\t\t\t<div class=\"elementor-column elementor-col-33 elementor-inner-column elementor-element elementor-element-fba869f\" data-id=\"fba869f\" data-element_type=\"column\">\n\t\t\t<div class=\"elementor-widget-wrap\">\n\t\t\t\t\t\t\t<\/div>\n\t\t<\/div>\n\t\t\t\t<div class=\"elementor-column elementor-col-33 elementor-inner-column elementor-element elementor-element-f86b44a\" data-id=\"f86b44a\" data-element_type=\"column\">\n\t\t\t<div class=\"elementor-widget-wrap\">\n\t\t\t\t\t\t\t<\/div>\n\t\t<\/div>\n\t\t\t\t<div class=\"elementor-column elementor-col-33 elementor-inner-column elementor-element elementor-element-0617034\" data-id=\"0617034\" data-element_type=\"column\">\n\t\t\t<div class=\"elementor-widget-wrap elementor-element-populated\">\n\t\t\t\t\t\t<div class=\"elementor-element elementor-element-bd793f9 elementor-widget elementor-widget-button\" data-id=\"bd793f9\" data-element_type=\"widget\" data-widget_type=\"button.default\">\n\t\t\t\t<div class=\"elementor-widget-container\">\n\t\t\t\t\t\t\t<div class=\"elementor-button-wrapper\">\n\t\t\t\t\t<a class=\"elementor-button elementor-button-link elementor-size-xs elementor-animation-shrink\" href=\"http:\/\/200.116.213.140\/intranet\/inicio\" target=\"_blank\">\n\t\t\t\t\t\t<span class=\"elementor-button-content-wrapper\">\n\t\t\t\t\t\t<span class=\"elementor-button-icon\">\n\t\t\t\t<i aria-hidden=\"true\" class=\"far fa-arrow-alt-circle-right\"><\/i>\t\t\t<\/span>\n\t\t\t\t\t\t\t\t\t<span class=\"elementor-button-text\">INTRANET<\/span>\n\t\t\t\t\t<\/span>\n\t\t\t\t\t<\/a>\n\t\t\t\t<\/div>\n\t\t\t\t\t\t<\/div>\n\t\t\t\t<\/div>\n\t\t\t\t\t<\/div>\n\t\t<\/div>\n\t\t\t\t\t<\/div>\n\t\t<\/section>\n\t\t\t\t\t<\/div>\n\t\t<\/div>\n\t\t\t\t\t<\/div>\n\t\t<\/section>\n\t\t\t\t<section class=\"elementor-section elementor-top-section elementor-element elementor-element-9338a74 elementor-hidden-desktop elementor-hidden-tablet elementor-section-boxed elementor-section-height-default elementor-section-height-default\" data-id=\"9338a74\" data-element_type=\"section\">\n\t\t\t\t\t\t<div class=\"elementor-container elementor-column-gap-default\">\n\t\t\t\t\t<div class=\"elementor-column elementor-col-100 elementor-top-column elementor-element elementor-element-829fbcb\" data-id=\"829fbcb\" data-element_type=\"column\">\n\t\t\t<div class=\"elementor-widget-wrap elementor-element-populated\">\n\t\t\t\t\t\t<section class=\"elementor-section elementor-inner-section elementor-element elementor-element-bb034e0 elementor-section-boxed elementor-section-height-default elementor-section-height-default\" data-id=\"bb034e0\" data-element_type=\"section\">\n\t\t\t\t\t\t<div class=\"elementor-container elementor-column-gap-default\">\n\t\t\t\t\t<div class=\"elementor-column elementor-col-50 elementor-inner-column elementor-element elementor-element-6cf00ba\" data-id=\"6cf00ba\" data-element_type=\"column\">\n\t\t\t<div class=\"elementor-widget-wrap\">\n\t\t\t\t\t\t\t<\/div>\n\t\t<\/div>\n\t\t\t\t<div class=\"elementor-column elementor-col-50 elementor-inner-column elementor-element elementor-element-caa466c\" data-id=\"caa466c\" data-element_type=\"column\">\n\t\t\t<div class=\"elementor-widget-wrap elementor-element-populated\">\n\t\t\t\t\t\t<div class=\"elementor-element elementor-element-4b94108 elementor-mobile-align-center elementor-widget elementor-widget-button\" data-id=\"4b94108\" data-element_type=\"widget\" data-widget_type=\"button.default\">\n\t\t\t\t<div class=\"elementor-widget-container\">\n\t\t\t\t\t\t\t<div class=\"elementor-button-wrapper\">\n\t\t\t\t\t<a class=\"elementor-button elementor-button-link elementor-size-xs elementor-animation-shrink\" href=\"http:\/\/200.116.213.140\/intranet\/inicio\" target=\"_blank\">\n\t\t\t\t\t\t<span class=\"elementor-button-content-wrapper\">\n\t\t\t\t\t\t<span class=\"elementor-button-icon\">\n\t\t\t\t<i aria-hidden=\"true\" class=\"far fa-arrow-alt-circle-right\"><\/i>\t\t\t<\/span>\n\t\t\t\t\t\t\t\t\t<span class=\"elementor-button-text\">INTRANET<\/span>\n\t\t\t\t\t<\/span>\n\t\t\t\t\t<\/a>\n\t\t\t\t<\/div>\n\t\t\t\t\t\t<\/div>\n\t\t\t\t<\/div>\n\t\t\t\t\t<\/div>\n\t\t<\/div>\n\t\t\t\t\t<\/div>\n\t\t<\/section>\n\t\t\t\t<section class=\"elementor-section elementor-inner-section elementor-element elementor-element-a5247d6 elementor-section-boxed elementor-section-height-default elementor-section-height-default\" data-id=\"a5247d6\" data-element_type=\"section\" data-settings=\"{&quot;background_background&quot;:&quot;classic&quot;}\">\n\t\t\t\t\t\t<div class=\"elementor-container elementor-column-gap-default\">\n\t\t\t\t\t<div class=\"elementor-column elementor-col-33 elementor-inner-column elementor-element elementor-element-04436a4\" data-id=\"04436a4\" data-element_type=\"column\">\n\t\t\t<div class=\"elementor-widget-wrap elementor-element-populated\">\n\t\t\t\t\t\t<div class=\"elementor-element elementor-element-4689dbc elementor-view-default elementor-widget elementor-widget-icon\" data-id=\"4689dbc\" data-element_type=\"widget\" data-widget_type=\"icon.default\">\n\t\t\t\t<div class=\"elementor-widget-container\">\n\t\t\t\t\t<div class=\"elementor-icon-wrapper\">\n\t\t\t<div class=\"elementor-icon\">\n\t\t\t<i aria-hidden=\"true\" class=\"fas fa-angle-double-right\"><\/i>\t\t\t<\/div>\n\t\t<\/div>\n\t\t\t\t<\/div>\n\t\t\t\t<\/div>\n\t\t\t\t\t<\/div>\n\t\t<\/div>\n\t\t\t\t<div class=\"elementor-column elementor-col-33 elementor-inner-column elementor-element elementor-element-0177708\" data-id=\"0177708\" data-element_type=\"column\">\n\t\t\t<div class=\"elementor-widget-wrap elementor-element-populated\">\n\t\t\t\t\t\t<div class=\"elementor-element elementor-element-f7ab776 elementor-widget elementor-widget-heading\" data-id=\"f7ab776\" data-element_type=\"widget\" data-widget_type=\"heading.default\">\n\t\t\t\t<div class=\"elementor-widget-container\">\n\t\t\t<h2 class=\"elementor-heading-title elementor-size-default\">DEBES SABER<\/h2>\t\t<\/div>\n\t\t\t\t<\/div>\n\t\t\t\t\t<\/div>\n\t\t<\/div>\n\t\t\t\t<div class=\"elementor-column elementor-col-33 elementor-inner-column elementor-element elementor-element-8eb8a29\" data-id=\"8eb8a29\" data-element_type=\"column\">\n\t\t\t<div class=\"elementor-widget-wrap elementor-element-populated\">\n\t\t\t\t\t\t<div class=\"elementor-element elementor-element-1eacb25 elementor-widget elementor-widget-heading\" data-id=\"1eacb25\" data-element_type=\"widget\" data-widget_type=\"heading.default\">\n\t\t\t\t<div class=\"elementor-widget-container\">\n\t\t\t<h2 class=\"elementor-heading-title elementor-size-default\">TOMA DE \nMUESTRAS GRATIS \nCOVID-19<\/h2>\t\t<\/div>\n\t\t\t\t<\/div>\n\t\t\t\t<div class=\"elementor-element elementor-element-2e1b841 elementor-widget-divider--view-line elementor-widget elementor-widget-divider\" data-id=\"2e1b841\" data-element_type=\"widget\" data-widget_type=\"divider.default\">\n\t\t\t\t<div class=\"elementor-widget-container\">\n\t\t\t\t\t<div class=\"elementor-divider\">\n\t\t\t<span class=\"elementor-divider-separator\">\n\t\t\t\t\t\t<\/span>\n\t\t<\/div>\n\t\t\t\t<\/div>\n\t\t\t\t<\/div>\n\t\t\t\t<div class=\"elementor-element elementor-element-7a3a03e elementor-widget elementor-widget-heading\" data-id=\"7a3a03e\" data-element_type=\"widget\" data-widget_type=\"heading.default\">\n\t\t\t\t<div class=\"elementor-widget-container\">\n\t\t\t<h2 class=\"elementor-heading-title elementor-size-default\">PUNTOS DE\nVACUNACI\u00d3N \nCOVID-19\n<\/h2>\t\t<\/div>\n\t\t\t\t<\/div>\n\t\t\t\t<div class=\"elementor-element elementor-element-4767e42 elementor-widget-divider--view-line elementor-widget elementor-widget-divider\" data-id=\"4767e42\" data-element_type=\"widget\" data-widget_type=\"divider.default\">\n\t\t\t\t<div class=\"elementor-widget-container\">\n\t\t\t\t\t<div class=\"elementor-divider\">\n\t\t\t<span class=\"elementor-divider-separator\">\n\t\t\t\t\t\t<\/span>\n\t\t<\/div>\n\t\t\t\t<\/div>\n\t\t\t\t<\/div>\n\t\t\t\t<div class=\"elementor-element elementor-element-a409164 elementor-widget elementor-widget-heading\" data-id=\"a409164\" data-element_type=\"widget\" data-widget_type=\"heading.default\">\n\t\t\t\t<div class=\"elementor-widget-container\">\n\t\t\t<h2 class=\"elementor-heading-title elementor-size-default\">VENCE PLAZO PAGO \nDE IMPUESTO \nPREDIAL<\/h2>\t\t<\/div>\n\t\t\t\t<\/div>\n\t\t\t\t\t<\/div>\n\t\t<\/div>\n\t\t\t\t\t<\/div>\n\t\t<\/section>\n\t\t\t\t<section class=\"elementor-section elementor-inner-section elementor-element elementor-element-514b7a6 elementor-section-boxed elementor-section-height-default elementor-section-height-default\" data-id=\"514b7a6\" data-element_type=\"section\">\n\t\t\t\t\t\t<div class=\"elementor-container elementor-column-gap-default\">\n\t\t\t\t\t<div class=\"elementor-column elementor-col-25 elementor-inner-column elementor-element elementor-element-1de69cd\" data-id=\"1de69cd\" data-element_type=\"column\">\n\t\t\t<div class=\"elementor-widget-wrap elementor-element-populated\">\n\t\t\t\t\t\t<div class=\"elementor-element elementor-element-e81cde5 elementor-widget elementor-widget-image\" data-id=\"e81cde5\" data-element_type=\"widget\" data-widget_type=\"image.default\">\n\t\t\t\t<div class=\"elementor-widget-container\">\n\t\t\t\t\t\t\t\t\t\t\t\t\t<img decoding=\"async\" src=\"http:\/\/8.243.70.68\/pagina\/wp-content\/uploads\/elementor\/thumbs\/TranspirteA02_Mesa-de-trabajo-1-pd2lutzxtsiorgswmb5sd25yag29l2x244muu4chkw.png\" title=\"TranspirteA02_Mesa de trabajo 1\" alt=\"TranspirteA02_Mesa de trabajo 1\" loading=\"lazy\" \/>\t\t\t\t\t\t\t\t\t\t\t\t\t<\/div>\n\t\t\t\t<\/div>\n\t\t\t\t\t<\/div>\n\t\t<\/div>\n\t\t\t\t<div class=\"elementor-column elementor-col-25 elementor-inner-column elementor-element elementor-element-1d4cbfd\" data-id=\"1d4cbfd\" data-element_type=\"column\">\n\t\t\t<div class=\"elementor-widget-wrap elementor-element-populated\">\n\t\t\t\t\t\t<div class=\"elementor-element elementor-element-65703d2 elementor-widget__width-inherit elementor-widget elementor-widget-heading\" data-id=\"65703d2\" data-element_type=\"widget\" data-widget_type=\"heading.default\">\n\t\t\t\t<div class=\"elementor-widget-container\">\n\t\t\t<div class=\"elementor-heading-title elementor-size-default\">PICO Y PLACA<\/div>\t\t<\/div>\n\t\t\t\t<\/div>\n\t\t\t\t\t<\/div>\n\t\t<\/div>\n\t\t\t\t<div class=\"elementor-column elementor-col-25 elementor-inner-column elementor-element elementor-element-df17654\" data-id=\"df17654\" data-element_type=\"column\">\n\t\t\t<div class=\"elementor-widget-wrap elementor-element-populated\">\n\t\t\t\t\t\t<div class=\"elementor-element elementor-element-cc114ee elementor-widget elementor-widget-shortcode\" data-id=\"cc114ee\" data-element_type=\"widget\" id=\"pocoyplaca_movil\" data-widget_type=\"shortcode.default\">\n\t\t\t\t<div class=\"elementor-widget-container\">\n\t\t\t<!DOCTYPE html>\r\n<html lang=\"es\">\r\n<head>\r\n    <meta charset=\"UTF-8\">\r\n    <meta http-equiv=\"X-UA-Compatible\" content=\"IE=edge\">\r\n    <meta name=\"viewport\" content=\"width=device-width, initial-scale=1.0\">\r\n    <title>Document<\/title>\r\n\r\n    <style>\r\n     \r\n    \r\n\r\n     <\/style>\r\n\r\n\r\n<\/head>\r\n<body >\r\n\r\n  \r\n        \r\n\r\nPARTICULARES: \r\n<spam style=\"font-weight: 800;border-right: solid 1px black;margin-right: 4px;padding-right: 4px;\"> \r\n  5 y 6\r\n<\/spam> \r\n\r\n\r\n\r\n\r\nSERVICIO P\u00daBLICO:  \r\n<spam style=\"font-weight: 800;border-right: solid 1px black;margin-right: 4px;padding-right: 4px;\">\r\n  5 y 6  \r\n<\/spam>\r\n\r\n\r\n\r\nPLACA D\u00cdA: \r\n<spam  style=\"font-weight: 800;\">\r\n  5 y 6\r\n<\/spam>\r\n\r\n\r\n\r\n<\/body>\r\n\r\n<\/html>\t\t<div class=\"elementor-shortcode\"><\/div>\n\t\t\t\t<\/div>\n\t\t\t\t<\/div>\n\t\t\t\t\t<\/div>\n\t\t<\/div>\n\t\t\t\t<div class=\"elementor-column elementor-col-25 elementor-inner-column elementor-element elementor-element-be325f5\" data-id=\"be325f5\" data-element_type=\"column\">\n\t\t\t<div class=\"elementor-widget-wrap\">\n\t\t\t\t\t\t\t<\/div>\n\t\t<\/div>\n\t\t\t\t\t<\/div>\n\t\t<\/section>\n\t\t\t\t\t<\/div>\n\t\t<\/div>\n\t\t\t\t\t<\/div>\n\t\t<\/section>\n\t\t\t\t<section class=\"elementor-section elementor-top-section elementor-element elementor-element-6617e6d elementor-section-boxed elementor-section-height-default elementor-section-height-default\" data-id=\"6617e6d\" data-element_type=\"section\">\n\t\t\t\t\t\t<div class=\"elementor-container elementor-column-gap-default\">\n\t\t\t\t\t<div class=\"elementor-column elementor-col-16 elementor-top-column elementor-element elementor-element-d4c2c4d\" data-id=\"d4c2c4d\" data-element_type=\"column\">\n\t\t\t<div class=\"elementor-widget-wrap\">\n\t\t\t\t\t\t\t<\/div>\n\t\t<\/div>\n\t\t\t\t<div class=\"elementor-column elementor-col-66 elementor-top-column elementor-element elementor-element-5e82d3d\" data-id=\"5e82d3d\" data-element_type=\"column\">\n\t\t\t<div class=\"elementor-widget-wrap elementor-element-populated\">\n\t\t\t\t\t\t<section class=\"elementor-section elementor-inner-section elementor-element elementor-element-6a89cef elementor-section-boxed elementor-section-height-default elementor-section-height-default\" data-id=\"6a89cef\" data-element_type=\"section\">\n\t\t\t\t\t\t<div class=\"elementor-container elementor-column-gap-default\">\n\t\t\t\t\t<div class=\"elementor-column elementor-col-100 elementor-inner-column elementor-element elementor-element-910e002\" data-id=\"910e002\" data-element_type=\"column\">\n\t\t\t<div class=\"elementor-widget-wrap elementor-element-populated\">\n\t\t\t\t\t\t<div class=\"elementor-element elementor-element-423c976 elementor-absolute elementor-widget elementor-widget-heading\" data-id=\"423c976\" data-element_type=\"widget\" id=\"title-alcaldia\" data-settings=\"{&quot;_position&quot;:&quot;absolute&quot;}\" data-widget_type=\"heading.default\">\n\t\t\t\t<div class=\"elementor-widget-container\">\n\t\t\t<h2 class=\"elementor-heading-title elementor-size-default\">DESTACADAS<\/h2>\t\t<\/div>\n\t\t\t\t<\/div>\n\t\t\t\t\t<\/div>\n\t\t<\/div>\n\t\t\t\t\t<\/div>\n\t\t<\/section>\n\t\t\t\t<section class=\"elementor-section elementor-inner-section elementor-element elementor-element-f7b1847 elementor-section-boxed elementor-section-height-default elementor-section-height-default\" data-id=\"f7b1847\" data-element_type=\"section\">\n\t\t\t\t\t\t<div class=\"elementor-container elementor-column-gap-default\">\n\t\t\t\t\t<div class=\"elementor-column elementor-col-100 elementor-inner-column elementor-element elementor-element-6923335\" data-id=\"6923335\" data-element_type=\"column\">\n\t\t\t<div class=\"elementor-widget-wrap elementor-element-populated\">\n\t\t\t\t\t\t<div class=\"elementor-element elementor-element-952d039 elementor-widget elementor-widget-posts\" data-id=\"952d039\" data-element_type=\"widget\" data-widget_type=\"posts.custom\">\n\t\t\t\t<div class=\"elementor-widget-container\">\n\t\t\t \t\t<\/div>\n\t\t\t\t<\/div>\n\t\t\t\t<div class=\"elementor-element elementor-element-b44b49b elementor-widget elementor-widget-spacer\" data-id=\"b44b49b\" data-element_type=\"widget\" data-widget_type=\"spacer.default\">\n\t\t\t\t<div class=\"elementor-widget-container\">\n\t\t\t\t\t<div class=\"elementor-spacer\">\n\t\t\t<div class=\"elementor-spacer-inner\"><\/div>\n\t\t<\/div>\n\t\t\t\t<\/div>\n\t\t\t\t<\/div>\n\t\t\t\t\t<\/div>\n\t\t<\/div>\n\t\t\t\t\t<\/div>\n\t\t<\/section>\n\t\t\t\t<section class=\"elementor-section elementor-inner-section elementor-element elementor-element-f530bff elementor-section-boxed elementor-section-height-default elementor-section-height-default\" data-id=\"f530bff\" data-element_type=\"section\">\n\t\t\t\t\t\t<div class=\"elementor-container elementor-column-gap-default\">\n\t\t\t\t\t<div class=\"elementor-column elementor-col-100 elementor-inner-column elementor-element elementor-element-abcc436\" data-id=\"abcc436\" data-element_type=\"column\">\n\t\t\t<div class=\"elementor-widget-wrap elementor-element-populated\">\n\t\t\t\t\t\t<div class=\"elementor-element elementor-element-e96ed3a elementor-widget elementor-widget-posts\" data-id=\"e96ed3a\" data-element_type=\"widget\" id=\"seccion-noticia2\" data-widget_type=\"posts.custom\">\n\t\t\t\t<div class=\"elementor-widget-container\">\n\t\t\t \t\t<\/div>\n\t\t\t\t<\/div>\n\t\t\t\t\t<\/div>\n\t\t<\/div>\n\t\t\t\t\t<\/div>\n\t\t<\/section>\n\t\t\t\t<section class=\"elementor-section elementor-inner-section elementor-element elementor-element-307e1de elementor-section-boxed elementor-section-height-default elementor-section-height-default\" data-id=\"307e1de\" data-element_type=\"section\">\n\t\t\t\t\t\t<div class=\"elementor-container elementor-column-gap-default\">\n\t\t\t\t\t<div class=\"elementor-column elementor-col-100 elementor-inner-column elementor-element elementor-element-f40cce0\" data-id=\"f40cce0\" data-element_type=\"column\">\n\t\t\t<div class=\"elementor-widget-wrap elementor-element-populated\">\n\t\t\t\t\t\t<div class=\"elementor-element elementor-element-816f829 elementor-widget elementor-widget-heading\" data-id=\"816f829\" data-element_type=\"widget\" id=\"title-noticias\" data-widget_type=\"heading.default\">\n\t\t\t\t<div class=\"elementor-widget-container\">\n\t\t\t<h2 class=\"elementor-heading-title elementor-size-default\"><a href=\"http:\/\/200.116.213.140\/pagina\/ultimas-noticias\/\" target=\"_blank\">NOTICIAS<\/a><\/h2>\t\t<\/div>\n\t\t\t\t<\/div>\n\t\t\t\t<div class=\"elementor-element elementor-element-607c9f9 elementor-arrows-position-outside anwp-pg-widget-header-style--b anwp-pg-post-teaser__post-icon--size-16 elementor-widget elementor-widget-anwp-pg-classic-slider\" data-id=\"607c9f9\" data-element_type=\"widget\" id=\"item-noticia-carrusel\" data-widget_type=\"anwp-pg-classic-slider.default\">\n\t\t\t\t<div class=\"elementor-widget-container\">\n\t\t\t<div class=\"anwp-pg-wrap\">\n\n\t\n\t<!-- Slider main container -->\n\t<div\n\t\tclass=\"anwp-pg-classic-slider anwp-pg-swiper-wrapper position-static swiper-container anwp-pg-no-transform\"\n\t\tdata-pg-slides-per-view=\"3\"\n\t\tdata-pg-slides-per-view-mobile=\"1\"\n\t\tdata-pg-slides-per-view-tablet=\"2\"\n\t\tdata-pg-slides-per-group=\"1\"\n\t\tdata-pg-slides-per-group-mobile=\"1\"\n\t\tdata-pg-slides-per-group-tablet=\"1\"\n\t\tdata-pg-autoplay=\"yes\"\n\t\tdata-pg-autoplay-delay=\"5000\"\n\t\tdata-pg-space-between=\"20\"\n\t\tdata-pg-effect=\"slide\"\n\t\tdata-pg-show-read-more=\"\"\n\t\tdir=\"ltr\"\n\t>\n\t\t<!-- Additional required wrapper -->\n\t\t<div class=\"swiper-wrapper\">\n\t\t\t<!-- Slides -->\n\t\t\t<div class=\"anwp-pg-post-teaser anwp-pg-post-teaser--inner-cover-link anwp-pg-post-teaser--layout-d d-flex flex-column swiper-slide\">\n\t<div class=\"anwp-pg-post-teaser__thumbnail position-relative\">\n\n\t\t\t\t\t<div class=\"anwp-pg-post-teaser__top-meta d-flex flex-column anwp-pg-post-teaser__category-column mr-auto\">\n\t\t\t\t<div class=\"anwp-pg-category__wrapper-filled px-2 d-flex align-items-center anwp-pg-post-teaser__category-wrapper align-self-start\" style=\"background-color: #1565C0\"><span>Noticias<\/span><\/div>\t\t\t<\/div>\n\t\t\t\n\t\t\n\t\t<div class=\"anwp-pg-post-teaser__thumbnail-img anwp-pg-height-180\"\n\t\t\tstyle=\"background-image: url(http:\/\/8.243.70.68\/pagina\/wp-content\/uploads\/2021\/10\/53313_dia-sin-iva-reactivara-la-economia-local-en-la-ciudad_1024x600-300x200.jpeg)\">\n\t\t<\/div>\n\n\t\t<div class=\"anwp-pg-post-teaser__thumbnail-bg anwp-position-cover\"><\/div>\n\n\t\t<a class=\"anwp-position-cover anwp-link-without-effects\" href=\"http:\/\/8.243.70.68\/pagina\/dia-sin-iva-reactivara-la-economia-local-en-la-ciudad-sql\/\" aria-hidden=\"true\" target=\"_blank\"><\/a>\n\t<\/div>\n\n\t<div class=\"anwp-pg-post-teaser__content flex-grow-1 pt-1 d-flex flex-column\">\n\n\t\t<div class=\"anwp-pg-post-teaser__title anwp-font-heading mt-2\">\n\t\t\t<a class=\"anwp-link-without-effects\" href=\"http:\/\/8.243.70.68\/pagina\/dia-sin-iva-reactivara-la-economia-local-en-la-ciudad-sql\/\" aria-hidden=\"true\" target=\"_blank\">\n\t\t\t\t\u201cD\u00cdA SIN IVA REACTIVAR\u00c1 LA ECONOM\u00cdA LOCAL EN LA CIUDAD\u201d JAIRO Y\u00c1\u00d1EZ\t\t\t<\/a>\n\t\t<\/div>\n\n\t\t<div class=\"anwp-pg-post-teaser__bottom-meta d-flex flex-wrap\">\n\n\t\t\t\t\t<\/div>\n\n\t\t\t\t\t<div class=\"anwp-pg-post-teaser__excerpt mb-2\">La primera jornada de d\u00eda sin IVA se desarrollar\u00e1 el pr\u00f3ximo jueves 28 de octubre en la ciudad.Acopi, Fenalco, C\u00e1mara de Comercio y La Gobernaci\u00f3n de Norte de Santander se ...<\/div>\n\t\t\n\t\t\n\t<\/div>\n\n<\/div>\n<div class=\"anwp-pg-post-teaser anwp-pg-post-teaser--inner-cover-link anwp-pg-post-teaser--layout-d d-flex flex-column swiper-slide\">\n\t<div class=\"anwp-pg-post-teaser__thumbnail position-relative\">\n\n\t\t\t\t\t<div class=\"anwp-pg-post-teaser__top-meta d-flex flex-column anwp-pg-post-teaser__category-column mr-auto\">\n\t\t\t\t<div class=\"anwp-pg-category__wrapper-filled px-2 d-flex align-items-center anwp-pg-post-teaser__category-wrapper align-self-start\" style=\"background-color: #1565C0\"><span>Noticias<\/span><\/div>\t\t\t<\/div>\n\t\t\t\n\t\t\n\t\t<div class=\"anwp-pg-post-teaser__thumbnail-img anwp-pg-height-180\"\n\t\t\tstyle=\"background-image: url(http:\/\/8.243.70.68\/pagina\/wp-content\/uploads\/2021\/10\/53312_alcaldia-de-cucuta-invita-a-recicladores-al-censo-del_1024x600-300x200.jpg)\">\n\t\t<\/div>\n\n\t\t<div class=\"anwp-pg-post-teaser__thumbnail-bg anwp-position-cover\"><\/div>\n\n\t\t<a class=\"anwp-position-cover anwp-link-without-effects\" href=\"http:\/\/8.243.70.68\/pagina\/alcaldia-de-cucuta-invita-a-recicladores-al-censo-del-sql\/\" aria-hidden=\"true\" target=\"_blank\"><\/a>\n\t<\/div>\n\n\t<div class=\"anwp-pg-post-teaser__content flex-grow-1 pt-1 d-flex flex-column\">\n\n\t\t<div class=\"anwp-pg-post-teaser__title anwp-font-heading mt-2\">\n\t\t\t<a class=\"anwp-link-without-effects\" href=\"http:\/\/8.243.70.68\/pagina\/alcaldia-de-cucuta-invita-a-recicladores-al-censo-del-sql\/\" aria-hidden=\"true\" target=\"_blank\">\n\t\t\t\tALCALD\u00cdA DE C\u00daCUTA INVITA A RECICLADORES AL CENSO DEL 22 DE OCTUBRE\t\t\t<\/a>\n\t\t<\/div>\n\n\t\t<div class=\"anwp-pg-post-teaser__bottom-meta d-flex flex-wrap\">\n\n\t\t\t\t\t<\/div>\n\n\t\t\t\t\t<div class=\"anwp-pg-post-teaser__excerpt mb-2\">Los recicladores que sean censados pueden acceder a los programas de carnetizaci\u00f3n y capacitaciones.La jornada se llevar\u00e1 a cabo el 22 de octubre en el Palacio Municipal.El a\u00f1o pasado, la ...<\/div>\n\t\t\n\t\t\n\t<\/div>\n\n<\/div>\n<div class=\"anwp-pg-post-teaser anwp-pg-post-teaser--inner-cover-link anwp-pg-post-teaser--layout-d d-flex flex-column swiper-slide\">\n\t<div class=\"anwp-pg-post-teaser__thumbnail position-relative\">\n\n\t\t\t\t\t<div class=\"anwp-pg-post-teaser__top-meta d-flex flex-column anwp-pg-post-teaser__category-column mr-auto\">\n\t\t\t\t<div class=\"anwp-pg-category__wrapper-filled px-2 d-flex align-items-center anwp-pg-post-teaser__category-wrapper align-self-start\" style=\"background-color: #1565C0\"><span>Noticias<\/span><\/div>\t\t\t<\/div>\n\t\t\t\n\t\t\n\t\t<div class=\"anwp-pg-post-teaser__thumbnail-img anwp-pg-height-180\"\n\t\t\tstyle=\"background-image: url(http:\/\/8.243.70.68\/pagina\/wp-content\/uploads\/2021\/10\/53311_alcaldia-de-cucuta-aclara-situacion-contractual-de-jovenes_1024x600-300x200.jpg)\">\n\t\t<\/div>\n\n\t\t<div class=\"anwp-pg-post-teaser__thumbnail-bg anwp-position-cover\"><\/div>\n\n\t\t<a class=\"anwp-position-cover anwp-link-without-effects\" href=\"http:\/\/8.243.70.68\/pagina\/alcaldia-de-cucuta-aclara-situacion-contractual-de-jovenes-sql\/\" aria-hidden=\"true\" target=\"_blank\"><\/a>\n\t<\/div>\n\n\t<div class=\"anwp-pg-post-teaser__content flex-grow-1 pt-1 d-flex flex-column\">\n\n\t\t<div class=\"anwp-pg-post-teaser__title anwp-font-heading mt-2\">\n\t\t\t<a class=\"anwp-link-without-effects\" href=\"http:\/\/8.243.70.68\/pagina\/alcaldia-de-cucuta-aclara-situacion-contractual-de-jovenes-sql\/\" aria-hidden=\"true\" target=\"_blank\">\n\t\t\t\tALCALD\u00cdA DE C\u00daCUTA ACLARA SITUACI\u00d3N CONTRACTUAL DE J\u00d3VENES BENEFICIADOS DEL PROGRAMA \u201cEMPLEO JOVEN\u201d\t\t\t<\/a>\n\t\t<\/div>\n\n\t\t<div class=\"anwp-pg-post-teaser__bottom-meta d-flex flex-wrap\">\n\n\t\t\t\t\t<\/div>\n\n\t\t\t\t\t<div class=\"anwp-pg-post-teaser__excerpt mb-2\">130 j\u00f3venes fueron beneficiados del programa \u201cEmpleo Joven\u201d en la ciudad de C\u00facuta. Mediante orden de pago n\u00ba 00007013 la alcald\u00eda municipal procedi\u00f3 a girar los recursos correspondientes al 40% ...<\/div>\n\t\t\n\t\t\n\t<\/div>\n\n<\/div>\n<div class=\"anwp-pg-post-teaser anwp-pg-post-teaser--inner-cover-link anwp-pg-post-teaser--layout-d d-flex flex-column swiper-slide\">\n\t<div class=\"anwp-pg-post-teaser__thumbnail position-relative\">\n\n\t\t\t\t\t<div class=\"anwp-pg-post-teaser__top-meta d-flex flex-column anwp-pg-post-teaser__category-column mr-auto\">\n\t\t\t\t<div class=\"anwp-pg-category__wrapper-filled px-2 d-flex align-items-center anwp-pg-post-teaser__category-wrapper align-self-start\" style=\"background-color: #1565C0\"><span>Noticias<\/span><\/div>\t\t\t<\/div>\n\t\t\t\n\t\t\n\t\t<div class=\"anwp-pg-post-teaser__thumbnail-img anwp-pg-height-180\"\n\t\t\tstyle=\"background-image: url(http:\/\/8.243.70.68\/pagina\/wp-content\/uploads\/2021\/10\/53310_alcaldia-de-cucuta-decreta-medidas-ante-las-manifestaciones_1024x600-300x200.jpg)\">\n\t\t<\/div>\n\n\t\t<div class=\"anwp-pg-post-teaser__thumbnail-bg anwp-position-cover\"><\/div>\n\n\t\t<a class=\"anwp-position-cover anwp-link-without-effects\" href=\"http:\/\/8.243.70.68\/pagina\/alcaldia-de-cucuta-decreta-medidas-ante-las-manifestaciones-sql\/\" aria-hidden=\"true\" target=\"_blank\"><\/a>\n\t<\/div>\n\n\t<div class=\"anwp-pg-post-teaser__content flex-grow-1 pt-1 d-flex flex-column\">\n\n\t\t<div class=\"anwp-pg-post-teaser__title anwp-font-heading mt-2\">\n\t\t\t<a class=\"anwp-link-without-effects\" href=\"http:\/\/8.243.70.68\/pagina\/alcaldia-de-cucuta-decreta-medidas-ante-las-manifestaciones-sql\/\" aria-hidden=\"true\" target=\"_blank\">\n\t\t\t\tALCALD\u00cdA DE C\u00daCUTA DECRETA MEDIDAS ANTE LAS MANIFESTACIONES PAC\u00cdFICAS PROGRAMADAS ESTE JUEVES 21 DE OCTUBRE\t\t\t<\/a>\n\t\t<\/div>\n\n\t\t<div class=\"anwp-pg-post-teaser__bottom-meta d-flex flex-wrap\">\n\n\t\t\t\t\t<\/div>\n\n\t\t\t\t\t<div class=\"anwp-pg-post-teaser__excerpt mb-2\">El alcalde de C\u00facuta, Jairo Y\u00e1\u00f1ez, expidi\u00f3 el decreto 0293 del 20 de octubre de 2021 que dicta las medidas especiales para preservar el orden p\u00fablico, respeto y garant\u00eda a ...<\/div>\n\t\t\n\t\t\n\t<\/div>\n\n<\/div>\n<div class=\"anwp-pg-post-teaser anwp-pg-post-teaser--inner-cover-link anwp-pg-post-teaser--layout-d d-flex flex-column swiper-slide\">\n\t<div class=\"anwp-pg-post-teaser__thumbnail position-relative\">\n\n\t\t\t\t\t<div class=\"anwp-pg-post-teaser__top-meta d-flex flex-column anwp-pg-post-teaser__category-column mr-auto\">\n\t\t\t\t<div class=\"anwp-pg-category__wrapper-filled px-2 d-flex align-items-center anwp-pg-post-teaser__category-wrapper align-self-start\" style=\"background-color: #1565C0\"><span>Noticias<\/span><\/div>\t\t\t<\/div>\n\t\t\t\n\t\t\n\t\t<div class=\"anwp-pg-post-teaser__thumbnail-img anwp-pg-height-180\"\n\t\t\tstyle=\"background-image: url(http:\/\/8.243.70.68\/pagina\/wp-content\/uploads\/2021\/10\/53307_la-alcaldia-de-cucuta-realizo-el-lanzamiento-del-consejo_1024x600-300x200.jpg)\">\n\t\t<\/div>\n\n\t\t<div class=\"anwp-pg-post-teaser__thumbnail-bg anwp-position-cover\"><\/div>\n\n\t\t<a class=\"anwp-position-cover anwp-link-without-effects\" href=\"http:\/\/8.243.70.68\/pagina\/la-alcaldia-de-cucuta-realizo-el-lanzamiento-del-consejo-sql\/\" aria-hidden=\"true\" target=\"_blank\"><\/a>\n\t<\/div>\n\n\t<div class=\"anwp-pg-post-teaser__content flex-grow-1 pt-1 d-flex flex-column\">\n\n\t\t<div class=\"anwp-pg-post-teaser__title anwp-font-heading mt-2\">\n\t\t\t<a class=\"anwp-link-without-effects\" href=\"http:\/\/8.243.70.68\/pagina\/la-alcaldia-de-cucuta-realizo-el-lanzamiento-del-consejo-sql\/\" aria-hidden=\"true\" target=\"_blank\">\n\t\t\t\tLA ALCALD\u00cdA DE C\u00daCUTA REALIZ\u00d3 EL LANZAMIENTO DEL CONSEJO MUNICIPAL DE JUVENTUD\t\t\t<\/a>\n\t\t<\/div>\n\n\t\t<div class=\"anwp-pg-post-teaser__bottom-meta d-flex flex-wrap\">\n\n\t\t\t\t\t<\/div>\n\n\t\t\t\t\t<div class=\"anwp-pg-post-teaser__excerpt mb-2\">Bajo los lineamientos del Gobierno Nacional, la Alcald\u00eda de C\u00facuta, a trav\u00e9s de la subsecretar\u00eda de Juventud, en conjunto con la Registradur\u00eda Nacional, la Defensor\u00eda del Pueblo, la Personer\u00eda<\/div>\n\t\t\n\t\t\n\t<\/div>\n\n<\/div>\n<div class=\"anwp-pg-post-teaser anwp-pg-post-teaser--inner-cover-link anwp-pg-post-teaser--layout-d d-flex flex-column swiper-slide\">\n\t<div class=\"anwp-pg-post-teaser__thumbnail position-relative\">\n\n\t\t\t\t\t<div class=\"anwp-pg-post-teaser__top-meta d-flex flex-column anwp-pg-post-teaser__category-column mr-auto\">\n\t\t\t\t<div class=\"anwp-pg-category__wrapper-filled px-2 d-flex align-items-center anwp-pg-post-teaser__category-wrapper align-self-start\" style=\"background-color: #1565C0\"><span>Noticias<\/span><\/div>\t\t\t<\/div>\n\t\t\t\n\t\t\n\t\t<div class=\"anwp-pg-post-teaser__thumbnail-img anwp-pg-height-180\"\n\t\t\tstyle=\"background-image: url(http:\/\/8.243.70.68\/pagina\/wp-content\/uploads\/2021\/10\/53306_alcaldia-de-cucuta-presente-en-el-encuentro-internacional_1024x600-300x111.jpeg)\">\n\t\t<\/div>\n\n\t\t<div class=\"anwp-pg-post-teaser__thumbnail-bg anwp-position-cover\"><\/div>\n\n\t\t<a class=\"anwp-position-cover anwp-link-without-effects\" href=\"http:\/\/8.243.70.68\/pagina\/alcaldia-de-cucuta-presente-en-el-encuentro-internacional-sql\/\" aria-hidden=\"true\" target=\"_blank\"><\/a>\n\t<\/div>\n\n\t<div class=\"anwp-pg-post-teaser__content flex-grow-1 pt-1 d-flex flex-column\">\n\n\t\t<div class=\"anwp-pg-post-teaser__title anwp-font-heading mt-2\">\n\t\t\t<a class=\"anwp-link-without-effects\" href=\"http:\/\/8.243.70.68\/pagina\/alcaldia-de-cucuta-presente-en-el-encuentro-internacional-sql\/\" aria-hidden=\"true\" target=\"_blank\">\n\t\t\t\tALCALD\u00cdA DE C\u00daCUTA, PRESENTE EN EL ENCUENTRO INTERNACIONAL DE LA ARCILLA, LA CER\u00c1MICA Y LA CONSTRUCCI\u00d3N 2021\t\t\t<\/a>\n\t\t<\/div>\n\n\t\t<div class=\"anwp-pg-post-teaser__bottom-meta d-flex flex-wrap\">\n\n\t\t\t\t\t<\/div>\n\n\t\t\t\t\t<div class=\"anwp-pg-post-teaser__excerpt mb-2\">El 21 y 22 de octubre se llevar\u00e1 a cabo el evento que contar\u00e1 con una agenda acad\u00e9mica e invitados especiales de cinco pa\u00edses. En el marco del evento se ...<\/div>\n\t\t\n\t\t\n\t<\/div>\n\n<\/div>\n<div class=\"anwp-pg-post-teaser anwp-pg-post-teaser--inner-cover-link anwp-pg-post-teaser--layout-d d-flex flex-column swiper-slide\">\n\t<div class=\"anwp-pg-post-teaser__thumbnail position-relative\">\n\n\t\t\t\t\t<div class=\"anwp-pg-post-teaser__top-meta d-flex flex-column anwp-pg-post-teaser__category-column mr-auto\">\n\t\t\t\t<div class=\"anwp-pg-category__wrapper-filled px-2 d-flex align-items-center anwp-pg-post-teaser__category-wrapper align-self-start\" style=\"background-color: #1565C0\"><span>Noticias<\/span><\/div>\t\t\t<\/div>\n\t\t\t\n\t\t\n\t\t<div class=\"anwp-pg-post-teaser__thumbnail-img anwp-pg-height-180\"\n\t\t\tstyle=\"background-image: url(http:\/\/8.243.70.68\/pagina\/wp-content\/uploads\/2021\/10\/53301_yomebancarizo-el-programa-de-la-alcaldia-de-cucuta-que_1024x600-300x200.jpeg)\">\n\t\t<\/div>\n\n\t\t<div class=\"anwp-pg-post-teaser__thumbnail-bg anwp-position-cover\"><\/div>\n\n\t\t<a class=\"anwp-position-cover anwp-link-without-effects\" href=\"http:\/\/8.243.70.68\/pagina\/yomebancarizo-el-programa-de-la-alcaldia-de-cucuta-que-sql\/\" aria-hidden=\"true\" target=\"_blank\"><\/a>\n\t<\/div>\n\n\t<div class=\"anwp-pg-post-teaser__content flex-grow-1 pt-1 d-flex flex-column\">\n\n\t\t<div class=\"anwp-pg-post-teaser__title anwp-font-heading mt-2\">\n\t\t\t<a class=\"anwp-link-without-effects\" href=\"http:\/\/8.243.70.68\/pagina\/yomebancarizo-el-programa-de-la-alcaldia-de-cucuta-que-sql\/\" aria-hidden=\"true\" target=\"_blank\">\n\t\t\t\t#YOMEBANCARIZO, EL PROGRAMA DE LA ALCALD\u00cdA DE C\u00daCUTA QUE IMPULSA LA CULTURA DEL PAGO DIGITAL EN LA CIUDAD\t\t\t<\/a>\n\t\t<\/div>\n\n\t\t<div class=\"anwp-pg-post-teaser__bottom-meta d-flex flex-wrap\">\n\n\t\t\t\t\t<\/div>\n\n\t\t\t\t\t<div class=\"anwp-pg-post-teaser__excerpt mb-2\">Promover la reactivaci\u00f3n econ\u00f3mica, la formalizaci\u00f3n y la bancarizaci\u00f3n de microempresarios formales e informales de C\u00facuta, es la principal apuesta del programa #YOMEBANCARIZO2021.Al 30 de<\/div>\n\t\t\n\t\t\n\t<\/div>\n\n<\/div>\n<div class=\"anwp-pg-post-teaser anwp-pg-post-teaser--inner-cover-link anwp-pg-post-teaser--layout-d d-flex flex-column swiper-slide\">\n\t<div class=\"anwp-pg-post-teaser__thumbnail position-relative\">\n\n\t\t\t\t\t<div class=\"anwp-pg-post-teaser__top-meta d-flex flex-column anwp-pg-post-teaser__category-column mr-auto\">\n\t\t\t\t<div class=\"anwp-pg-category__wrapper-filled px-2 d-flex align-items-center anwp-pg-post-teaser__category-wrapper align-self-start\" style=\"background-color: #1565C0\"><span>Noticias<\/span><\/div>\t\t\t<\/div>\n\t\t\t\n\t\t\n\t\t<div class=\"anwp-pg-post-teaser__thumbnail-img anwp-pg-height-180\"\n\t\t\tstyle=\"background-image: url(http:\/\/8.243.70.68\/pagina\/wp-content\/uploads\/2021\/10\/53299_de-inmigrante-a-sembrar-el-campo-cucuteno_1024x600-300x165.jpg)\">\n\t\t<\/div>\n\n\t\t<div class=\"anwp-pg-post-teaser__thumbnail-bg anwp-position-cover\"><\/div>\n\n\t\t<a class=\"anwp-position-cover anwp-link-without-effects\" href=\"http:\/\/8.243.70.68\/pagina\/de-inmigrante-a-sembrar-el-campo-cucuteno-sql\/\" aria-hidden=\"true\" target=\"_blank\"><\/a>\n\t<\/div>\n\n\t<div class=\"anwp-pg-post-teaser__content flex-grow-1 pt-1 d-flex flex-column\">\n\n\t\t<div class=\"anwp-pg-post-teaser__title anwp-font-heading mt-2\">\n\t\t\t<a class=\"anwp-link-without-effects\" href=\"http:\/\/8.243.70.68\/pagina\/de-inmigrante-a-sembrar-el-campo-cucuteno-sql\/\" aria-hidden=\"true\" target=\"_blank\">\n\t\t\t\tDe inmigrante a sembrar el campo cucute\u00f1o\t\t\t<\/a>\n\t\t<\/div>\n\n\t\t<div class=\"anwp-pg-post-teaser__bottom-meta d-flex flex-wrap\">\n\n\t\t\t\t\t<\/div>\n\n\t\t\t\t\t<div class=\"anwp-pg-post-teaser__excerpt mb-2\">Xiomara Cadena Morocoima sali\u00f3 de Venezuela en el a\u00f1o 2019 por la crisis humanitaria y social que se vive en ese pa\u00eds.\u00a0 Diariamente miles de venezolanas salen en b\u00fasqueda de ...<\/div>\n\t\t\n\t\t\n\t<\/div>\n\n<\/div>\n<div class=\"anwp-pg-post-teaser anwp-pg-post-teaser--inner-cover-link anwp-pg-post-teaser--layout-d d-flex flex-column swiper-slide\">\n\t<div class=\"anwp-pg-post-teaser__thumbnail position-relative\">\n\n\t\t\t\t\t<div class=\"anwp-pg-post-teaser__top-meta d-flex flex-column anwp-pg-post-teaser__category-column mr-auto\">\n\t\t\t\t<div class=\"anwp-pg-category__wrapper-filled px-2 d-flex align-items-center anwp-pg-post-teaser__category-wrapper align-self-start\" style=\"background-color: #1565C0\"><span>Noticias<\/span><\/div>\t\t\t<\/div>\n\t\t\t\n\t\t\n\t\t<div class=\"anwp-pg-post-teaser__thumbnail-img anwp-pg-height-180\"\n\t\t\tstyle=\"background-image: url(http:\/\/8.243.70.68\/pagina\/wp-content\/uploads\/2021\/10\/53296_asociacion-integrada-de-mujeres-campesinas-siembra-y_1024x600-300x200.jpg)\">\n\t\t<\/div>\n\n\t\t<div class=\"anwp-pg-post-teaser__thumbnail-bg anwp-position-cover\"><\/div>\n\n\t\t<a class=\"anwp-position-cover anwp-link-without-effects\" href=\"http:\/\/8.243.70.68\/pagina\/asociacion-integrada-de-mujeres-campesinas-siembra-y-sql\/\" aria-hidden=\"true\" target=\"_blank\"><\/a>\n\t<\/div>\n\n\t<div class=\"anwp-pg-post-teaser__content flex-grow-1 pt-1 d-flex flex-column\">\n\n\t\t<div class=\"anwp-pg-post-teaser__title anwp-font-heading mt-2\">\n\t\t\t<a class=\"anwp-link-without-effects\" href=\"http:\/\/8.243.70.68\/pagina\/asociacion-integrada-de-mujeres-campesinas-siembra-y-sql\/\" aria-hidden=\"true\" target=\"_blank\">\n\t\t\t\tAsociaci\u00f3n integrada de mujeres campesinas siembra y cosecha el campo en C\u00facuta\t\t\t<\/a>\n\t\t<\/div>\n\n\t\t<div class=\"anwp-pg-post-teaser__bottom-meta d-flex flex-wrap\">\n\n\t\t\t\t\t<\/div>\n\n\t\t\t\t\t<div class=\"anwp-pg-post-teaser__excerpt mb-2\">La asociaci\u00f3n de emprendedoras de la vereda el Suspiro naci\u00f3 hace 12 a\u00f1os por iniciativa de varias mujeres de la regi\u00f3n.\u00a0 Arar la tierra, cultivar, limpiar, y cosechar son acciones ...<\/div>\n\t\t\n\t\t\n\t<\/div>\n\n<\/div>\n<div class=\"anwp-pg-post-teaser anwp-pg-post-teaser--inner-cover-link anwp-pg-post-teaser--layout-d d-flex flex-column swiper-slide\">\n\t<div class=\"anwp-pg-post-teaser__thumbnail position-relative\">\n\n\t\t\t\t\t<div class=\"anwp-pg-post-teaser__top-meta d-flex flex-column anwp-pg-post-teaser__category-column mr-auto\">\n\t\t\t\t<div class=\"anwp-pg-category__wrapper-filled px-2 d-flex align-items-center anwp-pg-post-teaser__category-wrapper align-self-start\" style=\"background-color: #1565C0\"><span>Noticias<\/span><\/div>\t\t\t<\/div>\n\t\t\t\n\t\t\n\t\t<div class=\"anwp-pg-post-teaser__thumbnail-img anwp-pg-height-180\"\n\t\t\tstyle=\"background-image: url(http:\/\/8.243.70.68\/pagina\/wp-content\/uploads\/2021\/10\/53291_la-alcaldia-de-cucuta-habilita-la-totalidad-de-vias_1024x600-300x169.jpg)\">\n\t\t<\/div>\n\n\t\t<div class=\"anwp-pg-post-teaser__thumbnail-bg anwp-position-cover\"><\/div>\n\n\t\t<a class=\"anwp-position-cover anwp-link-without-effects\" href=\"http:\/\/8.243.70.68\/pagina\/la-alcaldia-de-cucuta-habilita-la-totalidad-de-vias-sql\/\" aria-hidden=\"true\" target=\"_blank\"><\/a>\n\t<\/div>\n\n\t<div class=\"anwp-pg-post-teaser__content flex-grow-1 pt-1 d-flex flex-column\">\n\n\t\t<div class=\"anwp-pg-post-teaser__title anwp-font-heading mt-2\">\n\t\t\t<a class=\"anwp-link-without-effects\" href=\"http:\/\/8.243.70.68\/pagina\/la-alcaldia-de-cucuta-habilita-la-totalidad-de-vias-sql\/\" aria-hidden=\"true\" target=\"_blank\">\n\t\t\t\tLA ALCALD\u00cdA DE C\u00daCUTA HABILITA LA TOTALIDAD DE V\u00cdAS EN El VIADUCTO BRISAS DEL PAMPLONITA\t\t\t<\/a>\n\t\t<\/div>\n\n\t\t<div class=\"anwp-pg-post-teaser__bottom-meta d-flex flex-wrap\">\n\n\t\t\t\t\t<\/div>\n\n\t\t\t\t\t<div class=\"anwp-pg-post-teaser__excerpt mb-2\">Las v\u00edas habilitadas de manera parcial permitir\u00e1n el tr\u00e1fico vehicular entre la rotonda de San Mateo y el barrio San Luis, utilizando el puente y las intersecciones viales debajo del ...<\/div>\n\t\t\n\t\t\n\t<\/div>\n\n<\/div>\n\t\t<\/div>\n\n\t\t\t\t\t\t\t\t\t\t\t\t<div class=\"elementor-swiper-button elementor-swiper-button-prev\">\n\t\t\t\t\t<i class=\"eicon-chevron-left\" aria-hidden=\"true\"><\/i>\n\t\t\t\t\t<span class=\"elementor-screen-only\">Previous<\/span>\n\t\t\t\t<\/div>\n\t\t\t\t<div class=\"elementor-swiper-button elementor-swiper-button-next\">\n\t\t\t\t\t<i class=\"eicon-chevron-right\" aria-hidden=\"true\"><\/i>\n\t\t\t\t\t<span class=\"elementor-screen-only\">Next<\/span>\n\t\t\t\t<\/div>\n\t\t\t\t\t\t<\/div>\n<\/div>\n\t\t<\/div>\n\t\t\t\t<\/div>\n\t\t\t\t<div class=\"elementor-element elementor-element-2ec2114 elementor-widget elementor-widget-spacer\" data-id=\"2ec2114\" data-element_type=\"widget\" data-widget_type=\"spacer.default\">\n\t\t\t\t<div class=\"elementor-widget-container\">\n\t\t\t\t\t<div class=\"elementor-spacer\">\n\t\t\t<div class=\"elementor-spacer-inner\"><\/div>\n\t\t<\/div>\n\t\t\t\t<\/div>\n\t\t\t\t<\/div>\n\t\t\t\t\t<\/div>\n\t\t<\/div>\n\t\t\t\t\t<\/div>\n\t\t<\/section>\n\t\t\t\t<section class=\"elementor-section elementor-inner-section elementor-element elementor-element-34a1b7b elementor-section-boxed elementor-section-height-default elementor-section-height-default\" data-id=\"34a1b7b\" data-element_type=\"section\">\n\t\t\t\t\t\t<div class=\"elementor-container elementor-column-gap-default\">\n\t\t\t\t\t<div class=\"elementor-column elementor-col-100 elementor-inner-column elementor-element elementor-element-bdd3c98\" data-id=\"bdd3c98\" data-element_type=\"column\">\n\t\t\t<div class=\"elementor-widget-wrap elementor-element-populated\">\n\t\t\t\t\t\t<div class=\"elementor-element elementor-element-1c1d92a elementor-widget elementor-widget-heading\" data-id=\"1c1d92a\" data-element_type=\"widget\" id=\"title-que-hacer\" data-widget_type=\"heading.default\">\n\t\t\t\t<div class=\"elementor-widget-container\">\n\t\t\t<h2 class=\"elementor-heading-title elementor-size-default\"><a href=\"http:\/\/200.116.213.140\/pagina\/que-hacer\/\" target=\"_blank\">\u00bfQU\u00c9 HACER?<\/a><\/h2>\t\t<\/div>\n\t\t\t\t<\/div>\n\t\t\t\t\t<\/div>\n\t\t<\/div>\n\t\t\t\t\t<\/div>\n\t\t<\/section>\n\t\t\t\t<section class=\"elementor-section elementor-inner-section elementor-element elementor-element-b6eb796 elementor-section-boxed elementor-section-height-default elementor-section-height-default\" data-id=\"b6eb796\" data-element_type=\"section\">\n\t\t\t\t\t\t<div class=\"elementor-container elementor-column-gap-default\">\n\t\t\t\t\t<div class=\"elementor-column elementor-col-100 elementor-inner-column elementor-element elementor-element-a2161de\" data-id=\"a2161de\" data-element_type=\"column\">\n\t\t\t<div class=\"elementor-widget-wrap elementor-element-populated\">\n\t\t\t\t\t\t<div class=\"elementor-element elementor-element-4e33eaf elementor-widget elementor-widget-ect-addon\" data-id=\"4e33eaf\" data-element_type=\"widget\" data-widget_type=\"ect-addon.default\">\n\t\t\t\t<div class=\"elementor-widget-container\">\n\t\t\t<div class=\"ect-elementor-shortcode ect-free-addon\"><div id=\"ect-no-events\"><p><span class=\"ect-icon\"><i class=\"ect-icon-bell\"><\/i><\/span>There are no upcoming events at this time<\/p><\/div><\/div>\t\t<\/div>\n\t\t\t\t<\/div>\n\t\t\t\t\t<\/div>\n\t\t<\/div>\n\t\t\t\t\t<\/div>\n\t\t<\/section>\n\t\t\t\t<div class=\"elementor-element elementor-element-ed11f15 elementor-widget elementor-widget-spacer\" data-id=\"ed11f15\" data-element_type=\"widget\" data-widget_type=\"spacer.default\">\n\t\t\t\t<div class=\"elementor-widget-container\">\n\t\t\t\t\t<div class=\"elementor-spacer\">\n\t\t\t<div class=\"elementor-spacer-inner\"><\/div>\n\t\t<\/div>\n\t\t\t\t<\/div>\n\t\t\t\t<\/div>\n\t\t\t\t<section class=\"elementor-section elementor-inner-section elementor-element elementor-element-79f4bd4 elementor-section-boxed elementor-section-height-default elementor-section-height-default\" data-id=\"79f4bd4\" data-element_type=\"section\" id=\"id_encuesta\" data-settings=\"{&quot;background_background&quot;:&quot;classic&quot;}\">\n\t\t\t\t\t\t<div class=\"elementor-container elementor-column-gap-default\">\n\t\t\t\t\t<div class=\"elementor-column elementor-col-50 elementor-inner-column elementor-element elementor-element-a1675e0\" data-id=\"a1675e0\" data-element_type=\"column\">\n\t\t\t<div class=\"elementor-widget-wrap elementor-element-populated\">\n\t\t\t\t\t\t<div class=\"elementor-element elementor-element-cbebf6f elementor-widget elementor-widget-heading\" data-id=\"cbebf6f\" data-element_type=\"widget\" data-widget_type=\"heading.default\">\n\t\t\t\t<div class=\"elementor-widget-container\">\n\t\t\t<h2 class=\"elementor-heading-title elementor-size-default\">\u00bfQU\u00c9 ESTA BUSCANDO?<\/h2>\t\t<\/div>\n\t\t\t\t<\/div>\n\t\t\t\t<div class=\"elementor-element elementor-element-b5cc472 elementor-widget elementor-widget-heading\" data-id=\"b5cc472\" data-element_type=\"widget\" data-widget_type=\"heading.default\">\n\t\t\t\t<div class=\"elementor-widget-container\">\n\t\t\t<h2 class=\"elementor-heading-title elementor-size-default\">VISITE NUESTRA GU\u00cdA DE TR\u00c1MITES Y SERVICIOS<\/h2>\t\t<\/div>\n\t\t\t\t<\/div>\n\t\t\t\t\t<\/div>\n\t\t<\/div>\n\t\t\t\t<div class=\"elementor-column elementor-col-50 elementor-inner-column elementor-element elementor-element-3eb2d3c\" data-id=\"3eb2d3c\" data-element_type=\"column\">\n\t\t\t<div class=\"elementor-widget-wrap elementor-element-populated\">\n\t\t\t\t\t\t<div class=\"elementor-element elementor-element-938d3be elementor-hidden-phone elementor-widget elementor-widget-image\" data-id=\"938d3be\" data-element_type=\"widget\" data-widget_type=\"image.default\">\n\t\t\t\t<div class=\"elementor-widget-container\">\n\t\t\t\t\t\t\t\t\t\t\t\t\t<img decoding=\"async\" width=\"290\" height=\"87\" src=\"http:\/\/8.243.70.68\/pagina\/wp-content\/uploads\/2021\/08\/PARTICIPA-1.png\" class=\"attachment-large size-large wp-image-1899\" alt=\"\" \/>\t\t\t\t\t\t\t\t\t\t\t\t\t<\/div>\n\t\t\t\t<\/div>\n\t\t\t\t<div class=\"elementor-element elementor-element-d05a794 elementor-widget elementor-widget-shortcode\" data-id=\"d05a794\" data-element_type=\"widget\" id=\"votar\" data-widget_type=\"shortcode.default\">\n\t\t\t\t<div class=\"elementor-widget-container\">\n\t\t\t\t\t<div class=\"elementor-shortcode\"><div id=\"polls-3\" class=\"wp-polls\">\n\t<form id=\"polls_form_3\" class=\"wp-polls-form\" action=\"\/pagina\/index.php\" method=\"post\">\n\t\t<p style=\"display: none;\"><input type=\"hidden\" id=\"poll_3_nonce\" name=\"wp-polls-nonce\" value=\"f89c29262a\" \/><\/p>\n\t\t<p style=\"display: none;\"><input type=\"hidden\" name=\"poll_id\" value=\"3\" \/><\/p>\n\t\t<p style=\"text-align: center;\"><strong>\u00bfCU\u00c1L CONSIDERA QUE ES EL \u00cdCONO M\u00c1S REPRESENTATIVO DE C\u00daCUTA?<\/strong><\/p><div id=\"polls-3-ans\" class=\"wp-polls-ans\"><ul class=\"wp-polls-ul\">\n\t\t<li><input type=\"radio\" id=\"poll-answer-12\" name=\"poll_3\" value=\"12\" \/> <label for=\"poll-answer-12\">La Torre del Reloj<\/label><\/li>\n\t\t<li><input type=\"radio\" id=\"poll-answer-13\" name=\"poll_3\" value=\"13\" \/> <label for=\"poll-answer-13\">Ferrocarril de C\u00facuta<\/label><\/li>\n\t\t<li><input type=\"radio\" id=\"poll-answer-14\" name=\"poll_3\" value=\"14\" \/> <label for=\"poll-answer-14\">Monumento a la raza motilona<\/label><\/li>\n\t\t<li><input type=\"radio\" id=\"poll-answer-15\" name=\"poll_3\" value=\"15\" \/> <label for=\"poll-answer-15\">El Malec\u00f3n<\/label><\/li>\n\t\t<li><input type=\"radio\" id=\"poll-answer-16\" name=\"poll_3\" value=\"16\" \/> <label for=\"poll-answer-16\">El Cristo Rey<\/label><\/li>\n\t\t<\/ul><p style=\"text-align: center;\"><input type=\"button\" name=\"vote\" value=\"   Vote   \" class=\"Buttons\" onclick=\"poll_vote(3);\" \/><\/p><p style=\"text-align: center;\"><a href=\"#ViewPollResults\" onclick=\"poll_result(3); return false;\" title=\"View Results Of This Poll\">View Results<\/a><\/p><\/div>\n\t<\/form>\n<\/div>\n<div id=\"polls-3-loading\" class=\"wp-polls-loading\"><img decoding=\"async\" src=\"http:\/\/8.243.70.68\/pagina\/wp-content\/plugins\/wp-polls\/images\/loading.gif\" width=\"16\" height=\"16\" alt=\"Loading ...\" title=\"Loading ...\" class=\"wp-polls-image\" \/>&nbsp;Loading ...<\/div>\n<\/div>\n\t\t\t\t<\/div>\n\t\t\t\t<\/div>\n\t\t\t\t\t<\/div>\n\t\t<\/div>\n\t\t\t\t\t<\/div>\n\t\t<\/section>\n\t\t\t\t<section class=\"elementor-section elementor-inner-section elementor-element elementor-element-b2023a9 elementor-section-boxed elementor-section-height-default elementor-section-height-default\" data-id=\"b2023a9\" data-element_type=\"section\">\n\t\t\t\t\t\t<div class=\"elementor-container elementor-column-gap-default\">\n\t\t\t\t\t<div class=\"elementor-column elementor-col-50 elementor-inner-column elementor-element elementor-element-7541e01\" data-id=\"7541e01\" data-element_type=\"column\">\n\t\t\t<div class=\"elementor-widget-wrap\">\n\t\t\t\t\t\t\t<\/div>\n\t\t<\/div>\n\t\t\t\t<div class=\"elementor-column elementor-col-50 elementor-inner-column elementor-element elementor-element-596c973\" data-id=\"596c973\" data-element_type=\"column\">\n\t\t\t<div class=\"elementor-widget-wrap\">\n\t\t\t\t\t\t\t<\/div>\n\t\t<\/div>\n\t\t\t\t\t<\/div>\n\t\t<\/section>\n\t\t\t\t<section class=\"elementor-section elementor-inner-section elementor-element elementor-element-2951bb3 elementor-section-boxed elementor-section-height-default elementor-section-height-default\" data-id=\"2951bb3\" data-element_type=\"section\">\n\t\t\t\t\t\t<div class=\"elementor-container elementor-column-gap-default\">\n\t\t\t\t\t<div class=\"elementor-column elementor-col-100 elementor-inner-column elementor-element elementor-element-ce651ba\" data-id=\"ce651ba\" data-element_type=\"column\">\n\t\t\t<div class=\"elementor-widget-wrap elementor-element-populated\">\n\t\t\t\t\t\t<div class=\"elementor-element elementor-element-a4320f6 elementor-widget elementor-widget-heading\" data-id=\"a4320f6\" data-element_type=\"widget\" id=\"title-asi-vamos\" data-widget_type=\"heading.default\">\n\t\t\t\t<div class=\"elementor-widget-container\">\n\t\t\t<h2 class=\"elementor-heading-title elementor-size-default\"><a href=\"http:\/\/200.116.213.140\/pagina\/asi-vamos\/\" target=\"_blank\">\u00a1AS\u00cd VAMOS!<\/a><\/h2>\t\t<\/div>\n\t\t\t\t<\/div>\n\t\t\t\t\t<\/div>\n\t\t<\/div>\n\t\t\t\t\t<\/div>\n\t\t<\/section>\n\t\t\t\t<section class=\"elementor-section elementor-inner-section elementor-element elementor-element-8835e94 elementor-section-boxed elementor-section-height-default elementor-section-height-default\" data-id=\"8835e94\" data-element_type=\"section\">\n\t\t\t\t\t\t<div class=\"elementor-container elementor-column-gap-default\">\n\t\t\t\t\t<div class=\"elementor-column elementor-col-100 elementor-inner-column elementor-element elementor-element-54b2b30\" data-id=\"54b2b30\" data-element_type=\"column\">\n\t\t\t<div class=\"elementor-widget-wrap elementor-element-populated\">\n\t\t\t\t\t\t<div class=\"elementor-element elementor-element-5ddb119 elementor-widget elementor-widget-posts\" data-id=\"5ddb119\" data-element_type=\"widget\" data-widget_type=\"posts.custom\">\n\t\t\t\t<div class=\"elementor-widget-container\">\n\t\t\t \t\t<\/div>\n\t\t\t\t<\/div>\n\t\t\t\t\t<\/div>\n\t\t<\/div>\n\t\t\t\t\t<\/div>\n\t\t<\/section>\n\t\t\t\t<section class=\"elementor-section elementor-inner-section elementor-element elementor-element-3c5e1af elementor-section-boxed elementor-section-height-default elementor-section-height-default\" data-id=\"3c5e1af\" data-element_type=\"section\">\n\t\t\t\t\t\t<div class=\"elementor-container elementor-column-gap-default\">\n\t\t\t\t\t<div class=\"elementor-column elementor-col-100 elementor-inner-column elementor-element elementor-element-a007382\" data-id=\"a007382\" data-element_type=\"column\">\n\t\t\t<div class=\"elementor-widget-wrap elementor-element-populated\">\n\t\t\t\t\t\t<div class=\"elementor-element elementor-element-7b48d28 elementor-widget elementor-widget-heading\" data-id=\"7b48d28\" data-element_type=\"widget\" id=\"title-especiales\" data-widget_type=\"heading.default\">\n\t\t\t\t<div class=\"elementor-widget-container\">\n\t\t\t<h2 class=\"elementor-heading-title elementor-size-default\">ESPECIALES MULTIMEDIA<\/h2>\t\t<\/div>\n\t\t\t\t<\/div>\n\t\t\t\t\t<\/div>\n\t\t<\/div>\n\t\t\t\t\t<\/div>\n\t\t<\/section>\n\t\t\t\t<section class=\"elementor-section elementor-inner-section elementor-element elementor-element-c1500e4 elementor-section-boxed elementor-section-height-default elementor-section-height-default\" data-id=\"c1500e4\" data-element_type=\"section\">\n\t\t\t\t\t\t<div class=\"elementor-container elementor-column-gap-default\">\n\t\t\t\t\t<div class=\"elementor-column elementor-col-100 elementor-inner-column elementor-element elementor-element-f83692b\" data-id=\"f83692b\" data-element_type=\"column\">\n\t\t\t<div class=\"elementor-widget-wrap elementor-element-populated\">\n\t\t\t\t\t\t<div class=\"elementor-element elementor-element-6cadae7 elementor-widget elementor-widget-posts\" data-id=\"6cadae7\" data-element_type=\"widget\" data-widget_type=\"posts.custom\">\n\t\t\t\t<div class=\"elementor-widget-container\">\n\t\t\t \t\t<\/div>\n\t\t\t\t<\/div>\n\t\t\t\t<div class=\"elementor-element elementor-element-592597e elementor-widget elementor-widget-posts\" data-id=\"592597e\" data-element_type=\"widget\" data-widget_type=\"posts.custom\">\n\t\t\t\t<div class=\"elementor-widget-container\">\n\t\t\t \t\t<\/div>\n\t\t\t\t<\/div>\n\t\t\t\t\t<\/div>\n\t\t<\/div>\n\t\t\t\t\t<\/div>\n\t\t<\/section>\n\t\t\t\t<section class=\"elementor-section elementor-inner-section elementor-element elementor-element-f640bfc elementor-section-boxed elementor-section-height-default elementor-section-height-default\" data-id=\"f640bfc\" data-element_type=\"section\">\n\t\t\t\t\t\t<div class=\"elementor-container elementor-column-gap-default\">\n\t\t\t\t\t<div class=\"elementor-column elementor-col-100 elementor-inner-column elementor-element elementor-element-ade35cc\" data-id=\"ade35cc\" data-element_type=\"column\">\n\t\t\t<div class=\"elementor-widget-wrap elementor-element-populated\">\n\t\t\t\t\t\t<div class=\"elementor-element elementor-element-f5e3124 elementor-widget elementor-widget-heading\" data-id=\"f5e3124\" data-element_type=\"widget\" id=\"ttle-ofertas\" data-widget_type=\"heading.default\">\n\t\t\t\t<div class=\"elementor-widget-container\">\n\t\t\t<h2 class=\"elementor-heading-title elementor-size-default\"><a href=\"http:\/\/200.116.213.140\/pagina\/oferta-de-empleo\/\" target=\"_blank\">OFERTAS DE EMPLEO<\/a><\/h2>\t\t<\/div>\n\t\t\t\t<\/div>\n\t\t\t\t\t<\/div>\n\t\t<\/div>\n\t\t\t\t\t<\/div>\n\t\t<\/section>\n\t\t\t\t<section class=\"elementor-section elementor-inner-section elementor-element elementor-element-440702b elementor-section-boxed elementor-section-height-default elementor-section-height-default\" data-id=\"440702b\" data-element_type=\"section\">\n\t\t\t\t\t\t<div class=\"elementor-container elementor-column-gap-default\">\n\t\t\t\t\t<div class=\"elementor-column elementor-col-100 elementor-inner-column elementor-element elementor-element-5d52f2e\" data-id=\"5d52f2e\" data-element_type=\"column\">\n\t\t\t<div class=\"elementor-widget-wrap elementor-element-populated\">\n\t\t\t\t\t\t<div class=\"elementor-element elementor-element-2a52903 elementor-widget elementor-widget-posts\" data-id=\"2a52903\" data-element_type=\"widget\" data-widget_type=\"posts.custom\">\n\t\t\t\t<div class=\"elementor-widget-container\">\n\t\t\t \t\t<\/div>\n\t\t\t\t<\/div>\n\t\t\t\t<div class=\"elementor-element elementor-element-e00e53e elementor-widget elementor-widget-heading\" data-id=\"e00e53e\" data-element_type=\"widget\" data-widget_type=\"heading.default\">\n\t\t\t\t<div class=\"elementor-widget-container\">\n\t\t\t<h2 class=\"elementor-heading-title elementor-size-default\"><a href=\"http:\/\/200.116.213.140\/pagina\/oferta-de-empleo\/\" target=\"_blank\">VER M\u00c1S OFERTAS DE EMPLEO<\/a><\/h2>\t\t<\/div>\n\t\t\t\t<\/div>\n\t\t\t\t\t<\/div>\n\t\t<\/div>\n\t\t\t\t\t<\/div>\n\t\t<\/section>\n\t\t\t\t<section class=\"elementor-section elementor-inner-section elementor-element elementor-element-5f7de2f elementor-section-boxed elementor-section-height-default elementor-section-height-default\" data-id=\"5f7de2f\" data-element_type=\"section\">\n\t\t\t\t\t\t<div class=\"elementor-container elementor-column-gap-default\">\n\t\t\t\t\t<div class=\"elementor-column elementor-col-100 elementor-inner-column elementor-element elementor-element-90fca87\" data-id=\"90fca87\" data-element_type=\"column\">\n\t\t\t<div class=\"elementor-widget-wrap elementor-element-populated\">\n\t\t\t\t\t\t<div class=\"elementor-element elementor-element-b76ae9d elementor-widget elementor-widget-heading\" data-id=\"b76ae9d\" data-element_type=\"widget\" id=\"title-nuestras\" data-widget_type=\"heading.default\">\n\t\t\t\t<div class=\"elementor-widget-container\">\n\t\t\t<h2 class=\"elementor-heading-title elementor-size-default\">NUESTRAS DEPENDENCIAS<\/h2>\t\t<\/div>\n\t\t\t\t<\/div>\n\t\t\t\t\t<\/div>\n\t\t<\/div>\n\t\t\t\t\t<\/div>\n\t\t<\/section>\n\t\t\t\t<div class=\"elementor-element elementor-element-08466a3 elementor-arrows-position-outside eicon-chevron-left-dependencias elementor-widget elementor-widget-image-carousel\" data-id=\"08466a3\" data-element_type=\"widget\" id=\"dependencias\" data-settings=\"{&quot;slides_to_show&quot;:&quot;4&quot;,&quot;navigation&quot;:&quot;arrows&quot;,&quot;slides_to_scroll&quot;:&quot;1&quot;,&quot;autoplay&quot;:&quot;no&quot;,&quot;infinite&quot;:&quot;no&quot;,&quot;slides_to_show_mobile&quot;:&quot;2&quot;,&quot;speed&quot;:500}\" data-widget_type=\"image-carousel.default\">\n\t\t\t\t<div class=\"elementor-widget-container\">\n\t\t\t\t\t<div class=\"elementor-image-carousel-wrapper swiper\" dir=\"ltr\">\n\t\t\t<div class=\"elementor-image-carousel swiper-wrapper\" aria-live=\"polite\">\n\t\t\t\t\t\t\t\t<div class=\"swiper-slide\" role=\"group\" aria-roledescription=\"slide\" aria-label=\"1 of 23\"><figure class=\"swiper-slide-inner\"><img decoding=\"async\" class=\"swiper-slide-image\" src=\"http:\/\/8.243.70.68\/pagina\/wp-content\/uploads\/2021\/11\/SECRETARIA-EDUCACION-1.png\" alt=\"SECRETAR\u00cdA EDUCACI\u00d3N\" \/><figcaption class=\"elementor-image-carousel-caption\"><div id=\"show_01\" class=\"our_nav my_active solapar_dependencia\"><\/div>\n<div class=\"solapar-texto\">SECRETAR\u00cdA EDUCACI\u00d3N<\/div><\/figcaption><\/figure><\/div><div class=\"swiper-slide\" role=\"group\" aria-roledescription=\"slide\" aria-label=\"2 of 23\"><figure class=\"swiper-slide-inner\"><img decoding=\"async\" class=\"swiper-slide-image\" src=\"http:\/\/8.243.70.68\/pagina\/wp-content\/uploads\/2021\/11\/SECRETARIA-DE-CULTIURA-Y-TURISMO.png\" alt=\"SECRETAR\u00cdA DE CULTURA Y TURISMO\" \/><figcaption class=\"elementor-image-carousel-caption\"><div id=\"show_02\" class=\"our_nav my_active solapar_dependencia\"><\/div>\n<div class=\"solapar-texto\">SECRETAR\u00cdA DE CULTURA Y TURISMO<\/div><\/figcaption><\/figure><\/div><div class=\"swiper-slide\" role=\"group\" aria-roledescription=\"slide\" aria-label=\"3 of 23\"><figure class=\"swiper-slide-inner\"><img decoding=\"async\" class=\"swiper-slide-image\" src=\"http:\/\/8.243.70.68\/pagina\/wp-content\/uploads\/2021\/11\/SECRETARIA-DE-HACIENDA.png\" alt=\"SECRETAR\u00cdA DE HACIENDA\" \/><figcaption class=\"elementor-image-carousel-caption\"><div id=\"show_03\" class=\"our_nav my_active solapar_dependencia\"><\/div><div class=\"solapar-texto\">SECRETAR\u00cdA DE HACIENDA<\/div><\/figcaption><\/figure><\/div><div class=\"swiper-slide\" role=\"group\" aria-roledescription=\"slide\" aria-label=\"4 of 23\"><figure class=\"swiper-slide-inner\"><img decoding=\"async\" class=\"swiper-slide-image\" src=\"http:\/\/8.243.70.68\/pagina\/wp-content\/uploads\/2021\/11\/SECRETARIA-DE-SALUD.png\" alt=\"SECRETAR\u00cdA DE SALUD\" \/><figcaption class=\"elementor-image-carousel-caption\"><div id=\"show_04\" class=\"our_nav my_active solapar_dependencia\"><\/div><div class=\"solapar-texto\">SECRETAR\u00cdA DE SALUD<\/div><\/figcaption><\/figure><\/div><div class=\"swiper-slide\" role=\"group\" aria-roledescription=\"slide\" aria-label=\"5 of 23\"><figure class=\"swiper-slide-inner\"><img decoding=\"async\" class=\"swiper-slide-image\" src=\"http:\/\/8.243.70.68\/pagina\/wp-content\/uploads\/2021\/11\/TECNOLOGIAS-DE-INFORMACION-Y-LAS-COMUNICACIONES.png\" alt=\"TECNOLOG\u00cdAS DE INFORMACI\u00d3N Y LAS COMUNICACI\u00d3NES\" \/><figcaption class=\"elementor-image-carousel-caption\"><div id=\"show_05\" class=\"our_nav my_active solapar_dependencia\"><\/div><div class=\"solapar-texto\">TECNOLOG\u00cdAS DE INFORMACI\u00d3N Y DE LAS COMUNICACI\u00d3NES<\/div><\/figcaption><\/figure><\/div><div class=\"swiper-slide\" role=\"group\" aria-roledescription=\"slide\" aria-label=\"6 of 23\"><figure class=\"swiper-slide-inner\"><img decoding=\"async\" class=\"swiper-slide-image\" src=\"http:\/\/8.243.70.68\/pagina\/wp-content\/uploads\/2021\/11\/SECRETARIA-GENERAL.png\" alt=\"SECRETAR\u00cdA GENERAL\" \/><figcaption class=\"elementor-image-carousel-caption\"><div id=\"show_06\" class=\"our_nav my_active solapar_dependencia\"><\/div><div class=\"solapar-texto\">SECRETAR\u00cdA GENERAL<\/div><\/figcaption><\/figure><\/div><div class=\"swiper-slide\" role=\"group\" aria-roledescription=\"slide\" aria-label=\"7 of 23\"><figure class=\"swiper-slide-inner\"><img decoding=\"async\" class=\"swiper-slide-image\" src=\"http:\/\/8.243.70.68\/pagina\/wp-content\/uploads\/2021\/11\/SECRETARIA-DE-GOBIERNO.png\" alt=\"SECRETAR\u00cdA DE GOBIERNO\" \/><figcaption class=\"elementor-image-carousel-caption\"><div id=\"show_08\" class=\"our_nav my_active solapar_dependencia\"><\/div><div class=\"solapar-texto\">SECRETAR\u00cdA DE GOBIERNO<\/div><\/figcaption><\/figure><\/div><div class=\"swiper-slide\" role=\"group\" aria-roledescription=\"slide\" aria-label=\"8 of 23\"><figure class=\"swiper-slide-inner\"><img decoding=\"async\" class=\"swiper-slide-image\" src=\"http:\/\/8.243.70.68\/pagina\/wp-content\/uploads\/2021\/11\/SECRETARIA-DEL-TESORO.png\" alt=\"SECRETAR\u00cdA DEL TESORO\" \/><figcaption class=\"elementor-image-carousel-caption\"><div id=\"show_09\" class=\"our_nav my_active solapar_dependencia\"><\/div><div class=\"solapar-texto\">SECRETAR\u00cdA DEL TESORO<\/div><\/figcaption><\/figure><\/div><div class=\"swiper-slide\" role=\"group\" aria-roledescription=\"slide\" aria-label=\"9 of 23\"><figure class=\"swiper-slide-inner\"><img decoding=\"async\" class=\"swiper-slide-image\" src=\"http:\/\/8.243.70.68\/pagina\/wp-content\/uploads\/2021\/11\/SECRETARIA-GESTION-DE-DEL-RIESGO-DE-DESASTRES.png\" alt=\"SECRETAR\u00cdA DE GESTI\u00d3N DE RIESGO DE DESASTRES\" \/><figcaption class=\"elementor-image-carousel-caption\"><div id=\"show_10\" class=\"our_nav my_active solapar_dependencia\"><\/div><div class=\"solapar-texto\">SECRETAR\u00cdA DE GESTI\u00d3N DE RIESGO DE DESASTRES<\/div><\/figcaption><\/figure><\/div><div class=\"swiper-slide\" role=\"group\" aria-roledescription=\"slide\" aria-label=\"10 of 23\"><figure class=\"swiper-slide-inner\"><img decoding=\"async\" class=\"swiper-slide-image\" src=\"http:\/\/8.243.70.68\/pagina\/wp-content\/uploads\/2021\/11\/SECRETARIA-BANCO-DEL-PROGRESO.png\" alt=\"SECRETAR\u00cdA DE BANCO DEL PROGRESO\" \/><figcaption class=\"elementor-image-carousel-caption\"><div id=\"show_11\" class=\"our_nav my_active solapar_dependencia\"><\/div><div class=\"solapar-texto\">SECRETAR\u00cdA DE BANCO DEL PROGRESO <\/div><\/figcaption><\/figure><\/div><div class=\"swiper-slide\" role=\"group\" aria-roledescription=\"slide\" aria-label=\"11 of 23\"><figure class=\"swiper-slide-inner\"><img decoding=\"async\" class=\"swiper-slide-image\" src=\"http:\/\/8.243.70.68\/pagina\/wp-content\/uploads\/2021\/11\/SECRETARIA-DE-TRANSITO-Y-TRANSPORTE.png\" alt=\"SECRETAR\u00cdA DE TR\u00c1NSITO Y TRANSPORTE\" \/><figcaption class=\"elementor-image-carousel-caption\"><div id=\"show_12\" class=\"our_nav my_active solapar_dependencia\"><\/div><div class=\"solapar-texto\">SECRETAR\u00cdA DE TR\u00c1NSITO Y TRANSPORTE<\/div><\/figcaption><\/figure><\/div><div class=\"swiper-slide\" role=\"group\" aria-roledescription=\"slide\" aria-label=\"12 of 23\"><figure class=\"swiper-slide-inner\"><img decoding=\"async\" class=\"swiper-slide-image\" src=\"http:\/\/8.243.70.68\/pagina\/wp-content\/uploads\/2021\/11\/SECRETARIA-DE-VIVIENDA.png\" alt=\"SECRETAR\u00cdA DE VIVIENDA\" \/><figcaption class=\"elementor-image-carousel-caption\"><div id=\"show_13\" class=\"our_nav my_active solapar_dependencia\"><\/div>\n<div class=\"solapar-texto\">SECRETAR\u00cdA DE VIVIENDA<\/div><\/figcaption><\/figure><\/div><div class=\"swiper-slide\" role=\"group\" aria-roledescription=\"slide\" aria-label=\"13 of 23\"><figure class=\"swiper-slide-inner\"><img decoding=\"async\" class=\"swiper-slide-image\" src=\"http:\/\/8.243.70.68\/pagina\/wp-content\/uploads\/2021\/11\/OF-DE-CONTROL-INTERNO-DISCIPLINARIO.png\" alt=\"OFICINA DE CONTROL INTERNO DISCIPLINARIO\" \/><figcaption class=\"elementor-image-carousel-caption\"><div id=\"show_15\" class=\"our_nav my_active solapar_dependencia\"><\/div>\n<div class=\"solapar-texto\">OFICINA DE CONTROL INTERNO DISCIPLINARIO<\/div><\/figcaption><\/figure><\/div><div class=\"swiper-slide\" role=\"group\" aria-roledescription=\"slide\" aria-label=\"14 of 23\"><figure class=\"swiper-slide-inner\"><img decoding=\"async\" class=\"swiper-slide-image\" src=\"http:\/\/8.243.70.68\/pagina\/wp-content\/uploads\/2021\/11\/SECRETARIA-DE-EQUIDAD-GENERO.png\" alt=\"SECRETAR\u00cdA DE EQUIDAD GENERO\" \/><figcaption class=\"elementor-image-carousel-caption\"><div id=\"show_16\" class=\"our_nav my_active solapar_dependencia\"><\/div>\n<div class=\"solapar-texto\">SECRETAR\u00cdA DE EQUIDAD GENERO<\/div><\/figcaption><\/figure><\/div><div class=\"swiper-slide\" role=\"group\" aria-roledescription=\"slide\" aria-label=\"15 of 23\"><figure class=\"swiper-slide-inner\"><img decoding=\"async\" class=\"swiper-slide-image\" src=\"http:\/\/8.243.70.68\/pagina\/wp-content\/uploads\/2021\/11\/DEPTO-ADMIN-DE-BIENESTAR-SOCIAL.png\" alt=\"DEPARTAMENTO ADMINTRATIVO DE BIENESTAR SOCIAL\" \/><figcaption class=\"elementor-image-carousel-caption\"><div id=\"show_17\" class=\"our_nav my_active solapar_dependencia\"><\/div>\n<div class=\"solapar-texto\">DEPARTAMENTO ADMINTRATIVO DE BIENESTAR SOCIAL<\/div><\/figcaption><\/figure><\/div><div class=\"swiper-slide\" role=\"group\" aria-roledescription=\"slide\" aria-label=\"16 of 23\"><figure class=\"swiper-slide-inner\"><img decoding=\"async\" class=\"swiper-slide-image\" src=\"http:\/\/8.243.70.68\/pagina\/wp-content\/uploads\/2021\/11\/SECRETARIA-DE-INFRAESTRUCTURA.png\" alt=\"SECRETAR\u00cdA DE INFRAESTRUCTURA\" \/><figcaption class=\"elementor-image-carousel-caption\"><div id=\"show_18\" class=\"our_nav my_active solapar_dependencia\"><\/div>\n<div class=\"solapar-texto\">SECRETAR\u00cdA DE INFRAESTRUCTURA<\/div><\/figcaption><\/figure><\/div><div class=\"swiper-slide\" role=\"group\" aria-roledescription=\"slide\" aria-label=\"17 of 23\"><figure class=\"swiper-slide-inner\"><img decoding=\"async\" class=\"swiper-slide-image\" src=\"http:\/\/8.243.70.68\/pagina\/wp-content\/uploads\/2021\/11\/DEPTO-ADMINISTRATIVO-PLANEACION.png\" alt=\"DEPARTAMENTO ADMINISTRATIVO DE PLANEACI\u00d3N\" \/><figcaption class=\"elementor-image-carousel-caption\"><div id=\"show_19\" class=\"our_nav my_active solapar_dependencia\"><\/div>\n<div class=\"solapar-texto\">DEPARTAMENTO ADMINISTRATIVO DE PLANEACI\u00d3N<\/div><\/figcaption><\/figure><\/div><div class=\"swiper-slide\" role=\"group\" aria-roledescription=\"slide\" aria-label=\"18 of 23\"><figure class=\"swiper-slide-inner\"><img decoding=\"async\" class=\"swiper-slide-image\" src=\"http:\/\/8.243.70.68\/pagina\/wp-content\/uploads\/2021\/11\/SECRETARIA-DE-VALORIZACION-Y-PLUSVALI.png\" alt=\"SECRETAR\u00cdA DE VALORIZACI\u00d3N Y PLUSVAL\u00cdA\" \/><figcaption class=\"elementor-image-carousel-caption\"><div id=\"show_20\" class=\"our_nav my_active solapar_dependencia\"><\/div>\n<div class=\"solapar-texto\">SECRETAR\u00cdA DE VALORIZACI\u00d3N Y PLUSVAL\u00cdA<\/div><\/figcaption><\/figure><\/div><div class=\"swiper-slide\" role=\"group\" aria-roledescription=\"slide\" aria-label=\"19 of 23\"><figure class=\"swiper-slide-inner\"><img decoding=\"async\" class=\"swiper-slide-image\" src=\"http:\/\/8.243.70.68\/pagina\/wp-content\/uploads\/2021\/11\/SECRETARIA-DE-POSCONFLICTO-Y-CULTURA-DE-PAZ.png\" alt=\"SECRETAR\u00cdA DE POSCONFLICTO Y CULTURA DE PAZ\" \/><figcaption class=\"elementor-image-carousel-caption\"><div id=\"show_21\" class=\"our_nav my_active solapar_dependencia\"><\/div>\n<div class=\"solapar-texto\">SECRETAR\u00cdA DE POSCONFLICTO Y CULTURA DE PAZ<\/div><\/figcaption><\/figure><\/div><div class=\"swiper-slide\" role=\"group\" aria-roledescription=\"slide\" aria-label=\"20 of 23\"><figure class=\"swiper-slide-inner\"><img decoding=\"async\" class=\"swiper-slide-image\" src=\"http:\/\/8.243.70.68\/pagina\/wp-content\/uploads\/2021\/11\/OF-DE-CARAC-ECONOMICA-SISBEN.png\" alt=\"OFICINA DE CARACTERIZACI\u00d3N ECON\u00d3MICA SISBEN\" \/><figcaption class=\"elementor-image-carousel-caption\"><div id=\"show_22\" class=\"our_nav my_active solapar_dependencia\"><\/div>\n<div class=\"solapar-texto\">OFICINA DE CARACTERIZACI\u00d3N SOCIOECON\u00d3MICA SISBEN<\/div><\/figcaption><\/figure><\/div><div class=\"swiper-slide\" role=\"group\" aria-roledescription=\"slide\" aria-label=\"21 of 23\"><figure class=\"swiper-slide-inner\"><img decoding=\"async\" class=\"swiper-slide-image\" src=\"http:\/\/8.243.70.68\/pagina\/wp-content\/uploads\/2021\/11\/SECRETARIA-PRIVADA.png\" alt=\"SECRETAR\u00cdA PRIVADA\" \/><figcaption class=\"elementor-image-carousel-caption\"><div id=\"show_23\" class=\"our_nav my_active solapar_dependencia\"><\/div>\n<div class=\"solapar-texto\">SECRETAR\u00cdA PRIVADA<\/div><\/figcaption><\/figure><\/div><div class=\"swiper-slide\" role=\"group\" aria-roledescription=\"slide\" aria-label=\"22 of 23\"><figure class=\"swiper-slide-inner\"><img decoding=\"async\" class=\"swiper-slide-image\" src=\"http:\/\/8.243.70.68\/pagina\/wp-content\/uploads\/2021\/11\/SECRETARIA-SEGURIDAD-CIUDADANA.png\" alt=\"SECRETAR\u00cdA SEGURIDAD CIUDADANA\" \/><figcaption class=\"elementor-image-carousel-caption\"><div id=\"show_24\" class=\"our_nav my_active solapar_dependencia\"><\/div>\n<div class=\"solapar-texto\">SECRETAR\u00cdA SEGURIDAD CIUDADANA<\/div><\/figcaption><\/figure><\/div><div class=\"swiper-slide\" role=\"group\" aria-roledescription=\"slide\" aria-label=\"23 of 23\"><figure class=\"swiper-slide-inner\"><img decoding=\"async\" class=\"swiper-slide-image\" src=\"http:\/\/8.243.70.68\/pagina\/wp-content\/uploads\/2021\/11\/SECRETARIA-DESARROLLO-SOCIAL.png\" alt=\"SECRETAR\u00cdA DESARROLLO SOCIAL\" \/><figcaption class=\"elementor-image-carousel-caption\"><div id=\"show_14\" class=\"our_nav my_active solapar_dependencia\"><\/div>\n<div class=\"solapar-texto\">SECRETAR\u00cdA DESARROLLO SOCIAL<\/div><\/figcaption><\/figure><\/div>\t\t\t<\/div>\n\t\t\t\t\t\t\t\t\t\t\t\t<div class=\"elementor-swiper-button elementor-swiper-button-prev\" role=\"button\" tabindex=\"0\">\n\t\t\t\t\t\t<i aria-hidden=\"true\" class=\"eicon-chevron-left\"><\/i>\t\t\t\t\t<\/div>\n\t\t\t\t\t<div class=\"elementor-swiper-button elementor-swiper-button-next\" role=\"button\" tabindex=\"0\">\n\t\t\t\t\t\t<i aria-hidden=\"true\" class=\"eicon-chevron-right\"><\/i>\t\t\t\t\t<\/div>\n\t\t\t\t\n\t\t\t\t\t\t\t\t\t<\/div>\n\t\t\t\t<\/div>\n\t\t\t\t<\/div>\n\t\t\t\t\t<\/div>\n\t\t<\/div>\n\t\t\t\t<div class=\"elementor-column elementor-col-16 elementor-top-column elementor-element elementor-element-6031a5d elementor-hidden-phone\" data-id=\"6031a5d\" data-element_type=\"column\">\n\t\t\t<div class=\"elementor-widget-wrap\">\n\t\t\t\t\t\t\t<\/div>\n\t\t<\/div>\n\t\t\t\t\t<\/div>\n\t\t<\/section>\n\t\t\t\t<section class=\"elementor-section elementor-top-section elementor-element elementor-element-508f12e elementor-section-boxed elementor-section-height-default elementor-section-height-default\" data-id=\"508f12e\" data-element_type=\"section\" id=\"pruebaxx\">\n\t\t\t\t\t\t<div class=\"elementor-container elementor-column-gap-default\">\n\t\t\t\t\t<div class=\"elementor-column elementor-col-100 elementor-top-column elementor-element elementor-element-7115ddb\" data-id=\"7115ddb\" data-element_type=\"column\">\n\t\t\t<div class=\"elementor-widget-wrap elementor-element-populated\">\n\t\t\t\t\t\t<section class=\"elementor-section elementor-inner-section elementor-element elementor-element-d2a293e imagen1, hidden elementor-section-boxed elementor-section-height-default elementor-section-height-default\" data-id=\"d2a293e\" data-element_type=\"section\" id=\"1\" data-settings=\"{&quot;background_background&quot;:&quot;classic&quot;}\">\n\t\t\t\t\t\t<div class=\"elementor-container elementor-column-gap-default\">\n\t\t\t\t\t<div class=\"elementor-column elementor-col-33 elementor-inner-column elementor-element elementor-element-1fc6777\" data-id=\"1fc6777\" data-element_type=\"column\">\n\t\t\t<div class=\"elementor-widget-wrap elementor-element-populated\">\n\t\t\t\t\t\t<div class=\"elementor-element elementor-element-987a62a elementor-widget elementor-widget-image\" data-id=\"987a62a\" data-element_type=\"widget\" data-widget_type=\"image.default\">\n\t\t\t\t<div class=\"elementor-widget-container\">\n\t\t\t\t\t\t\t\t\t\t\t\t\t<img decoding=\"async\" width=\"150\" height=\"150\" src=\"http:\/\/8.243.70.68\/pagina\/wp-content\/uploads\/2021\/10\/49217_jessica-dayana-ramirez-lopez_1024x600-150x150.png\" class=\"attachment-thumbnail size-thumbnail wp-image-10711\" alt=\"\" srcset=\"http:\/\/8.243.70.68\/pagina\/wp-content\/uploads\/2021\/10\/49217_jessica-dayana-ramirez-lopez_1024x600-150x150.png 150w, http:\/\/8.243.70.68\/pagina\/wp-content\/uploads\/2021\/10\/49217_jessica-dayana-ramirez-lopez_1024x600-300x300.png 300w, http:\/\/8.243.70.68\/pagina\/wp-content\/uploads\/2021\/10\/49217_jessica-dayana-ramirez-lopez_1024x600-768x768.png 768w, http:\/\/8.243.70.68\/pagina\/wp-content\/uploads\/2021\/10\/49217_jessica-dayana-ramirez-lopez_1024x600.png 1024w\" sizes=\"(max-width: 150px) 100vw, 150px\" \/>\t\t\t\t\t\t\t\t\t\t\t\t\t<\/div>\n\t\t\t\t<\/div>\n\t\t\t\t\t<\/div>\n\t\t<\/div>\n\t\t\t\t<div class=\"elementor-column elementor-col-33 elementor-inner-column elementor-element elementor-element-c240d88\" data-id=\"c240d88\" data-element_type=\"column\">\n\t\t\t<div class=\"elementor-widget-wrap elementor-element-populated\">\n\t\t\t\t\t\t<div class=\"elementor-element elementor-element-e2a353b elementor-widget elementor-widget-heading\" data-id=\"e2a353b\" data-element_type=\"widget\" data-widget_type=\"heading.default\">\n\t\t\t\t<div class=\"elementor-widget-container\">\n\t\t\t<h2 class=\"elementor-heading-title elementor-size-default\">Todos nuestros esfuerzos est\u00e1n enfocados en garantizar que los ni\u00f1os, ni\u00f1as, adolescentes y j\u00f3venes puedan gozar de educaci\u00f3n de calidad. Ese fue el encargo del alcalde Jairo Y\u00e1\u00f1ez y as\u00ed lo vamos a hacer\u201d.<\/h2>\t\t<\/div>\n\t\t\t\t<\/div>\n\t\t\t\t<div class=\"elementor-element elementor-element-cb4843e elementor-widget elementor-widget-text-editor\" data-id=\"cb4843e\" data-element_type=\"widget\" data-widget_type=\"text-editor.default\">\n\t\t\t\t<div class=\"elementor-widget-container\">\n\t\t\t\t\t\t\t<p><strong>Dependencia:<\/strong> Secretar\u00eda de Educaci\u00f3n<br \/><strong>Secretaria: Jessica Dayana Ram\u00edrez L\u00f3pez<\/strong><br \/><strong>Direcci\u00f3n:<\/strong> Calle 11 No. 5-49<br \/><strong>Email:<\/strong> educacion@cucuta.gov.co<\/p>\t\t\t\t\t\t<\/div>\n\t\t\t\t<\/div>\n\t\t\t\t<div class=\"elementor-element elementor-element-143c8af elementor-widget elementor-widget-text-editor\" data-id=\"143c8af\" data-element_type=\"widget\" data-widget_type=\"text-editor.default\">\n\t\t\t\t<div class=\"elementor-widget-container\">\n\t\t\t\t\t\t\t<p><a href=\"http:\/\/200.116.213.140\/pagina\/s-edu-quienes-somos\/\" target=\"_blank\"><strong>M\u00e1s informaci\u00f3n de esta dependencia <\/strong> <i class=\"fa fa-arrow-right\"><\/i><\/a><\/p>\t\t\t\t\t\t<\/div>\n\t\t\t\t<\/div>\n\t\t\t\t\t<\/div>\n\t\t<\/div>\n\t\t\t\t<div class=\"elementor-column elementor-col-33 elementor-inner-column elementor-element elementor-element-5b9c22f\" data-id=\"5b9c22f\" data-element_type=\"column\">\n\t\t\t<div class=\"elementor-widget-wrap\">\n\t\t\t\t\t\t\t<\/div>\n\t\t<\/div>\n\t\t\t\t\t<\/div>\n\t\t<\/section>\n\t\t\t\t<section class=\"elementor-section elementor-inner-section elementor-element elementor-element-dc16ebb imagen2, hidden elementor-section-boxed elementor-section-height-default elementor-section-height-default\" data-id=\"dc16ebb\" data-element_type=\"section\" id=\"2\" data-settings=\"{&quot;background_background&quot;:&quot;classic&quot;}\">\n\t\t\t\t\t\t<div class=\"elementor-container elementor-column-gap-default\">\n\t\t\t\t\t<div class=\"elementor-column elementor-col-33 elementor-inner-column elementor-element elementor-element-ebf6fde\" data-id=\"ebf6fde\" data-element_type=\"column\">\n\t\t\t<div class=\"elementor-widget-wrap elementor-element-populated\">\n\t\t\t\t\t\t<div class=\"elementor-element elementor-element-fafd9db elementor-widget elementor-widget-image\" data-id=\"fafd9db\" data-element_type=\"widget\" data-widget_type=\"image.default\">\n\t\t\t\t<div class=\"elementor-widget-container\">\n\t\t\t\t\t\t\t\t\t\t\t\t\t<img loading=\"lazy\" decoding=\"async\" width=\"150\" height=\"150\" src=\"http:\/\/8.243.70.68\/pagina\/wp-content\/uploads\/2021\/10\/SECRETARIA-DE-CULTURA-Y-TURISMO-150x150.png\" class=\"attachment-thumbnail size-thumbnail wp-image-11247\" alt=\"\" srcset=\"http:\/\/8.243.70.68\/pagina\/wp-content\/uploads\/2021\/10\/SECRETARIA-DE-CULTURA-Y-TURISMO-150x150.png 150w, http:\/\/8.243.70.68\/pagina\/wp-content\/uploads\/2021\/10\/SECRETARIA-DE-CULTURA-Y-TURISMO-300x300.png 300w, http:\/\/8.243.70.68\/pagina\/wp-content\/uploads\/2021\/10\/SECRETARIA-DE-CULTURA-Y-TURISMO-768x768.png 768w, http:\/\/8.243.70.68\/pagina\/wp-content\/uploads\/2021\/10\/SECRETARIA-DE-CULTURA-Y-TURISMO.png 900w\" sizes=\"(max-width: 150px) 100vw, 150px\" \/>\t\t\t\t\t\t\t\t\t\t\t\t\t<\/div>\n\t\t\t\t<\/div>\n\t\t\t\t\t<\/div>\n\t\t<\/div>\n\t\t\t\t<div class=\"elementor-column elementor-col-33 elementor-inner-column elementor-element elementor-element-acad42e\" data-id=\"acad42e\" data-element_type=\"column\">\n\t\t\t<div class=\"elementor-widget-wrap elementor-element-populated\">\n\t\t\t\t\t\t<div class=\"elementor-element elementor-element-ac53437 elementor-widget elementor-widget-heading\" data-id=\"ac53437\" data-element_type=\"widget\" data-widget_type=\"heading.default\">\n\t\t\t\t<div class=\"elementor-widget-container\">\n\t\t\t<h2 class=\"elementor-heading-title elementor-size-default\">Todos nuestros esfuerzos est\u00e1n enfocados en garantizar que los ni\u00f1os, ni\u00f1as, adolescentes y j\u00f3venes puedan gozar de educaci\u00f3n de calidad. Ese fue el encargo del alcalde Jairo Y\u00e1\u00f1ez y as\u00ed lo vamos a hacer\u201d.<\/h2>\t\t<\/div>\n\t\t\t\t<\/div>\n\t\t\t\t<div class=\"elementor-element elementor-element-efb93f4 elementor-widget elementor-widget-text-editor\" data-id=\"efb93f4\" data-element_type=\"widget\" data-widget_type=\"text-editor.default\">\n\t\t\t\t<div class=\"elementor-widget-container\">\n\t\t\t\t\t\t\t<p><strong>Dependencia:<\/strong> Secretar\u00eda de Cultura<br \/><strong>Secretaria: Olga Patricia Oma\u00f1a Herran<\/strong><br \/><strong>Direcci\u00f3n:<\/strong> Calle 11 No. 5-49<br \/><strong>Email:<\/strong> cultura@cucuta.gov.co<\/p>\t\t\t\t\t\t<\/div>\n\t\t\t\t<\/div>\n\t\t\t\t<div class=\"elementor-element elementor-element-652ce30 elementor-widget elementor-widget-text-editor\" data-id=\"652ce30\" data-element_type=\"widget\" data-widget_type=\"text-editor.default\">\n\t\t\t\t<div class=\"elementor-widget-container\">\n\t\t\t\t\t\t\t<p><a href=\"http:\/\/200.116.213.140\/pagina\/s-cultura-quienes-somos\/\" target=\"_blank\"><strong>M\u00e1s informaci\u00f3n de esta dependencia<\/strong> <i class=\"fa fa-arrow-right\"><\/i><\/a><\/p>\t\t\t\t\t\t<\/div>\n\t\t\t\t<\/div>\n\t\t\t\t\t<\/div>\n\t\t<\/div>\n\t\t\t\t<div class=\"elementor-column elementor-col-33 elementor-inner-column elementor-element elementor-element-0bcf100\" data-id=\"0bcf100\" data-element_type=\"column\">\n\t\t\t<div class=\"elementor-widget-wrap\">\n\t\t\t\t\t\t\t<\/div>\n\t\t<\/div>\n\t\t\t\t\t<\/div>\n\t\t<\/section>\n\t\t\t\t<section class=\"elementor-section elementor-inner-section elementor-element elementor-element-238634d imagen3, hidden elementor-section-boxed elementor-section-height-default elementor-section-height-default\" data-id=\"238634d\" data-element_type=\"section\" id=\"3\" data-settings=\"{&quot;background_background&quot;:&quot;classic&quot;}\">\n\t\t\t\t\t\t<div class=\"elementor-container elementor-column-gap-default\">\n\t\t\t\t\t<div class=\"elementor-column elementor-col-33 elementor-inner-column elementor-element elementor-element-090ce19\" data-id=\"090ce19\" data-element_type=\"column\">\n\t\t\t<div class=\"elementor-widget-wrap elementor-element-populated\">\n\t\t\t\t\t\t<div class=\"elementor-element elementor-element-d0d33bf elementor-widget elementor-widget-image\" data-id=\"d0d33bf\" data-element_type=\"widget\" data-widget_type=\"image.default\">\n\t\t\t\t<div class=\"elementor-widget-container\">\n\t\t\t\t\t\t\t\t\t\t\t\t\t<img loading=\"lazy\" decoding=\"async\" width=\"150\" height=\"150\" src=\"http:\/\/8.243.70.68\/pagina\/wp-content\/uploads\/2021\/10\/SECRETARIA-HACIENDA-150x150.png\" class=\"attachment-thumbnail size-thumbnail wp-image-11248\" alt=\"\" srcset=\"http:\/\/8.243.70.68\/pagina\/wp-content\/uploads\/2021\/10\/SECRETARIA-HACIENDA-150x150.png 150w, http:\/\/8.243.70.68\/pagina\/wp-content\/uploads\/2021\/10\/SECRETARIA-HACIENDA-300x300.png 300w, http:\/\/8.243.70.68\/pagina\/wp-content\/uploads\/2021\/10\/SECRETARIA-HACIENDA-768x767.png 768w, http:\/\/8.243.70.68\/pagina\/wp-content\/uploads\/2021\/10\/SECRETARIA-HACIENDA.png 1024w\" sizes=\"(max-width: 150px) 100vw, 150px\" \/>\t\t\t\t\t\t\t\t\t\t\t\t\t<\/div>\n\t\t\t\t<\/div>\n\t\t\t\t\t<\/div>\n\t\t<\/div>\n\t\t\t\t<div class=\"elementor-column elementor-col-33 elementor-inner-column elementor-element elementor-element-b6527ad\" data-id=\"b6527ad\" data-element_type=\"column\">\n\t\t\t<div class=\"elementor-widget-wrap elementor-element-populated\">\n\t\t\t\t\t\t<div class=\"elementor-element elementor-element-0fec40e elementor-widget elementor-widget-heading\" data-id=\"0fec40e\" data-element_type=\"widget\" data-widget_type=\"heading.default\">\n\t\t\t\t<div class=\"elementor-widget-container\">\n\t\t\t<h2 class=\"elementor-heading-title elementor-size-default\">Todos nuestros esfuerzos est\u00e1n enfocados en garantizar que los ni\u00f1os, ni\u00f1as, adolescentes y j\u00f3venes puedan gozar de educaci\u00f3n de calidad. Ese fue el encargo del alcalde Jairo Y\u00e1\u00f1ez y as\u00ed lo vamos a hacer\u201d.<\/h2>\t\t<\/div>\n\t\t\t\t<\/div>\n\t\t\t\t<div class=\"elementor-element elementor-element-a36a194 elementor-widget elementor-widget-text-editor\" data-id=\"a36a194\" data-element_type=\"widget\" data-widget_type=\"text-editor.default\">\n\t\t\t\t<div class=\"elementor-widget-container\">\n\t\t\t\t\t\t\t<p><strong>Dependencia:<\/strong> Secretar\u00eda de Hacienda<br \/><strong>Secretaria: Maria Virginia Valencia Jimenez<\/strong><br \/><strong>Direcci\u00f3n:<\/strong> Calle 11 No. 5-49<br \/><strong>Email:<\/strong> maria.valencia@cucuta.gov.co<\/p>\t\t\t\t\t\t<\/div>\n\t\t\t\t<\/div>\n\t\t\t\t<div class=\"elementor-element elementor-element-e2213fc elementor-widget elementor-widget-text-editor\" data-id=\"e2213fc\" data-element_type=\"widget\" data-widget_type=\"text-editor.default\">\n\t\t\t\t<div class=\"elementor-widget-container\">\n\t\t\t\t\t\t\t<p><a href=\"http:\/\/200.116.213.140\/pagina\/s-hacienda-quienes-somos\/\" target=\"_blank\"><strong>M\u00e1s informaci\u00f3n de esta dependencia<\/strong> <i class=\"fa fa-arrow-right\"><\/i><\/a><\/p>\t\t\t\t\t\t<\/div>\n\t\t\t\t<\/div>\n\t\t\t\t\t<\/div>\n\t\t<\/div>\n\t\t\t\t<div class=\"elementor-column elementor-col-33 elementor-inner-column elementor-element elementor-element-d4a326c\" data-id=\"d4a326c\" data-element_type=\"column\">\n\t\t\t<div class=\"elementor-widget-wrap\">\n\t\t\t\t\t\t\t<\/div>\n\t\t<\/div>\n\t\t\t\t\t<\/div>\n\t\t<\/section>\n\t\t\t\t<section class=\"elementor-section elementor-inner-section elementor-element elementor-element-c319d50 imagen4, hidden elementor-section-boxed elementor-section-height-default elementor-section-height-default\" data-id=\"c319d50\" data-element_type=\"section\" id=\"4\" data-settings=\"{&quot;background_background&quot;:&quot;classic&quot;}\">\n\t\t\t\t\t\t<div class=\"elementor-container elementor-column-gap-default\">\n\t\t\t\t\t<div class=\"elementor-column elementor-col-33 elementor-inner-column elementor-element elementor-element-9a52bd5\" data-id=\"9a52bd5\" data-element_type=\"column\">\n\t\t\t<div class=\"elementor-widget-wrap elementor-element-populated\">\n\t\t\t\t\t\t<div class=\"elementor-element elementor-element-40b59b6 elementor-widget elementor-widget-image\" data-id=\"40b59b6\" data-element_type=\"widget\" data-widget_type=\"image.default\">\n\t\t\t\t<div class=\"elementor-widget-container\">\n\t\t\t\t\t\t\t\t\t\t\t\t\t<img loading=\"lazy\" decoding=\"async\" width=\"150\" height=\"150\" src=\"http:\/\/8.243.70.68\/pagina\/wp-content\/uploads\/2021\/10\/SECRETARIA-DE-SALUD-150x150.png\" class=\"attachment-thumbnail size-thumbnail wp-image-11249\" alt=\"\" srcset=\"http:\/\/8.243.70.68\/pagina\/wp-content\/uploads\/2021\/10\/SECRETARIA-DE-SALUD-150x150.png 150w, http:\/\/8.243.70.68\/pagina\/wp-content\/uploads\/2021\/10\/SECRETARIA-DE-SALUD-300x300.png 300w, http:\/\/8.243.70.68\/pagina\/wp-content\/uploads\/2021\/10\/SECRETARIA-DE-SALUD-768x768.png 768w, http:\/\/8.243.70.68\/pagina\/wp-content\/uploads\/2021\/10\/SECRETARIA-DE-SALUD.png 1024w\" sizes=\"(max-width: 150px) 100vw, 150px\" \/>\t\t\t\t\t\t\t\t\t\t\t\t\t<\/div>\n\t\t\t\t<\/div>\n\t\t\t\t\t<\/div>\n\t\t<\/div>\n\t\t\t\t<div class=\"elementor-column elementor-col-33 elementor-inner-column elementor-element elementor-element-111e589\" data-id=\"111e589\" data-element_type=\"column\">\n\t\t\t<div class=\"elementor-widget-wrap elementor-element-populated\">\n\t\t\t\t\t\t<div class=\"elementor-element elementor-element-bdf3d6a elementor-widget elementor-widget-heading\" data-id=\"bdf3d6a\" data-element_type=\"widget\" data-widget_type=\"heading.default\">\n\t\t\t\t<div class=\"elementor-widget-container\">\n\t\t\t<h2 class=\"elementor-heading-title elementor-size-default\">Todos nuestros esfuerzos est\u00e1n enfocados en garantizar que los ni\u00f1os, ni\u00f1as, adolescentes y j\u00f3venes puedan gozar de educaci\u00f3n de calidad. Ese fue el encargo del alcalde Jairo Y\u00e1\u00f1ez y as\u00ed lo vamos a hacer\u201d.<\/h2>\t\t<\/div>\n\t\t\t\t<\/div>\n\t\t\t\t<div class=\"elementor-element elementor-element-1ba2475 elementor-widget elementor-widget-text-editor\" data-id=\"1ba2475\" data-element_type=\"widget\" data-widget_type=\"text-editor.default\">\n\t\t\t\t<div class=\"elementor-widget-container\">\n\t\t\t\t\t\t\t<p><strong><span style=\"vertical-align: inherit;\"><span style=\"vertical-align: inherit;\">Dependencia:<\/span><\/span><\/strong><span style=\"vertical-align: inherit;\"><span style=\"vertical-align: inherit;\"> Secretar\u00eda de Salud<\/span><\/span><br \/><strong><span style=\"vertical-align: inherit;\"><span style=\"vertical-align: inherit;\">Secretaria: Rosa Emilda Vargas Vergara<\/span><\/span><\/strong><br \/><strong><span style=\"vertical-align: inherit;\"><span style=\"vertical-align: inherit;\">Direcci\u00f3n:<\/span><\/span><\/strong><span style=\"vertical-align: inherit;\"><span style=\"vertical-align: inherit;\"> Calle 11 No. 5-49<\/span><\/span><br \/><strong><span style=\"vertical-align: inherit;\"><span style=\"vertical-align: inherit;\">Email:<\/span><\/span><\/strong><span style=\"vertical-align: inherit;\"><span style=\"vertical-align: inherit;\"> rosa.vargas@cucuta.gov.co<\/span><\/span><\/p>\t\t\t\t\t\t<\/div>\n\t\t\t\t<\/div>\n\t\t\t\t<div class=\"elementor-element elementor-element-788a80a elementor-widget elementor-widget-text-editor\" data-id=\"788a80a\" data-element_type=\"widget\" data-widget_type=\"text-editor.default\">\n\t\t\t\t<div class=\"elementor-widget-container\">\n\t\t\t\t\t\t\t<p><a href=\"http:\/\/200.116.213.140\/pagina\/s-salud-quienes-somos\/\" target=\"_blank\"><strong>M\u00e1s informaci\u00f3n de esta dependencia<\/strong> <i class=\"fa fa-arrow-right\"><\/i><\/a><\/p>\t\t\t\t\t\t<\/div>\n\t\t\t\t<\/div>\n\t\t\t\t\t<\/div>\n\t\t<\/div>\n\t\t\t\t<div class=\"elementor-column elementor-col-33 elementor-inner-column elementor-element elementor-element-50cc03f\" data-id=\"50cc03f\" data-element_type=\"column\">\n\t\t\t<div class=\"elementor-widget-wrap\">\n\t\t\t\t\t\t\t<\/div>\n\t\t<\/div>\n\t\t\t\t\t<\/div>\n\t\t<\/section>\n\t\t\t\t<section class=\"elementor-section elementor-inner-section elementor-element elementor-element-12a5018 imagen5, hidden elementor-section-boxed elementor-section-height-default elementor-section-height-default\" data-id=\"12a5018\" data-element_type=\"section\" id=\"5\" data-settings=\"{&quot;background_background&quot;:&quot;classic&quot;}\">\n\t\t\t\t\t\t<div class=\"elementor-container elementor-column-gap-default\">\n\t\t\t\t\t<div class=\"elementor-column elementor-col-33 elementor-inner-column elementor-element elementor-element-75cedd2\" data-id=\"75cedd2\" data-element_type=\"column\">\n\t\t\t<div class=\"elementor-widget-wrap elementor-element-populated\">\n\t\t\t\t\t\t<div class=\"elementor-element elementor-element-977eb66 elementor-widget elementor-widget-image\" data-id=\"977eb66\" data-element_type=\"widget\" data-widget_type=\"image.default\">\n\t\t\t\t<div class=\"elementor-widget-container\">\n\t\t\t\t\t\t\t\t\t\t\t\t\t<img loading=\"lazy\" decoding=\"async\" width=\"800\" height=\"800\" src=\"http:\/\/8.243.70.68\/pagina\/wp-content\/uploads\/2021\/10\/OFICINA-TECNOLOGIAS-DE-LA-INFORMACION-Y-LAS-COMUNICACIONES-TIC.png\" class=\"attachment-large size-large wp-image-11253\" alt=\"\" srcset=\"http:\/\/8.243.70.68\/pagina\/wp-content\/uploads\/2021\/10\/OFICINA-TECNOLOGIAS-DE-LA-INFORMACION-Y-LAS-COMUNICACIONES-TIC.png 1024w, http:\/\/8.243.70.68\/pagina\/wp-content\/uploads\/2021\/10\/OFICINA-TECNOLOGIAS-DE-LA-INFORMACION-Y-LAS-COMUNICACIONES-TIC-300x300.png 300w, http:\/\/8.243.70.68\/pagina\/wp-content\/uploads\/2021\/10\/OFICINA-TECNOLOGIAS-DE-LA-INFORMACION-Y-LAS-COMUNICACIONES-TIC-150x150.png 150w, http:\/\/8.243.70.68\/pagina\/wp-content\/uploads\/2021\/10\/OFICINA-TECNOLOGIAS-DE-LA-INFORMACION-Y-LAS-COMUNICACIONES-TIC-768x768.png 768w\" sizes=\"(max-width: 800px) 100vw, 800px\" \/>\t\t\t\t\t\t\t\t\t\t\t\t\t<\/div>\n\t\t\t\t<\/div>\n\t\t\t\t\t<\/div>\n\t\t<\/div>\n\t\t\t\t<div class=\"elementor-column elementor-col-33 elementor-inner-column elementor-element elementor-element-461abe3\" data-id=\"461abe3\" data-element_type=\"column\">\n\t\t\t<div class=\"elementor-widget-wrap elementor-element-populated\">\n\t\t\t\t\t\t<div class=\"elementor-element elementor-element-ab88154 elementor-widget elementor-widget-heading\" data-id=\"ab88154\" data-element_type=\"widget\" data-widget_type=\"heading.default\">\n\t\t\t\t<div class=\"elementor-widget-container\">\n\t\t\t<h2 class=\"elementor-heading-title elementor-size-default\"><span>Todos nuestros esfuerzos est\u00e1n enfocados en garantizar que los ni\u00f1os, ni\u00f1as, adolescentes y j\u00f3venes puedan gozar de educaci\u00f3n de calidad. Ese fue el encargo del alcalde Jairo Y\u00e1\u00f1ez y as\u00ed lo vamos a hacer\u201d.<\/span><\/h2>\t\t<\/div>\n\t\t\t\t<\/div>\n\t\t\t\t<div class=\"elementor-element elementor-element-c5a5e50 elementor-widget elementor-widget-text-editor\" data-id=\"c5a5e50\" data-element_type=\"widget\" data-widget_type=\"text-editor.default\">\n\t\t\t\t<div class=\"elementor-widget-container\">\n\t\t\t\t\t\t\t<p><strong><span style=\"vertical-align: inherit;\"><span style=\"vertical-align: inherit;\">Dependencia:<\/span><\/span><\/strong><span style=\"vertical-align: inherit;\"><span style=\"vertical-align: inherit;\"> Secretar\u00eda CTIC<\/span><\/span><br><strong><span style=\"vertical-align: inherit;\"><span style=\"vertical-align: inherit;\">Secretaria:M\u00f3nica Mar\u00eda Fonseca Vigoya<br><\/span><\/span><\/strong><strong><span style=\"vertical-align: inherit;\"><span style=\"vertical-align: inherit;\"><span style=\"vertical-align: inherit;\"><span style=\"vertical-align: inherit;\">Direcci\u00f3n:<\/span><\/span><\/span><\/span><\/strong><span style=\"vertical-align: inherit;\"><span style=\"vertical-align: inherit;\"><span style=\"vertical-align: inherit;\"><span style=\"vertical-align: inherit;\"> Calle 11 No. 5-49 Palacio Municipal Barrio Centro &#8211; 3er piso.&nbsp;<\/span><\/span><\/span><\/span><br><strong><span style=\"vertical-align: inherit;\"><span style=\"vertical-align: inherit;\"><span style=\"vertical-align: inherit;\"><span style=\"vertical-align: inherit;\">Email: <\/span><\/span><\/span><\/span><\/strong><span style=\"vertical-align: inherit;\"><span style=\"vertical-align: inherit;\"><span style=\"vertical-align: inherit;\"><span style=\"vertical-align: inherit;\">monica.fonseca@cucuta.gov.co<\/span><\/span><\/span><\/span><\/p>\t\t\t\t\t\t<\/div>\n\t\t\t\t<\/div>\n\t\t\t\t<div class=\"elementor-element elementor-element-9c620f1 elementor-widget elementor-widget-text-editor\" data-id=\"9c620f1\" data-element_type=\"widget\" data-widget_type=\"text-editor.default\">\n\t\t\t\t<div class=\"elementor-widget-container\">\n\t\t\t\t\t\t\t<p><a href=\"http:\/\/200.116.213.140\/pagina\/ctic-quienes-somos\/\" target=\"_blank\"><strong>M\u00e1s informaci\u00f3n de esta dependencia<\/strong> <i class=\"fa fa-arrow-right\"><\/i><\/a><\/p>\t\t\t\t\t\t<\/div>\n\t\t\t\t<\/div>\n\t\t\t\t\t<\/div>\n\t\t<\/div>\n\t\t\t\t<div class=\"elementor-column elementor-col-33 elementor-inner-column elementor-element elementor-element-0a8779d\" data-id=\"0a8779d\" data-element_type=\"column\">\n\t\t\t<div class=\"elementor-widget-wrap\">\n\t\t\t\t\t\t\t<\/div>\n\t\t<\/div>\n\t\t\t\t\t<\/div>\n\t\t<\/section>\n\t\t\t\t<section class=\"elementor-section elementor-inner-section elementor-element elementor-element-0f0a8cd imagen6, hidden elementor-section-boxed elementor-section-height-default elementor-section-height-default\" data-id=\"0f0a8cd\" data-element_type=\"section\" id=\"6\" data-settings=\"{&quot;background_background&quot;:&quot;classic&quot;}\">\n\t\t\t\t\t\t<div class=\"elementor-container elementor-column-gap-default\">\n\t\t\t\t\t<div class=\"elementor-column elementor-col-33 elementor-inner-column elementor-element elementor-element-52a2cc3\" data-id=\"52a2cc3\" data-element_type=\"column\">\n\t\t\t<div class=\"elementor-widget-wrap elementor-element-populated\">\n\t\t\t\t\t\t<div class=\"elementor-element elementor-element-ec0952e elementor-widget elementor-widget-image\" data-id=\"ec0952e\" data-element_type=\"widget\" data-widget_type=\"image.default\">\n\t\t\t\t<div class=\"elementor-widget-container\">\n\t\t\t\t\t\t\t\t\t\t\t\t\t<img loading=\"lazy\" decoding=\"async\" width=\"800\" height=\"799\" src=\"http:\/\/8.243.70.68\/pagina\/wp-content\/uploads\/2021\/10\/SECRETARIA-GENERAL.png\" class=\"attachment-large size-large wp-image-11254\" alt=\"\" srcset=\"http:\/\/8.243.70.68\/pagina\/wp-content\/uploads\/2021\/10\/SECRETARIA-GENERAL.png 1024w, http:\/\/8.243.70.68\/pagina\/wp-content\/uploads\/2021\/10\/SECRETARIA-GENERAL-300x300.png 300w, http:\/\/8.243.70.68\/pagina\/wp-content\/uploads\/2021\/10\/SECRETARIA-GENERAL-150x150.png 150w, http:\/\/8.243.70.68\/pagina\/wp-content\/uploads\/2021\/10\/SECRETARIA-GENERAL-768x767.png 768w\" sizes=\"(max-width: 800px) 100vw, 800px\" \/>\t\t\t\t\t\t\t\t\t\t\t\t\t<\/div>\n\t\t\t\t<\/div>\n\t\t\t\t\t<\/div>\n\t\t<\/div>\n\t\t\t\t<div class=\"elementor-column elementor-col-33 elementor-inner-column elementor-element elementor-element-701b914\" data-id=\"701b914\" data-element_type=\"column\">\n\t\t\t<div class=\"elementor-widget-wrap elementor-element-populated\">\n\t\t\t\t\t\t<div class=\"elementor-element elementor-element-0eba395 elementor-widget elementor-widget-heading\" data-id=\"0eba395\" data-element_type=\"widget\" data-widget_type=\"heading.default\">\n\t\t\t\t<div class=\"elementor-widget-container\">\n\t\t\t<h2 class=\"elementor-heading-title elementor-size-default\"><span>Todos nuestros esfuerzos est\u00e1n enfocados en garantizar que los ni\u00f1os, ni\u00f1as, adolescentes y j\u00f3venes puedan gozar de educaci\u00f3n de calidad. Ese fue el encargo del alcalde Jairo Y\u00e1\u00f1ez y as\u00ed lo vamos a hacer\u201d.<\/span><\/h2>\t\t<\/div>\n\t\t\t\t<\/div>\n\t\t\t\t<div class=\"elementor-element elementor-element-8abb45e elementor-widget elementor-widget-text-editor\" data-id=\"8abb45e\" data-element_type=\"widget\" data-widget_type=\"text-editor.default\">\n\t\t\t\t<div class=\"elementor-widget-container\">\n\t\t\t\t\t\t\t<p><strong><span style=\"vertical-align: inherit;\"><span style=\"vertical-align: inherit;\"><span style=\"vertical-align: inherit;\"><span style=\"vertical-align: inherit;\"><span style=\"vertical-align: inherit;\"><span style=\"vertical-align: inherit;\">Dependencia:\u00a0<\/span><\/span><\/span><\/span><\/span><\/span><\/strong><span style=\"vertical-align: inherit;\"><span style=\"vertical-align: inherit;\"><span style=\"vertical-align: inherit;\"><span style=\"vertical-align: inherit;\"><span style=\"vertical-align: inherit;\"><span style=\"vertical-align: inherit;\">Secretaria General<\/span><\/span><\/span><\/span><\/span><\/span><br \/><strong><span style=\"vertical-align: inherit;\"><span style=\"vertical-align: inherit;\"><span style=\"vertical-align: inherit;\"><span style=\"vertical-align: inherit;\"><span style=\"vertical-align: inherit;\"><span style=\"vertical-align: inherit;\">Secretaria: Mar\u00eda Leonor Villamizar G\u00f3mey<br \/><\/span><\/span><\/span><\/span><\/span><\/span><\/strong><strong><span style=\"vertical-align: inherit;\"><span style=\"vertical-align: inherit;\"><span style=\"vertical-align: inherit;\"><span style=\"vertical-align: inherit;\"><span style=\"vertical-align: inherit;\"><span style=\"vertical-align: inherit;\">Direcci\u00f3n:<\/span><\/span><\/span><\/span><\/span><\/span><\/strong><span style=\"vertical-align: inherit;\"><span style=\"vertical-align: inherit;\"><span style=\"vertical-align: inherit;\"><span style=\"vertical-align: inherit;\"><span style=\"vertical-align: inherit;\"><span style=\"vertical-align: inherit;\"> Calle 11 No. 5-49 Palacio Municipal Barrio Centro &#8211; 3er piso.\u00a0<\/span><\/span><\/span><\/span><\/span><\/span><br \/><strong><span style=\"vertical-align: inherit;\"><span style=\"vertical-align: inherit;\"><span style=\"vertical-align: inherit;\"><span style=\"vertical-align: inherit;\"><span style=\"vertical-align: inherit;\"><span style=\"vertical-align: inherit;\">Email: <\/span><\/span><\/span><\/span><\/span><\/span><\/strong><span style=\"vertical-align: inherit;\"><span style=\"vertical-align: inherit;\"><span style=\"vertical-align: inherit;\"><span style=\"vertical-align: inherit;\"><span style=\"vertical-align: inherit;\"><span style=\"vertical-align: inherit;\">maria.villamizar@cucuta.gov.co<\/span><\/span><\/span><\/span><\/span><\/span><\/p>\t\t\t\t\t\t<\/div>\n\t\t\t\t<\/div>\n\t\t\t\t<div class=\"elementor-element elementor-element-d473252 elementor-widget elementor-widget-text-editor\" data-id=\"d473252\" data-element_type=\"widget\" data-widget_type=\"text-editor.default\">\n\t\t\t\t<div class=\"elementor-widget-container\">\n\t\t\t\t\t\t\t<p><a href=\"http:\/\/200.116.213.140\/pagina\/s-general-quienes-somos\/\" target=\"_blank\"><strong>M\u00e1s informaci\u00f3n de esta dependencia<\/strong> <i class=\"fa fa-arrow-right\"><\/i><\/a><\/p>\t\t\t\t\t\t<\/div>\n\t\t\t\t<\/div>\n\t\t\t\t\t<\/div>\n\t\t<\/div>\n\t\t\t\t<div class=\"elementor-column elementor-col-33 elementor-inner-column elementor-element elementor-element-55f7902\" data-id=\"55f7902\" data-element_type=\"column\">\n\t\t\t<div class=\"elementor-widget-wrap\">\n\t\t\t\t\t\t\t<\/div>\n\t\t<\/div>\n\t\t\t\t\t<\/div>\n\t\t<\/section>\n\t\t\t\t<section class=\"elementor-section elementor-inner-section elementor-element elementor-element-6cf6ad7 imagen7, hidden elementor-section-boxed elementor-section-height-default elementor-section-height-default\" data-id=\"6cf6ad7\" data-element_type=\"section\" id=\"7\" data-settings=\"{&quot;background_background&quot;:&quot;classic&quot;}\">\n\t\t\t\t\t\t<div class=\"elementor-container elementor-column-gap-default\">\n\t\t\t\t\t<div class=\"elementor-column elementor-col-33 elementor-inner-column elementor-element elementor-element-21b1c79\" data-id=\"21b1c79\" data-element_type=\"column\">\n\t\t\t<div class=\"elementor-widget-wrap elementor-element-populated\">\n\t\t\t\t\t\t<div class=\"elementor-element elementor-element-a8d693e elementor-widget elementor-widget-image\" data-id=\"a8d693e\" data-element_type=\"widget\" data-widget_type=\"image.default\">\n\t\t\t\t<div class=\"elementor-widget-container\">\n\t\t\t\t\t\t\t\t\t\t\t\t\t<img loading=\"lazy\" decoding=\"async\" width=\"800\" height=\"799\" src=\"http:\/\/8.243.70.68\/pagina\/wp-content\/uploads\/2021\/10\/SECRETARIA-DE-PRENSA-Y-COMUNICACIONES.png\" class=\"attachment-large size-large wp-image-11255\" alt=\"\" srcset=\"http:\/\/8.243.70.68\/pagina\/wp-content\/uploads\/2021\/10\/SECRETARIA-DE-PRENSA-Y-COMUNICACIONES.png 1024w, http:\/\/8.243.70.68\/pagina\/wp-content\/uploads\/2021\/10\/SECRETARIA-DE-PRENSA-Y-COMUNICACIONES-300x300.png 300w, http:\/\/8.243.70.68\/pagina\/wp-content\/uploads\/2021\/10\/SECRETARIA-DE-PRENSA-Y-COMUNICACIONES-150x150.png 150w, http:\/\/8.243.70.68\/pagina\/wp-content\/uploads\/2021\/10\/SECRETARIA-DE-PRENSA-Y-COMUNICACIONES-768x767.png 768w\" sizes=\"(max-width: 800px) 100vw, 800px\" \/>\t\t\t\t\t\t\t\t\t\t\t\t\t<\/div>\n\t\t\t\t<\/div>\n\t\t\t\t\t<\/div>\n\t\t<\/div>\n\t\t\t\t<div class=\"elementor-column elementor-col-33 elementor-inner-column elementor-element elementor-element-41ce246\" data-id=\"41ce246\" data-element_type=\"column\">\n\t\t\t<div class=\"elementor-widget-wrap elementor-element-populated\">\n\t\t\t\t\t\t<div class=\"elementor-element elementor-element-13e8035 elementor-widget elementor-widget-heading\" data-id=\"13e8035\" data-element_type=\"widget\" data-widget_type=\"heading.default\">\n\t\t\t\t<div class=\"elementor-widget-container\">\n\t\t\t<h2 class=\"elementor-heading-title elementor-size-default\"><span>Todos nuestros esfuerzos est\u00e1n enfocados en garantizar que los ni\u00f1os, ni\u00f1as, adolescentes y j\u00f3venes puedan gozar de educaci\u00f3n de calidad. Ese fue el encargo del alcalde Jairo Y\u00e1\u00f1ez y as\u00ed lo vamos a hacer\u201d.<\/span><\/h2>\t\t<\/div>\n\t\t\t\t<\/div>\n\t\t\t\t<div class=\"elementor-element elementor-element-00aa28a elementor-widget elementor-widget-text-editor\" data-id=\"00aa28a\" data-element_type=\"widget\" data-widget_type=\"text-editor.default\">\n\t\t\t\t<div class=\"elementor-widget-container\">\n\t\t\t\t\t\t\t<p><strong><span style=\"vertical-align: inherit;\"><span style=\"vertical-align: inherit;\"><span style=\"vertical-align: inherit;\"><span style=\"vertical-align: inherit;\"><span style=\"vertical-align: inherit;\"><span style=\"vertical-align: inherit;\"><span style=\"vertical-align: inherit;\"><span style=\"vertical-align: inherit;\"><span style=\"vertical-align: inherit;\"><span style=\"vertical-align: inherit;\"><span style=\"vertical-align: inherit;\"><span style=\"vertical-align: inherit;\">Dependencia:&nbsp;<\/span><\/span><\/span><\/span><\/span><\/span><\/span><\/span><\/span><\/span><\/span><\/span><\/strong><span style=\"vertical-align: inherit;\"><span style=\"vertical-align: inherit;\"><span style=\"vertical-align: inherit;\"><span style=\"vertical-align: inherit;\"><span style=\"vertical-align: inherit;\"><span style=\"vertical-align: inherit;\"><span style=\"vertical-align: inherit;\"><span style=\"vertical-align: inherit;\"><span style=\"vertical-align: inherit;\"><span style=\"vertical-align: inherit;\"><span style=\"vertical-align: inherit;\"><span style=\"vertical-align: inherit;\">Secretaria de Prensa y Comunicaciones<\/span><\/span><\/span><\/span><\/span><\/span><\/span><\/span><\/span><\/span><\/span><\/span><br><strong><span style=\"vertical-align: inherit;\"><span style=\"vertical-align: inherit;\"><span style=\"vertical-align: inherit;\"><span style=\"vertical-align: inherit;\"><span style=\"vertical-align: inherit;\"><span style=\"vertical-align: inherit;\"><span style=\"vertical-align: inherit;\"><span style=\"vertical-align: inherit;\"><span style=\"vertical-align: inherit;\"><span style=\"vertical-align: inherit;\"><span style=\"vertical-align: inherit;\"><span style=\"vertical-align: inherit;\">Secretaria: Juli\u00e1n Garc\u00eda Wren<br><\/span><\/span><\/span><\/span><\/span><\/span><\/span><\/span><\/span><\/span><\/span><\/span><\/strong><strong><span style=\"vertical-align: inherit;\"><span style=\"vertical-align: inherit;\"><span style=\"vertical-align: inherit;\"><span style=\"vertical-align: inherit;\"><span style=\"vertical-align: inherit;\"><span style=\"vertical-align: inherit;\"><span style=\"vertical-align: inherit;\"><span style=\"vertical-align: inherit;\"><span style=\"vertical-align: inherit;\"><span style=\"vertical-align: inherit;\"><span style=\"vertical-align: inherit;\"><span style=\"vertical-align: inherit;\">Direcci\u00f3n:<\/span><\/span><\/span><\/span><\/span><\/span><\/span><\/span><\/span><\/span><\/span><\/span><\/strong><span style=\"vertical-align: inherit;\"><span style=\"vertical-align: inherit;\"><span style=\"vertical-align: inherit;\"><span style=\"vertical-align: inherit;\"><span style=\"vertical-align: inherit;\"><span style=\"vertical-align: inherit;\"><span style=\"vertical-align: inherit;\"><span style=\"vertical-align: inherit;\"><span style=\"vertical-align: inherit;\"><span style=\"vertical-align: inherit;\"><span style=\"vertical-align: inherit;\"><span style=\"vertical-align: inherit;\"> Calle 11 No. 5-49 Palacio Municipal Barrio Centro<\/span><\/span><\/span><\/span><\/span><\/span><\/span><\/span><\/span><\/span><\/span><\/span><br><strong><span style=\"vertical-align: inherit;\"><span style=\"vertical-align: inherit;\"><span style=\"vertical-align: inherit;\"><span style=\"vertical-align: inherit;\"><span style=\"vertical-align: inherit;\"><span style=\"vertical-align: inherit;\"><span style=\"vertical-align: inherit;\"><span style=\"vertical-align: inherit;\"><span style=\"vertical-align: inherit;\"><span style=\"vertical-align: inherit;\"><span style=\"vertical-align: inherit;\"><span style=\"vertical-align: inherit;\">Email:<\/span><\/span><\/span><\/span><\/span><\/span><\/span><\/span><\/span><\/span><\/span><\/span><\/strong><span style=\"vertical-align: inherit;\"><span style=\"vertical-align: inherit;\"><span style=\"vertical-align: inherit;\"><span style=\"vertical-align: inherit;\"><span style=\"vertical-align: inherit;\"><span style=\"vertical-align: inherit;\"><span style=\"vertical-align: inherit;\"><span style=\"vertical-align: inherit;\"><span style=\"vertical-align: inherit;\"><span style=\"vertical-align: inherit;\"><span style=\"vertical-align: inherit;\"><span style=\"vertical-align: inherit;\"> julian.garcia@cucuta.gov.co<\/span><\/span><\/span><\/span><\/span><\/span><\/span><\/span><\/span><\/span><\/span><\/span><\/p>\t\t\t\t\t\t<\/div>\n\t\t\t\t<\/div>\n\t\t\t\t<div class=\"elementor-element elementor-element-451f8a9 elementor-widget elementor-widget-text-editor\" data-id=\"451f8a9\" data-element_type=\"widget\" data-widget_type=\"text-editor.default\">\n\t\t\t\t<div class=\"elementor-widget-container\">\n\t\t\t\t\t\t\t<p><a href=\"http:\/\/200.116.213.140\/pagina\/s-prensa-quienes-somos\/\" target=\"_blank\"><strong>M\u00e1s informaci\u00f3n de esta dependencia<\/strong> <i class=\"fa fa-arrow-right\"><\/i><\/a><\/p>\t\t\t\t\t\t<\/div>\n\t\t\t\t<\/div>\n\t\t\t\t\t<\/div>\n\t\t<\/div>\n\t\t\t\t<div class=\"elementor-column elementor-col-33 elementor-inner-column elementor-element elementor-element-742414e\" data-id=\"742414e\" data-element_type=\"column\">\n\t\t\t<div class=\"elementor-widget-wrap\">\n\t\t\t\t\t\t\t<\/div>\n\t\t<\/div>\n\t\t\t\t\t<\/div>\n\t\t<\/section>\n\t\t\t\t<section class=\"elementor-section elementor-inner-section elementor-element elementor-element-d5d8f78 imagen8, hidden elementor-section-boxed elementor-section-height-default elementor-section-height-default\" data-id=\"d5d8f78\" data-element_type=\"section\" id=\"8\" data-settings=\"{&quot;background_background&quot;:&quot;classic&quot;}\">\n\t\t\t\t\t\t<div class=\"elementor-container elementor-column-gap-default\">\n\t\t\t\t\t<div class=\"elementor-column elementor-col-33 elementor-inner-column elementor-element elementor-element-319cf14\" data-id=\"319cf14\" data-element_type=\"column\">\n\t\t\t<div class=\"elementor-widget-wrap elementor-element-populated\">\n\t\t\t\t\t\t<div class=\"elementor-element elementor-element-2d1060a elementor-widget elementor-widget-image\" data-id=\"2d1060a\" data-element_type=\"widget\" data-widget_type=\"image.default\">\n\t\t\t\t<div class=\"elementor-widget-container\">\n\t\t\t\t\t\t\t\t\t\t\t\t\t<img loading=\"lazy\" decoding=\"async\" width=\"800\" height=\"800\" src=\"http:\/\/8.243.70.68\/pagina\/wp-content\/uploads\/2021\/10\/SECRETARIA-DE-GOBIERNO.png\" class=\"attachment-large size-large wp-image-11256\" alt=\"\" srcset=\"http:\/\/8.243.70.68\/pagina\/wp-content\/uploads\/2021\/10\/SECRETARIA-DE-GOBIERNO.png 1024w, http:\/\/8.243.70.68\/pagina\/wp-content\/uploads\/2021\/10\/SECRETARIA-DE-GOBIERNO-300x300.png 300w, http:\/\/8.243.70.68\/pagina\/wp-content\/uploads\/2021\/10\/SECRETARIA-DE-GOBIERNO-150x150.png 150w, http:\/\/8.243.70.68\/pagina\/wp-content\/uploads\/2021\/10\/SECRETARIA-DE-GOBIERNO-768x768.png 768w\" sizes=\"(max-width: 800px) 100vw, 800px\" \/>\t\t\t\t\t\t\t\t\t\t\t\t\t<\/div>\n\t\t\t\t<\/div>\n\t\t\t\t\t<\/div>\n\t\t<\/div>\n\t\t\t\t<div class=\"elementor-column elementor-col-33 elementor-inner-column elementor-element elementor-element-b94d25f\" data-id=\"b94d25f\" data-element_type=\"column\">\n\t\t\t<div class=\"elementor-widget-wrap elementor-element-populated\">\n\t\t\t\t\t\t<div class=\"elementor-element elementor-element-5185a50 elementor-widget elementor-widget-heading\" data-id=\"5185a50\" data-element_type=\"widget\" data-widget_type=\"heading.default\">\n\t\t\t\t<div class=\"elementor-widget-container\">\n\t\t\t<h2 class=\"elementor-heading-title elementor-size-default\"><span>Todos nuestros esfuerzos est\u00e1n enfocados en garantizar que los ni\u00f1os, ni\u00f1as, adolescentes y j\u00f3venes puedan gozar de educaci\u00f3n de calidad. Ese fue el encargo del alcalde Jairo Y\u00e1\u00f1ez y as\u00ed lo vamos a hacer\u201d.<\/span><\/h2>\t\t<\/div>\n\t\t\t\t<\/div>\n\t\t\t\t<div class=\"elementor-element elementor-element-041cedd elementor-widget elementor-widget-text-editor\" data-id=\"041cedd\" data-element_type=\"widget\" data-widget_type=\"text-editor.default\">\n\t\t\t\t<div class=\"elementor-widget-container\">\n\t\t\t\t\t\t\t<p><strong><span style=\"vertical-align: inherit;\"><span style=\"vertical-align: inherit;\"><span style=\"vertical-align: inherit;\"><span style=\"vertical-align: inherit;\"><span style=\"vertical-align: inherit;\"><span style=\"vertical-align: inherit;\"><span style=\"vertical-align: inherit;\"><span style=\"vertical-align: inherit;\"><span style=\"vertical-align: inherit;\"><span style=\"vertical-align: inherit;\">Dependencia:<\/span><\/span><\/span><\/span><\/span><\/span><\/span><\/span><\/span><\/span><\/strong><span style=\"vertical-align: inherit;\"><span style=\"vertical-align: inherit;\"><span style=\"vertical-align: inherit;\"><span style=\"vertical-align: inherit;\"><span style=\"vertical-align: inherit;\"><span style=\"vertical-align: inherit;\"><span style=\"vertical-align: inherit;\"><span style=\"vertical-align: inherit;\"><span style=\"vertical-align: inherit;\"><span style=\"vertical-align: inherit;\"> Secretar\u00eda de Gobierno<\/span><\/span><\/span><\/span><\/span><\/span><\/span><\/span><\/span><\/span><br \/><strong><span style=\"vertical-align: inherit;\"><span style=\"vertical-align: inherit;\"><span style=\"vertical-align: inherit;\"><span style=\"vertical-align: inherit;\"><span style=\"vertical-align: inherit;\"><span style=\"vertical-align: inherit;\"><span style=\"vertical-align: inherit;\"><span style=\"vertical-align: inherit;\"><span style=\"vertical-align: inherit;\"><span style=\"vertical-align: inherit;\">Secretario: Cristian Alberto Buitrago Rueda<br \/><\/span><\/span><\/span><\/span><\/span><\/span><\/span><\/span><\/span><\/span><\/strong><strong><span style=\"vertical-align: inherit;\"><span style=\"vertical-align: inherit;\"><span style=\"vertical-align: inherit;\"><span style=\"vertical-align: inherit;\"><span style=\"vertical-align: inherit;\"><span style=\"vertical-align: inherit;\"><span style=\"vertical-align: inherit;\"><span style=\"vertical-align: inherit;\"><span style=\"vertical-align: inherit;\"><span style=\"vertical-align: inherit;\">Direcci\u00f3n:<\/span><\/span><\/span><\/span><\/span><\/span><\/span><\/span><\/span><\/span><\/strong><span style=\"vertical-align: inherit;\"><span style=\"vertical-align: inherit;\"><span style=\"vertical-align: inherit;\"><span style=\"vertical-align: inherit;\"><span style=\"vertical-align: inherit;\"><span style=\"vertical-align: inherit;\"><span style=\"vertical-align: inherit;\"><span style=\"vertical-align: inherit;\"><span style=\"vertical-align: inherit;\"><span style=\"vertical-align: inherit;\"> Calle 11 No. 5-49 Palacio Municipal Barrio Centro \u2013 Piso 3 OF. 303<\/span><\/span><\/span><\/span><\/span><\/span><\/span><\/span><\/span><\/span><br \/><strong><span style=\"vertical-align: inherit;\"><span style=\"vertical-align: inherit;\"><span style=\"vertical-align: inherit;\"><span style=\"vertical-align: inherit;\"><span style=\"vertical-align: inherit;\"><span style=\"vertical-align: inherit;\"><span style=\"vertical-align: inherit;\"><span style=\"vertical-align: inherit;\"><span style=\"vertical-align: inherit;\"><span style=\"vertical-align: inherit;\">Email:<\/span><\/span><\/span><\/span><\/span><\/span><\/span><\/span><\/span><\/span><\/strong><span style=\"vertical-align: inherit;\"><span style=\"vertical-align: inherit;\"><span style=\"vertical-align: inherit;\"><span style=\"vertical-align: inherit;\"><span style=\"vertical-align: inherit;\"><span style=\"vertical-align: inherit;\"><span style=\"vertical-align: inherit;\"><span style=\"vertical-align: inherit;\"><span style=\"vertical-align: inherit;\"><span style=\"vertical-align: inherit;\"> cristian.buitrago@cucuta.gov.co<\/span><\/span><\/span><\/span><\/span><\/span><\/span><\/span><\/span><\/span><\/p>\t\t\t\t\t\t<\/div>\n\t\t\t\t<\/div>\n\t\t\t\t<div class=\"elementor-element elementor-element-03262ff elementor-widget elementor-widget-text-editor\" data-id=\"03262ff\" data-element_type=\"widget\" data-widget_type=\"text-editor.default\">\n\t\t\t\t<div class=\"elementor-widget-container\">\n\t\t\t\t\t\t\t<p><a href=\"http:\/\/200.116.213.140\/pagina\/s-gobierno-quienes-somos\/\" target=\"_blank\"><strong>M\u00e1s informaci\u00f3n de esta dependencia<\/strong> <i class=\"fa fa-arrow-right\"><\/i><\/a><\/p>\t\t\t\t\t\t<\/div>\n\t\t\t\t<\/div>\n\t\t\t\t\t<\/div>\n\t\t<\/div>\n\t\t\t\t<div class=\"elementor-column elementor-col-33 elementor-inner-column elementor-element elementor-element-081b80b\" data-id=\"081b80b\" data-element_type=\"column\">\n\t\t\t<div class=\"elementor-widget-wrap\">\n\t\t\t\t\t\t\t<\/div>\n\t\t<\/div>\n\t\t\t\t\t<\/div>\n\t\t<\/section>\n\t\t\t\t<section class=\"elementor-section elementor-inner-section elementor-element elementor-element-8d9d20b imagen9, hidden elementor-section-boxed elementor-section-height-default elementor-section-height-default\" data-id=\"8d9d20b\" data-element_type=\"section\" id=\"9\" data-settings=\"{&quot;background_background&quot;:&quot;classic&quot;}\">\n\t\t\t\t\t\t<div class=\"elementor-container elementor-column-gap-default\">\n\t\t\t\t\t<div class=\"elementor-column elementor-col-33 elementor-inner-column elementor-element elementor-element-4fa60cc\" data-id=\"4fa60cc\" data-element_type=\"column\">\n\t\t\t<div class=\"elementor-widget-wrap elementor-element-populated\">\n\t\t\t\t\t\t<div class=\"elementor-element elementor-element-97733ea elementor-widget elementor-widget-image\" data-id=\"97733ea\" data-element_type=\"widget\" data-widget_type=\"image.default\">\n\t\t\t\t<div class=\"elementor-widget-container\">\n\t\t\t\t\t\t\t\t\t\t\t\t\t<img loading=\"lazy\" decoding=\"async\" width=\"800\" height=\"800\" src=\"http:\/\/8.243.70.68\/pagina\/wp-content\/uploads\/2021\/10\/SECRETARIA-DEL-TESORO.png\" class=\"attachment-large size-large wp-image-11257\" alt=\"\" srcset=\"http:\/\/8.243.70.68\/pagina\/wp-content\/uploads\/2021\/10\/SECRETARIA-DEL-TESORO.png 1024w, http:\/\/8.243.70.68\/pagina\/wp-content\/uploads\/2021\/10\/SECRETARIA-DEL-TESORO-300x300.png 300w, http:\/\/8.243.70.68\/pagina\/wp-content\/uploads\/2021\/10\/SECRETARIA-DEL-TESORO-150x150.png 150w, http:\/\/8.243.70.68\/pagina\/wp-content\/uploads\/2021\/10\/SECRETARIA-DEL-TESORO-768x768.png 768w\" sizes=\"(max-width: 800px) 100vw, 800px\" \/>\t\t\t\t\t\t\t\t\t\t\t\t\t<\/div>\n\t\t\t\t<\/div>\n\t\t\t\t\t<\/div>\n\t\t<\/div>\n\t\t\t\t<div class=\"elementor-column elementor-col-33 elementor-inner-column elementor-element elementor-element-8e48fca\" data-id=\"8e48fca\" data-element_type=\"column\">\n\t\t\t<div class=\"elementor-widget-wrap elementor-element-populated\">\n\t\t\t\t\t\t<div class=\"elementor-element elementor-element-1ea76e0 elementor-widget elementor-widget-heading\" data-id=\"1ea76e0\" data-element_type=\"widget\" data-widget_type=\"heading.default\">\n\t\t\t\t<div class=\"elementor-widget-container\">\n\t\t\t<h2 class=\"elementor-heading-title elementor-size-default\">todos nuestros est\u00e1n enfocados en garantizar que los ni\u00f1os, ni\u00f1as, adolescentes y j\u00f3venes puedan gozar de educaci\u00f3n de calidad. Ese fue el encargo del alcalde Jario Y\u00e1\u00f1ez y as\u00ed lo vamos a hacer\u201d<\/h2>\t\t<\/div>\n\t\t\t\t<\/div>\n\t\t\t\t<div class=\"elementor-element elementor-element-4dfbc1b elementor-widget elementor-widget-text-editor\" data-id=\"4dfbc1b\" data-element_type=\"widget\" data-widget_type=\"text-editor.default\">\n\t\t\t\t<div class=\"elementor-widget-container\">\n\t\t\t\t\t\t\t<p><strong><span style=\"vertical-align: inherit;\"><span style=\"vertical-align: inherit;\"><span style=\"vertical-align: inherit;\"><span style=\"vertical-align: inherit;\"><span style=\"vertical-align: inherit;\"><span style=\"vertical-align: inherit;\"><span style=\"vertical-align: inherit;\"><span style=\"vertical-align: inherit;\"><span style=\"vertical-align: inherit;\"><span style=\"vertical-align: inherit;\"><span style=\"vertical-align: inherit;\"><span style=\"vertical-align: inherit;\">Dependencia:<\/span><\/span><\/span><\/span><\/span><\/span><\/span><\/span><\/span><\/span><\/span><\/span><\/strong><span style=\"vertical-align: inherit;\"><span style=\"vertical-align: inherit;\"><span style=\"vertical-align: inherit;\"><span style=\"vertical-align: inherit;\"><span style=\"vertical-align: inherit;\"><span style=\"vertical-align: inherit;\"><span style=\"vertical-align: inherit;\"><span style=\"vertical-align: inherit;\"><span style=\"vertical-align: inherit;\"><span style=\"vertical-align: inherit;\"><span style=\"vertical-align: inherit;\"><span style=\"vertical-align: inherit;\"> Secretar\u00eda del tesoro<\/span><\/span><\/span><\/span><\/span><\/span><\/span><\/span><\/span><\/span><\/span><\/span><br \/><strong><span style=\"vertical-align: inherit;\"><span style=\"vertical-align: inherit;\"><span style=\"vertical-align: inherit;\"><span style=\"vertical-align: inherit;\"><span style=\"vertical-align: inherit;\"><span style=\"vertical-align: inherit;\"><span style=\"vertical-align: inherit;\"><span style=\"vertical-align: inherit;\"><span style=\"vertical-align: inherit;\"><span style=\"vertical-align: inherit;\"><span style=\"vertical-align: inherit;\"><span style=\"vertical-align: inherit;\">Secretario: Guillermo P\u00e9rez Guarnizo<br \/><\/span><\/span><\/span><\/span><\/span><\/span><\/span><\/span><\/span><\/span><\/span><\/span><\/strong><strong><span style=\"vertical-align: inherit;\"><span style=\"vertical-align: inherit;\"><span style=\"vertical-align: inherit;\"><span style=\"vertical-align: inherit;\"><span style=\"vertical-align: inherit;\"><span style=\"vertical-align: inherit;\"><span style=\"vertical-align: inherit;\"><span style=\"vertical-align: inherit;\"><span style=\"vertical-align: inherit;\"><span style=\"vertical-align: inherit;\"><span style=\"vertical-align: inherit;\"><span style=\"vertical-align: inherit;\">Direcci\u00f3n:<\/span><\/span><\/span><\/span><\/span><\/span><\/span><\/span><\/span><\/span><\/span><\/span><\/strong><span style=\"vertical-align: inherit;\"><span style=\"vertical-align: inherit;\"><span style=\"vertical-align: inherit;\"><span style=\"vertical-align: inherit;\"><span style=\"vertical-align: inherit;\"><span style=\"vertical-align: inherit;\"><span style=\"vertical-align: inherit;\"><span style=\"vertical-align: inherit;\"><span style=\"vertical-align: inherit;\"><span style=\"vertical-align: inherit;\"><span style=\"vertical-align: inherit;\"><span style=\"vertical-align: inherit;\"> Calle 11 No. 5-49 Palacio Municipal Barrio Centro\u00a0 &#8211;<\/span><\/span><\/span><\/span><\/span><\/span><\/span><\/span><\/span><\/span><\/span><\/span>Piso 2<br \/><strong><span style=\"vertical-align: inherit;\"><span style=\"vertical-align: inherit;\"><span style=\"vertical-align: inherit;\"><span style=\"vertical-align: inherit;\"><span style=\"vertical-align: inherit;\"><span style=\"vertical-align: inherit;\"><span style=\"vertical-align: inherit;\"><span style=\"vertical-align: inherit;\"><span style=\"vertical-align: inherit;\"><span style=\"vertical-align: inherit;\"><span style=\"vertical-align: inherit;\"><span style=\"vertical-align: inherit;\">Email: <\/span><\/span><\/span><\/span><\/span><\/span><\/span><\/span><\/span><\/span><\/span><\/span><\/strong>guillermo.perez@cucuta.gov.co\u00a0\u200b<\/p>\t\t\t\t\t\t<\/div>\n\t\t\t\t<\/div>\n\t\t\t\t<div class=\"elementor-element elementor-element-d459900 elementor-widget elementor-widget-text-editor\" data-id=\"d459900\" data-element_type=\"widget\" data-widget_type=\"text-editor.default\">\n\t\t\t\t<div class=\"elementor-widget-container\">\n\t\t\t\t\t\t\t<p><a href=\"http:\/\/200.116.213.140\/pagina\/s-tesoro-quienes-somos\/\" target=\"_blank\"><strong>M\u00e1s informaci\u00f3n de esta dependencia<\/strong> <i class=\"fa fa-arrow-right\"><\/i><\/a><\/p>\t\t\t\t\t\t<\/div>\n\t\t\t\t<\/div>\n\t\t\t\t\t<\/div>\n\t\t<\/div>\n\t\t\t\t<div class=\"elementor-column elementor-col-33 elementor-inner-column elementor-element elementor-element-a63c87e\" data-id=\"a63c87e\" data-element_type=\"column\">\n\t\t\t<div class=\"elementor-widget-wrap\">\n\t\t\t\t\t\t\t<\/div>\n\t\t<\/div>\n\t\t\t\t\t<\/div>\n\t\t<\/section>\n\t\t\t\t<section class=\"elementor-section elementor-inner-section elementor-element elementor-element-611e53d imagen10, hidden elementor-section-boxed elementor-section-height-default elementor-section-height-default\" data-id=\"611e53d\" data-element_type=\"section\" id=\"10\" data-settings=\"{&quot;background_background&quot;:&quot;classic&quot;}\">\n\t\t\t\t\t\t<div class=\"elementor-container elementor-column-gap-default\">\n\t\t\t\t\t<div class=\"elementor-column elementor-col-33 elementor-inner-column elementor-element elementor-element-9677c97\" data-id=\"9677c97\" data-element_type=\"column\">\n\t\t\t<div class=\"elementor-widget-wrap elementor-element-populated\">\n\t\t\t\t\t\t<div class=\"elementor-element elementor-element-03ac19e elementor-widget elementor-widget-image\" data-id=\"03ac19e\" data-element_type=\"widget\" data-widget_type=\"image.default\">\n\t\t\t\t<div class=\"elementor-widget-container\">\n\t\t\t\t\t\t\t\t\t\t\t\t\t<img loading=\"lazy\" decoding=\"async\" width=\"800\" height=\"800\" src=\"http:\/\/8.243.70.68\/pagina\/wp-content\/uploads\/2021\/10\/SECRETARIA-GESTION-DEL-RIESGO-DE-DESASTRES.png\" class=\"attachment-large size-large wp-image-11262\" alt=\"\" srcset=\"http:\/\/8.243.70.68\/pagina\/wp-content\/uploads\/2021\/10\/SECRETARIA-GESTION-DEL-RIESGO-DE-DESASTRES.png 1024w, http:\/\/8.243.70.68\/pagina\/wp-content\/uploads\/2021\/10\/SECRETARIA-GESTION-DEL-RIESGO-DE-DESASTRES-300x300.png 300w, http:\/\/8.243.70.68\/pagina\/wp-content\/uploads\/2021\/10\/SECRETARIA-GESTION-DEL-RIESGO-DE-DESASTRES-150x150.png 150w, http:\/\/8.243.70.68\/pagina\/wp-content\/uploads\/2021\/10\/SECRETARIA-GESTION-DEL-RIESGO-DE-DESASTRES-768x768.png 768w\" sizes=\"(max-width: 800px) 100vw, 800px\" \/>\t\t\t\t\t\t\t\t\t\t\t\t\t<\/div>\n\t\t\t\t<\/div>\n\t\t\t\t\t<\/div>\n\t\t<\/div>\n\t\t\t\t<div class=\"elementor-column elementor-col-33 elementor-inner-column elementor-element elementor-element-d88bf09\" data-id=\"d88bf09\" data-element_type=\"column\">\n\t\t\t<div class=\"elementor-widget-wrap elementor-element-populated\">\n\t\t\t\t\t\t<div class=\"elementor-element elementor-element-7f6e5d4 elementor-widget elementor-widget-heading\" data-id=\"7f6e5d4\" data-element_type=\"widget\" data-widget_type=\"heading.default\">\n\t\t\t\t<div class=\"elementor-widget-container\">\n\t\t\t<h2 class=\"elementor-heading-title elementor-size-default\"><span>Todos nuestros esfuerzos est\u00e1n enfocados en garantizar que los ni\u00f1os, ni\u00f1as, adolescentes y j\u00f3venes puedan gozar de educaci\u00f3n de calidad. Ese fue el encargo del alcalde Jairo Y\u00e1\u00f1ez y as\u00ed lo vamos a hacer\u201d.<\/span><\/h2>\t\t<\/div>\n\t\t\t\t<\/div>\n\t\t\t\t<div class=\"elementor-element elementor-element-3414892 elementor-widget elementor-widget-text-editor\" data-id=\"3414892\" data-element_type=\"widget\" data-widget_type=\"text-editor.default\">\n\t\t\t\t<div class=\"elementor-widget-container\">\n\t\t\t\t\t\t\t<p><strong><span style=\"vertical-align: inherit;\"><span style=\"vertical-align: inherit;\"><span style=\"vertical-align: inherit;\"><span style=\"vertical-align: inherit;\"><span style=\"vertical-align: inherit;\"><span style=\"vertical-align: inherit;\"><span style=\"vertical-align: inherit;\"><span style=\"vertical-align: inherit;\"><span style=\"vertical-align: inherit;\"><span style=\"vertical-align: inherit;\"><span style=\"vertical-align: inherit;\"><span style=\"vertical-align: inherit;\">Dependencia:<\/span><\/span><\/span><\/span><\/span><\/span><\/span><\/span><\/span><\/span><\/span><\/span><\/strong><span style=\"vertical-align: inherit;\"><span style=\"vertical-align: inherit;\"><span style=\"vertical-align: inherit;\"><span style=\"vertical-align: inherit;\"><span style=\"vertical-align: inherit;\"><span style=\"vertical-align: inherit;\"><span style=\"vertical-align: inherit;\"><span style=\"vertical-align: inherit;\"><span style=\"vertical-align: inherit;\"><span style=\"vertical-align: inherit;\"><span style=\"vertical-align: inherit;\"><span style=\"vertical-align: inherit;\"> Secretar\u00eda\u00a0 Gesti\u00f3n de Riesgos y Desastres<\/span><\/span><\/span><\/span><\/span><\/span><\/span><\/span><\/span><\/span><\/span><\/span><br \/><strong><span style=\"vertical-align: inherit;\"><span style=\"vertical-align: inherit;\"><span style=\"vertical-align: inherit;\"><span style=\"vertical-align: inherit;\"><span style=\"vertical-align: inherit;\"><span style=\"vertical-align: inherit;\"><span style=\"vertical-align: inherit;\"><span style=\"vertical-align: inherit;\"><span style=\"vertical-align: inherit;\"><span style=\"vertical-align: inherit;\"><span style=\"vertical-align: inherit;\"><span style=\"vertical-align: inherit;\">Secretario: Huber Hernando Plaza Villamizar<br \/><\/span><\/span><\/span><\/span><\/span><\/span><\/span><\/span><\/span><\/span><\/span><\/span><\/strong><strong><span style=\"vertical-align: inherit;\"><span style=\"vertical-align: inherit;\"><span style=\"vertical-align: inherit;\"><span style=\"vertical-align: inherit;\"><span style=\"vertical-align: inherit;\"><span style=\"vertical-align: inherit;\"><span style=\"vertical-align: inherit;\"><span style=\"vertical-align: inherit;\"><span style=\"vertical-align: inherit;\"><span style=\"vertical-align: inherit;\"><span style=\"vertical-align: inherit;\"><span style=\"vertical-align: inherit;\">Direcci\u00f3n:<\/span><\/span><\/span><\/span><\/span><\/span><\/span><\/span><\/span><\/span><\/span><\/span><\/strong><span style=\"vertical-align: inherit;\"><span style=\"vertical-align: inherit;\"><span style=\"vertical-align: inherit;\"><span style=\"vertical-align: inherit;\"><span style=\"vertical-align: inherit;\"><span style=\"vertical-align: inherit;\"><span style=\"vertical-align: inherit;\"><span style=\"vertical-align: inherit;\"><span style=\"vertical-align: inherit;\"><span style=\"vertical-align: inherit;\"><span style=\"vertical-align: inherit;\"><span style=\"vertical-align: inherit;\"> Calle 11 No. 5-49 Palacio Municipal Barrio Centro\u00a0\u00a0<br \/><\/span><\/span><\/span><\/span><\/span><\/span><\/span><\/span><\/span><\/span><\/span><\/span><strong><span style=\"vertical-align: inherit;\"><span style=\"vertical-align: inherit;\"><span style=\"vertical-align: inherit;\"><span style=\"vertical-align: inherit;\"><span style=\"vertical-align: inherit;\"><span style=\"vertical-align: inherit;\"><span style=\"vertical-align: inherit;\"><span style=\"vertical-align: inherit;\"><span style=\"vertical-align: inherit;\"><span style=\"vertical-align: inherit;\"><span style=\"vertical-align: inherit;\"><span style=\"vertical-align: inherit;\">Email: <\/span><\/span><\/span><\/span><\/span><\/span><\/span><\/span><\/span><\/span><\/span><\/span><\/strong>huber.plaza@cucuta.gov.co\u00a0 -cmgrd.cucuta@gestiondelriesgo.gov.co\u00a0<\/p>\t\t\t\t\t\t<\/div>\n\t\t\t\t<\/div>\n\t\t\t\t<div class=\"elementor-element elementor-element-28f6ea8 elementor-widget elementor-widget-text-editor\" data-id=\"28f6ea8\" data-element_type=\"widget\" data-widget_type=\"text-editor.default\">\n\t\t\t\t<div class=\"elementor-widget-container\">\n\t\t\t\t\t\t\t<a href=\"http:\/\/200.116.213.140\/pagina\/proyectos-en-ejecucion-de-gestion-de-riesgo-2018\/\" target=\"_blank\"><strong>M\u00e1s informaci\u00f3n de esta dependencia<\/strong> <i class=\"fa fa-arrow-right\"><\/i><\/a><\/a>\t\t\t\t\t\t<\/div>\n\t\t\t\t<\/div>\n\t\t\t\t\t<\/div>\n\t\t<\/div>\n\t\t\t\t<div class=\"elementor-column elementor-col-33 elementor-inner-column elementor-element elementor-element-944639b\" data-id=\"944639b\" data-element_type=\"column\">\n\t\t\t<div class=\"elementor-widget-wrap\">\n\t\t\t\t\t\t\t<\/div>\n\t\t<\/div>\n\t\t\t\t\t<\/div>\n\t\t<\/section>\n\t\t\t\t<section class=\"elementor-section elementor-inner-section elementor-element elementor-element-4126cf0 imagen11, hidden elementor-section-boxed elementor-section-height-default elementor-section-height-default\" data-id=\"4126cf0\" data-element_type=\"section\" id=\"11\" data-settings=\"{&quot;background_background&quot;:&quot;classic&quot;}\">\n\t\t\t\t\t\t<div class=\"elementor-container elementor-column-gap-default\">\n\t\t\t\t\t<div class=\"elementor-column elementor-col-33 elementor-inner-column elementor-element elementor-element-a979282\" data-id=\"a979282\" data-element_type=\"column\">\n\t\t\t<div class=\"elementor-widget-wrap elementor-element-populated\">\n\t\t\t\t\t\t<div class=\"elementor-element elementor-element-46f39f5 elementor-widget elementor-widget-image\" data-id=\"46f39f5\" data-element_type=\"widget\" data-widget_type=\"image.default\">\n\t\t\t\t<div class=\"elementor-widget-container\">\n\t\t\t\t\t\t\t\t\t\t\t\t\t<img loading=\"lazy\" decoding=\"async\" width=\"300\" height=\"300\" src=\"http:\/\/8.243.70.68\/pagina\/wp-content\/uploads\/2021\/10\/SECRETARIA-BANCO-DEL-PROGRESO.png\" class=\"attachment-large size-large wp-image-11756\" alt=\"\" srcset=\"http:\/\/8.243.70.68\/pagina\/wp-content\/uploads\/2021\/10\/SECRETARIA-BANCO-DEL-PROGRESO.png 300w, http:\/\/8.243.70.68\/pagina\/wp-content\/uploads\/2021\/10\/SECRETARIA-BANCO-DEL-PROGRESO-150x150.png 150w\" sizes=\"(max-width: 300px) 100vw, 300px\" \/>\t\t\t\t\t\t\t\t\t\t\t\t\t<\/div>\n\t\t\t\t<\/div>\n\t\t\t\t\t<\/div>\n\t\t<\/div>\n\t\t\t\t<div class=\"elementor-column elementor-col-33 elementor-inner-column elementor-element elementor-element-7a06852\" data-id=\"7a06852\" data-element_type=\"column\">\n\t\t\t<div class=\"elementor-widget-wrap elementor-element-populated\">\n\t\t\t\t\t\t<div class=\"elementor-element elementor-element-d7f699d elementor-widget elementor-widget-heading\" data-id=\"d7f699d\" data-element_type=\"widget\" data-widget_type=\"heading.default\">\n\t\t\t\t<div class=\"elementor-widget-container\">\n\t\t\t<h2 class=\"elementor-heading-title elementor-size-default\"><span>Todos nuestros esfuerzos est\u00e1n enfocados en garantizar que los ni\u00f1os, ni\u00f1as, adolescentes y j\u00f3venes puedan gozar de educaci\u00f3n de calidad. Ese fue el encargo del alcalde Jairo Y\u00e1\u00f1ez y as\u00ed lo vamos a hacer\u201d.<\/span><\/h2>\t\t<\/div>\n\t\t\t\t<\/div>\n\t\t\t\t<div class=\"elementor-element elementor-element-12910d7 elementor-widget elementor-widget-text-editor\" data-id=\"12910d7\" data-element_type=\"widget\" data-widget_type=\"text-editor.default\">\n\t\t\t\t<div class=\"elementor-widget-container\">\n\t\t\t\t\t\t\t<p><strong><span style=\"vertical-align: inherit;\"><span style=\"vertical-align: inherit;\"><span style=\"vertical-align: inherit;\"><span style=\"vertical-align: inherit;\"><span style=\"vertical-align: inherit;\"><span style=\"vertical-align: inherit;\"><span style=\"vertical-align: inherit;\"><span style=\"vertical-align: inherit;\"><span style=\"vertical-align: inherit;\"><span style=\"vertical-align: inherit;\"><span style=\"vertical-align: inherit;\"><span style=\"vertical-align: inherit;\">Dependencia:<\/span><\/span><\/span><\/span><\/span><\/span><\/span><\/span><\/span><\/span><\/span><\/span><\/strong><span style=\"vertical-align: inherit;\"><span style=\"vertical-align: inherit;\"><span style=\"vertical-align: inherit;\"><span style=\"vertical-align: inherit;\"><span style=\"vertical-align: inherit;\"><span style=\"vertical-align: inherit;\"><span style=\"vertical-align: inherit;\"><span style=\"vertical-align: inherit;\"><span style=\"vertical-align: inherit;\"><span style=\"vertical-align: inherit;\"><span style=\"vertical-align: inherit;\"><span style=\"vertical-align: inherit;\"> Secretar\u00eda\u00a0Banco del progreso<\/span><\/span><\/span><\/span><\/span><\/span><\/span><\/span><\/span><\/span><\/span><\/span><br \/><strong><span style=\"vertical-align: inherit;\"><span style=\"vertical-align: inherit;\"><span style=\"vertical-align: inherit;\"><span style=\"vertical-align: inherit;\"><span style=\"vertical-align: inherit;\"><span style=\"vertical-align: inherit;\"><span style=\"vertical-align: inherit;\"><span style=\"vertical-align: inherit;\"><span style=\"vertical-align: inherit;\"><span style=\"vertical-align: inherit;\"><span style=\"vertical-align: inherit;\"><span style=\"vertical-align: inherit;\">Secretario: Juan Diego Pe\u00f1a Canal<br \/><\/span><\/span><\/span><\/span><\/span><\/span><\/span><\/span><\/span><\/span><\/span><\/span><\/strong><strong><span style=\"vertical-align: inherit;\"><span style=\"vertical-align: inherit;\"><span style=\"vertical-align: inherit;\"><span style=\"vertical-align: inherit;\"><span style=\"vertical-align: inherit;\"><span style=\"vertical-align: inherit;\"><span style=\"vertical-align: inherit;\"><span style=\"vertical-align: inherit;\"><span style=\"vertical-align: inherit;\"><span style=\"vertical-align: inherit;\"><span style=\"vertical-align: inherit;\"><span style=\"vertical-align: inherit;\">Direcci\u00f3n:<\/span><\/span><\/span><\/span><\/span><\/span><\/span><\/span><\/span><\/span><\/span><\/span><\/strong><span style=\"vertical-align: inherit;\"><span style=\"vertical-align: inherit;\"><span style=\"vertical-align: inherit;\"><span style=\"vertical-align: inherit;\"><span style=\"vertical-align: inherit;\"><span style=\"vertical-align: inherit;\"><span style=\"vertical-align: inherit;\"><span style=\"vertical-align: inherit;\"><span style=\"vertical-align: inherit;\"><span style=\"vertical-align: inherit;\"><span style=\"vertical-align: inherit;\"><span style=\"vertical-align: inherit;\"> Calle 10 #0E-16 Edificio Centro Empresarial, Hotel Tonchal\u00e1 (3er piso)<br \/><\/span><\/span><\/span><\/span><\/span><\/span><\/span><\/span><\/span><\/span><\/span><\/span><strong><span style=\"vertical-align: inherit;\"><span style=\"vertical-align: inherit;\"><span style=\"vertical-align: inherit;\"><span style=\"vertical-align: inherit;\"><span style=\"vertical-align: inherit;\"><span style=\"vertical-align: inherit;\"><span style=\"vertical-align: inherit;\"><span style=\"vertical-align: inherit;\"><span style=\"vertical-align: inherit;\"><span style=\"vertical-align: inherit;\"><span style=\"vertical-align: inherit;\"><span style=\"vertical-align: inherit;\">Email: <\/span><\/span><\/span><\/span><\/span><\/span><\/span><\/span><\/span><\/span><\/span><\/span><\/strong><span style=\"vertical-align: inherit;\"><span style=\"vertical-align: inherit;\"><span style=\"vertical-align: inherit;\"><span style=\"vertical-align: inherit;\"><span style=\"vertical-align: inherit;\"><span style=\"vertical-align: inherit;\"><span style=\"vertical-align: inherit;\"><span style=\"vertical-align: inherit;\"><span style=\"vertical-align: inherit;\"><span style=\"vertical-align: inherit;\"><span style=\"vertical-align: inherit;\"><span style=\"vertical-align: inherit;\">juan.pena@cucuta.gov.co<\/span><\/span><\/span><\/span><\/span><\/span><\/span><\/span><\/span><\/span><\/span><\/span>\u00a0<\/p>\t\t\t\t\t\t<\/div>\n\t\t\t\t<\/div>\n\t\t\t\t<div class=\"elementor-element elementor-element-ab394ad elementor-widget elementor-widget-text-editor\" data-id=\"ab394ad\" data-element_type=\"widget\" data-widget_type=\"text-editor.default\">\n\t\t\t\t<div class=\"elementor-widget-container\">\n\t\t\t\t\t\t\t<a href=\"http:\/\/200.116.213.140\/pagina\/proyectos-en-ejecucion-de-gestion-de-riesgo-2018\/\" target=\"_blank\"><strong>M\u00e1s informaci\u00f3n de esta dependencia<\/strong> <i class=\"fa fa-arrow-right\"><\/i><\/a><\/a>\t\t\t\t\t\t<\/div>\n\t\t\t\t<\/div>\n\t\t\t\t\t<\/div>\n\t\t<\/div>\n\t\t\t\t<div class=\"elementor-column elementor-col-33 elementor-inner-column elementor-element elementor-element-eb2d9ea\" data-id=\"eb2d9ea\" data-element_type=\"column\">\n\t\t\t<div class=\"elementor-widget-wrap\">\n\t\t\t\t\t\t\t<\/div>\n\t\t<\/div>\n\t\t\t\t\t<\/div>\n\t\t<\/section>\n\t\t\t\t<section class=\"elementor-section elementor-inner-section elementor-element elementor-element-8d1c011 imagen12, hidden elementor-section-boxed elementor-section-height-default elementor-section-height-default\" data-id=\"8d1c011\" data-element_type=\"section\" id=\"12\" data-settings=\"{&quot;background_background&quot;:&quot;classic&quot;}\">\n\t\t\t\t\t\t<div class=\"elementor-container elementor-column-gap-default\">\n\t\t\t\t\t<div class=\"elementor-column elementor-col-33 elementor-inner-column elementor-element elementor-element-87ad204\" data-id=\"87ad204\" data-element_type=\"column\">\n\t\t\t<div class=\"elementor-widget-wrap elementor-element-populated\">\n\t\t\t\t\t\t<div class=\"elementor-element elementor-element-89ac130 elementor-widget elementor-widget-image\" data-id=\"89ac130\" data-element_type=\"widget\" data-widget_type=\"image.default\">\n\t\t\t\t<div class=\"elementor-widget-container\">\n\t\t\t\t\t\t\t\t\t\t\t\t\t<img loading=\"lazy\" decoding=\"async\" width=\"300\" height=\"300\" src=\"http:\/\/8.243.70.68\/pagina\/wp-content\/uploads\/2021\/10\/SECRETARIA-DE-TRANSITO-Y-TRANSPORTE.png\" class=\"attachment-large size-large wp-image-11776\" alt=\"\" srcset=\"http:\/\/8.243.70.68\/pagina\/wp-content\/uploads\/2021\/10\/SECRETARIA-DE-TRANSITO-Y-TRANSPORTE.png 300w, http:\/\/8.243.70.68\/pagina\/wp-content\/uploads\/2021\/10\/SECRETARIA-DE-TRANSITO-Y-TRANSPORTE-150x150.png 150w\" sizes=\"(max-width: 300px) 100vw, 300px\" \/>\t\t\t\t\t\t\t\t\t\t\t\t\t<\/div>\n\t\t\t\t<\/div>\n\t\t\t\t\t<\/div>\n\t\t<\/div>\n\t\t\t\t<div class=\"elementor-column elementor-col-33 elementor-inner-column elementor-element elementor-element-f269aff\" data-id=\"f269aff\" data-element_type=\"column\">\n\t\t\t<div class=\"elementor-widget-wrap elementor-element-populated\">\n\t\t\t\t\t\t<div class=\"elementor-element elementor-element-5af2504 elementor-widget elementor-widget-heading\" data-id=\"5af2504\" data-element_type=\"widget\" data-widget_type=\"heading.default\">\n\t\t\t\t<div class=\"elementor-widget-container\">\n\t\t\t<h2 class=\"elementor-heading-title elementor-size-default\"><span>Todos nuestros esfuerzos est\u00e1n enfocados en garantizar que los ni\u00f1os, ni\u00f1as, adolescentes y j\u00f3venes puedan gozar de educaci\u00f3n de calidad. Ese fue el encargo del alcalde Jairo Y\u00e1\u00f1ez y as\u00ed lo vamos a hacer\u201d.<\/span><\/h2>\t\t<\/div>\n\t\t\t\t<\/div>\n\t\t\t\t<div class=\"elementor-element elementor-element-192a536 elementor-widget elementor-widget-text-editor\" data-id=\"192a536\" data-element_type=\"widget\" data-widget_type=\"text-editor.default\">\n\t\t\t\t<div class=\"elementor-widget-container\">\n\t\t\t\t\t\t\t<p><strong><span style=\"vertical-align: inherit;\"><span style=\"vertical-align: inherit;\"><span style=\"vertical-align: inherit;\"><span style=\"vertical-align: inherit;\"><span style=\"vertical-align: inherit;\"><span style=\"vertical-align: inherit;\"><span style=\"vertical-align: inherit;\"><span style=\"vertical-align: inherit;\"><span style=\"vertical-align: inherit;\"><span style=\"vertical-align: inherit;\"><span style=\"vertical-align: inherit;\"><span style=\"vertical-align: inherit;\">Dependencia:<\/span><\/span><\/span><\/span><\/span><\/span><\/span><\/span><\/span><\/span><\/span><\/span><\/strong><span style=\"vertical-align: inherit;\"><span style=\"vertical-align: inherit;\"><span style=\"vertical-align: inherit;\"><span style=\"vertical-align: inherit;\"><span style=\"vertical-align: inherit;\"><span style=\"vertical-align: inherit;\"><span style=\"vertical-align: inherit;\"><span style=\"vertical-align: inherit;\"><span style=\"vertical-align: inherit;\"><span style=\"vertical-align: inherit;\"><span style=\"vertical-align: inherit;\"><span style=\"vertical-align: inherit;\"> Secretar\u00eda de Tr\u00e1nsito y Transporte<\/span><\/span><\/span><\/span><\/span><\/span><\/span><\/span><\/span><\/span><\/span><\/span><br \/><strong><span style=\"vertical-align: inherit;\"><span style=\"vertical-align: inherit;\"><span style=\"vertical-align: inherit;\"><span style=\"vertical-align: inherit;\"><span style=\"vertical-align: inherit;\"><span style=\"vertical-align: inherit;\"><span style=\"vertical-align: inherit;\"><span style=\"vertical-align: inherit;\"><span style=\"vertical-align: inherit;\"><span style=\"vertical-align: inherit;\"><span style=\"vertical-align: inherit;\"><span style=\"vertical-align: inherit;\">Secretario: Jorge Mayid Gene<b>\u00a0<\/b><br \/><\/span><\/span><\/span><\/span><\/span><\/span><\/span><\/span><\/span><\/span><\/span><\/span><\/strong><strong><span style=\"vertical-align: inherit;\"><span style=\"vertical-align: inherit;\"><span style=\"vertical-align: inherit;\"><span style=\"vertical-align: inherit;\"><span style=\"vertical-align: inherit;\"><span style=\"vertical-align: inherit;\"><span style=\"vertical-align: inherit;\"><span style=\"vertical-align: inherit;\"><span style=\"vertical-align: inherit;\"><span style=\"vertical-align: inherit;\"><span style=\"vertical-align: inherit;\"><span style=\"vertical-align: inherit;\">Direcci\u00f3n:<\/span><\/span><\/span><\/span><\/span><\/span><\/span><\/span><\/span><\/span><\/span><\/span><\/strong><span style=\"vertical-align: inherit;\"><span style=\"vertical-align: inherit;\"><span style=\"vertical-align: inherit;\"><span style=\"vertical-align: inherit;\"><span style=\"vertical-align: inherit;\"><span style=\"vertical-align: inherit;\"><span style=\"vertical-align: inherit;\"><span style=\"vertical-align: inherit;\"><span style=\"vertical-align: inherit;\"><span style=\"vertical-align: inherit;\"><span style=\"vertical-align: inherit;\"><span style=\"vertical-align: inherit;\"> Avenida Demetrio Mendoza No. 21-73 San Mateo C\u00facuta<\/span><\/span><\/span><\/span><\/span><\/span><\/span><\/span><\/span><\/span><\/span><\/span><span style=\"vertical-align: inherit;\"><span style=\"vertical-align: inherit;\"><span style=\"vertical-align: inherit;\"><span style=\"vertical-align: inherit;\"><span style=\"vertical-align: inherit;\"><span style=\"vertical-align: inherit;\"><span style=\"vertical-align: inherit;\"><span style=\"vertical-align: inherit;\"><span style=\"vertical-align: inherit;\"><span style=\"vertical-align: inherit;\"><span style=\"vertical-align: inherit;\"><span style=\"vertical-align: inherit;\"><br \/><\/span><\/span><\/span><\/span><\/span><\/span><\/span><\/span><\/span><\/span><\/span><\/span><strong><span style=\"vertical-align: inherit;\"><span style=\"vertical-align: inherit;\"><span style=\"vertical-align: inherit;\"><span style=\"vertical-align: inherit;\"><span style=\"vertical-align: inherit;\"><span style=\"vertical-align: inherit;\"><span style=\"vertical-align: inherit;\"><span style=\"vertical-align: inherit;\"><span style=\"vertical-align: inherit;\"><span style=\"vertical-align: inherit;\"><span style=\"vertical-align: inherit;\"><span style=\"vertical-align: inherit;\">Email: <\/span><\/span><\/span><\/span><\/span><\/span><\/span><\/span><\/span><\/span><\/span><\/span><\/strong><span style=\"vertical-align: inherit;\"><span style=\"vertical-align: inherit;\"><span style=\"vertical-align: inherit;\"><span style=\"vertical-align: inherit;\"><span style=\"vertical-align: inherit;\"><span style=\"vertical-align: inherit;\"><span style=\"vertical-align: inherit;\"><span style=\"vertical-align: inherit;\"><span style=\"vertical-align: inherit;\"><span style=\"vertical-align: inherit;\"><span style=\"vertical-align: inherit;\"><span style=\"vertical-align: inherit;\">correo@cucuta.gov.co<\/span><\/span><\/span><\/span><\/span><\/span><\/span><\/span><\/span><\/span><\/span><\/span>\u00a0<\/p>\t\t\t\t\t\t<\/div>\n\t\t\t\t<\/div>\n\t\t\t\t<div class=\"elementor-element elementor-element-8a84b39 elementor-widget elementor-widget-text-editor\" data-id=\"8a84b39\" data-element_type=\"widget\" data-widget_type=\"text-editor.default\">\n\t\t\t\t<div class=\"elementor-widget-container\">\n\t\t\t\t\t\t\t<a href=\"http:\/\/200.116.213.140\/pagina\/proyectos-en-ejecucion-de-gestion-de-riesgo-2018\/\" target=\"_blank\"><strong>M\u00e1s informaci\u00f3n de esta dependencia<\/strong> <i class=\"fa fa-arrow-right\"><\/i><\/a><\/a>\t\t\t\t\t\t<\/div>\n\t\t\t\t<\/div>\n\t\t\t\t\t<\/div>\n\t\t<\/div>\n\t\t\t\t<div class=\"elementor-column elementor-col-33 elementor-inner-column elementor-element elementor-element-40d057a\" data-id=\"40d057a\" data-element_type=\"column\">\n\t\t\t<div class=\"elementor-widget-wrap\">\n\t\t\t\t\t\t\t<\/div>\n\t\t<\/div>\n\t\t\t\t\t<\/div>\n\t\t<\/section>\n\t\t\t\t<section class=\"elementor-section elementor-inner-section elementor-element elementor-element-da51695 imagen13, hidden elementor-section-boxed elementor-section-height-default elementor-section-height-default\" data-id=\"da51695\" data-element_type=\"section\" id=\"13\" data-settings=\"{&quot;background_background&quot;:&quot;classic&quot;}\">\n\t\t\t\t\t\t<div class=\"elementor-container elementor-column-gap-default\">\n\t\t\t\t\t<div class=\"elementor-column elementor-col-33 elementor-inner-column elementor-element elementor-element-0e2dea9\" data-id=\"0e2dea9\" data-element_type=\"column\">\n\t\t\t<div class=\"elementor-widget-wrap elementor-element-populated\">\n\t\t\t\t\t\t<div class=\"elementor-element elementor-element-e86b767 elementor-widget elementor-widget-image\" data-id=\"e86b767\" data-element_type=\"widget\" data-widget_type=\"image.default\">\n\t\t\t\t<div class=\"elementor-widget-container\">\n\t\t\t\t\t\t\t\t\t\t\t\t\t<img loading=\"lazy\" decoding=\"async\" width=\"300\" height=\"300\" src=\"http:\/\/8.243.70.68\/pagina\/wp-content\/uploads\/2021\/10\/ALCALDE-MAYOR-JAIRO-YANEZ.png\" class=\"attachment-large size-large wp-image-11816\" alt=\"\" srcset=\"http:\/\/8.243.70.68\/pagina\/wp-content\/uploads\/2021\/10\/ALCALDE-MAYOR-JAIRO-YANEZ.png 300w, http:\/\/8.243.70.68\/pagina\/wp-content\/uploads\/2021\/10\/ALCALDE-MAYOR-JAIRO-YANEZ-150x150.png 150w\" sizes=\"(max-width: 300px) 100vw, 300px\" \/>\t\t\t\t\t\t\t\t\t\t\t\t\t<\/div>\n\t\t\t\t<\/div>\n\t\t\t\t\t<\/div>\n\t\t<\/div>\n\t\t\t\t<div class=\"elementor-column elementor-col-33 elementor-inner-column elementor-element elementor-element-2a94339\" data-id=\"2a94339\" data-element_type=\"column\">\n\t\t\t<div class=\"elementor-widget-wrap elementor-element-populated\">\n\t\t\t\t\t\t<div class=\"elementor-element elementor-element-d49fc42 elementor-widget elementor-widget-heading\" data-id=\"d49fc42\" data-element_type=\"widget\" data-widget_type=\"heading.default\">\n\t\t\t\t<div class=\"elementor-widget-container\">\n\t\t\t<h2 class=\"elementor-heading-title elementor-size-default\"><span>Todos nuestros esfuerzos est\u00e1n enfocados en garantizar que los ni\u00f1os, ni\u00f1as, adolescentes y j\u00f3venes puedan gozar de educaci\u00f3n de calidad. Ese fue el encargo del alcalde Jairo Y\u00e1\u00f1ez y as\u00ed lo vamos a hacer\u201d.<\/span><\/h2>\t\t<\/div>\n\t\t\t\t<\/div>\n\t\t\t\t<div class=\"elementor-element elementor-element-20376db elementor-widget elementor-widget-text-editor\" data-id=\"20376db\" data-element_type=\"widget\" data-widget_type=\"text-editor.default\">\n\t\t\t\t<div class=\"elementor-widget-container\">\n\t\t\t\t\t\t\t<p><strong><span style=\"vertical-align: inherit;\"><span style=\"vertical-align: inherit;\"><span style=\"vertical-align: inherit;\"><span style=\"vertical-align: inherit;\"><span style=\"vertical-align: inherit;\"><span style=\"vertical-align: inherit;\"><span style=\"vertical-align: inherit;\"><span style=\"vertical-align: inherit;\"><span style=\"vertical-align: inherit;\"><span style=\"vertical-align: inherit;\"><span style=\"vertical-align: inherit;\"><span style=\"vertical-align: inherit;\">Dependencia:<\/span><\/span><\/span><\/span><\/span><\/span><\/span><\/span><\/span><\/span><\/span><\/span><\/strong><span style=\"vertical-align: inherit;\"><span style=\"vertical-align: inherit;\"><span style=\"vertical-align: inherit;\"><span style=\"vertical-align: inherit;\"><span style=\"vertical-align: inherit;\"><span style=\"vertical-align: inherit;\"><span style=\"vertical-align: inherit;\"><span style=\"vertical-align: inherit;\"><span style=\"vertical-align: inherit;\"><span style=\"vertical-align: inherit;\"><span style=\"vertical-align: inherit;\"><span style=\"vertical-align: inherit;\"> Secretar\u00eda de Vivienda<\/span><\/span><\/span><\/span><\/span><\/span><\/span><\/span><\/span><\/span><\/span><\/span><br \/><span style=\"vertical-align: inherit;\"><span style=\"vertical-align: inherit;\"><span style=\"vertical-align: inherit;\"><span style=\"vertical-align: inherit;\"><span style=\"vertical-align: inherit;\"><span style=\"vertical-align: inherit;\"><span style=\"vertical-align: inherit;\"><span style=\"vertical-align: inherit;\"><span style=\"vertical-align: inherit;\"><span style=\"vertical-align: inherit;\"><span style=\"vertical-align: inherit;\"><span style=\"vertical-align: inherit;\"><b>Secretario: Sergio Enrique Ram\u00edrez\u00a0Ram\u00edrez\u00a0<\/b><br \/><\/span><\/span><\/span><\/span><\/span><\/span><\/span><\/span><\/span><\/span><\/span><\/span><strong><span style=\"vertical-align: inherit;\"><span style=\"vertical-align: inherit;\"><span style=\"vertical-align: inherit;\"><span style=\"vertical-align: inherit;\"><span style=\"vertical-align: inherit;\"><span style=\"vertical-align: inherit;\"><span style=\"vertical-align: inherit;\"><span style=\"vertical-align: inherit;\"><span style=\"vertical-align: inherit;\"><span style=\"vertical-align: inherit;\"><span style=\"vertical-align: inherit;\"><span style=\"vertical-align: inherit;\">Direcci\u00f3n: <\/span><\/span><\/span><\/span><\/span><\/span><\/span><\/span><\/span><\/span><\/span><\/span><\/strong><span style=\"vertical-align: inherit;\"><span style=\"vertical-align: inherit;\"><span style=\"vertical-align: inherit;\"><span style=\"vertical-align: inherit;\"><span style=\"vertical-align: inherit;\"><span style=\"vertical-align: inherit;\"><span style=\"vertical-align: inherit;\"><span style=\"vertical-align: inherit;\"><span style=\"vertical-align: inherit;\"><span style=\"vertical-align: inherit;\"><span style=\"vertical-align: inherit;\"><span style=\"vertical-align: inherit;\">Local C-28 Centro Comercial Bol\u00edvar\u00a0 \u00a0 \u00a0 \u00a0 \u00a0 \u00a0 \u00a0 \u00a0 \u00a0 \u00a0 <\/span><\/span><\/span><\/span><\/span><\/span><\/span><\/span><\/span><\/span><\/span><\/span><strong><span style=\"vertical-align: inherit;\"><span style=\"vertical-align: inherit;\"><span style=\"vertical-align: inherit;\"><span style=\"vertical-align: inherit;\"><span style=\"vertical-align: inherit;\"><span style=\"vertical-align: inherit;\"><span style=\"vertical-align: inherit;\"><span style=\"vertical-align: inherit;\"><span style=\"vertical-align: inherit;\"><span style=\"vertical-align: inherit;\"><span style=\"vertical-align: inherit;\"><span style=\"vertical-align: inherit;\">Email:\u00a0<\/span><\/span><\/span><\/span><\/span><\/span><\/span><\/span><\/span><\/span><\/span><\/span><\/strong>secvivienda@cucuta.gov.co<\/p>\t\t\t\t\t\t<\/div>\n\t\t\t\t<\/div>\n\t\t\t\t<div class=\"elementor-element elementor-element-513c48a elementor-widget elementor-widget-text-editor\" data-id=\"513c48a\" data-element_type=\"widget\" data-widget_type=\"text-editor.default\">\n\t\t\t\t<div class=\"elementor-widget-container\">\n\t\t\t\t\t\t\t<a href=\"http:\/\/200.116.213.140\/pagina\/proyectos-en-ejecucion-de-gestion-de-riesgo-2018\/\" target=\"_blank\"><strong>M\u00e1s informaci\u00f3n de esta dependencia<\/strong> <i class=\"fa fa-arrow-right\"><\/i><\/a><\/a>\t\t\t\t\t\t<\/div>\n\t\t\t\t<\/div>\n\t\t\t\t\t<\/div>\n\t\t<\/div>\n\t\t\t\t<div class=\"elementor-column elementor-col-33 elementor-inner-column elementor-element elementor-element-5e907df\" data-id=\"5e907df\" data-element_type=\"column\">\n\t\t\t<div class=\"elementor-widget-wrap\">\n\t\t\t\t\t\t\t<\/div>\n\t\t<\/div>\n\t\t\t\t\t<\/div>\n\t\t<\/section>\n\t\t\t\t<section class=\"elementor-section elementor-inner-section elementor-element elementor-element-d7d0c2a imagen14, hidden elementor-section-boxed elementor-section-height-default elementor-section-height-default\" data-id=\"d7d0c2a\" data-element_type=\"section\" id=\"14\" data-settings=\"{&quot;background_background&quot;:&quot;classic&quot;}\">\n\t\t\t\t\t\t<div class=\"elementor-container elementor-column-gap-default\">\n\t\t\t\t\t<div class=\"elementor-column elementor-col-33 elementor-inner-column elementor-element elementor-element-f94bbcf\" data-id=\"f94bbcf\" data-element_type=\"column\">\n\t\t\t<div class=\"elementor-widget-wrap elementor-element-populated\">\n\t\t\t\t\t\t<div class=\"elementor-element elementor-element-1a95286 elementor-widget elementor-widget-image\" data-id=\"1a95286\" data-element_type=\"widget\" data-widget_type=\"image.default\">\n\t\t\t\t<div class=\"elementor-widget-container\">\n\t\t\t\t\t\t\t\t\t\t\t\t\t<img loading=\"lazy\" decoding=\"async\" width=\"300\" height=\"300\" src=\"http:\/\/8.243.70.68\/pagina\/wp-content\/uploads\/2021\/10\/SECRETARIA-DE-DESARROLLO-SOCIAL.png\" class=\"attachment-large size-large wp-image-11821\" alt=\"\" srcset=\"http:\/\/8.243.70.68\/pagina\/wp-content\/uploads\/2021\/10\/SECRETARIA-DE-DESARROLLO-SOCIAL.png 300w, http:\/\/8.243.70.68\/pagina\/wp-content\/uploads\/2021\/10\/SECRETARIA-DE-DESARROLLO-SOCIAL-150x150.png 150w\" sizes=\"(max-width: 300px) 100vw, 300px\" \/>\t\t\t\t\t\t\t\t\t\t\t\t\t<\/div>\n\t\t\t\t<\/div>\n\t\t\t\t\t<\/div>\n\t\t<\/div>\n\t\t\t\t<div class=\"elementor-column elementor-col-33 elementor-inner-column elementor-element elementor-element-3e5c01b\" data-id=\"3e5c01b\" data-element_type=\"column\">\n\t\t\t<div class=\"elementor-widget-wrap elementor-element-populated\">\n\t\t\t\t\t\t<div class=\"elementor-element elementor-element-2110f00 elementor-widget elementor-widget-heading\" data-id=\"2110f00\" data-element_type=\"widget\" data-widget_type=\"heading.default\">\n\t\t\t\t<div class=\"elementor-widget-container\">\n\t\t\t<h2 class=\"elementor-heading-title elementor-size-default\"><span>Todos nuestros esfuerzos est\u00e1n enfocados en garantizar que los ni\u00f1os, ni\u00f1as, adolescentes y j\u00f3venes puedan gozar de educaci\u00f3n de calidad. Ese fue el encargo del alcalde Jairo Y\u00e1\u00f1ez y as\u00ed lo vamos a hacer\u201d.<\/span><\/h2>\t\t<\/div>\n\t\t\t\t<\/div>\n\t\t\t\t<div class=\"elementor-element elementor-element-787748c elementor-widget elementor-widget-text-editor\" data-id=\"787748c\" data-element_type=\"widget\" data-widget_type=\"text-editor.default\">\n\t\t\t\t<div class=\"elementor-widget-container\">\n\t\t\t\t\t\t\t<p><span style=\"font-weight: bolder;\">Dependencia:<\/span><span style=\"vertical-align: inherit;\"> Secretar\u00eda de Desarrollo Social<\/span><br \/><span style=\"vertical-align: inherit;\"><span style=\"font-weight: bold;\">Secretario: Sergio Andr\u00e9s Maldonado Huertas<\/span><br \/><\/span><span style=\"font-weight: bolder;\">Direcci\u00f3n:\u00a0<\/span><span style=\"vertical-align: inherit;\">Calle 11 No. 5 -49 Palacio Municipal\u00a0 (Of. 301) <\/span><span style=\"vertical-align: inherit;\"><strong>Email:\u00a0<\/strong>sergio.maldonado@cucuta.gov.co <\/span><\/p>\t\t\t\t\t\t<\/div>\n\t\t\t\t<\/div>\n\t\t\t\t<div class=\"elementor-element elementor-element-5247da1 elementor-widget elementor-widget-text-editor\" data-id=\"5247da1\" data-element_type=\"widget\" data-widget_type=\"text-editor.default\">\n\t\t\t\t<div class=\"elementor-widget-container\">\n\t\t\t\t\t\t\t<a href=\"http:\/\/200.116.213.140\/pagina\/proyectos-en-ejecucion-de-gestion-de-riesgo-2018\/\" target=\"_blank\"><strong>M\u00e1s informaci\u00f3n de esta dependencia<\/strong> <i class=\"fa fa-arrow-right\"><\/i><\/a><\/a>\t\t\t\t\t\t<\/div>\n\t\t\t\t<\/div>\n\t\t\t\t\t<\/div>\n\t\t<\/div>\n\t\t\t\t<div class=\"elementor-column elementor-col-33 elementor-inner-column elementor-element elementor-element-aacf310\" data-id=\"aacf310\" data-element_type=\"column\">\n\t\t\t<div class=\"elementor-widget-wrap\">\n\t\t\t\t\t\t\t<\/div>\n\t\t<\/div>\n\t\t\t\t\t<\/div>\n\t\t<\/section>\n\t\t\t\t<section class=\"elementor-section elementor-inner-section elementor-element elementor-element-14231ec imagen15, hidden elementor-section-boxed elementor-section-height-default elementor-section-height-default\" data-id=\"14231ec\" data-element_type=\"section\" id=\"15\" data-settings=\"{&quot;background_background&quot;:&quot;classic&quot;}\">\n\t\t\t\t\t\t<div class=\"elementor-container elementor-column-gap-default\">\n\t\t\t\t\t<div class=\"elementor-column elementor-col-33 elementor-inner-column elementor-element elementor-element-f2a75d3\" data-id=\"f2a75d3\" data-element_type=\"column\">\n\t\t\t<div class=\"elementor-widget-wrap elementor-element-populated\">\n\t\t\t\t\t\t<div class=\"elementor-element elementor-element-443b2b4 elementor-widget elementor-widget-image\" data-id=\"443b2b4\" data-element_type=\"widget\" data-widget_type=\"image.default\">\n\t\t\t\t<div class=\"elementor-widget-container\">\n\t\t\t\t\t\t\t\t\t\t\t\t\t<img loading=\"lazy\" decoding=\"async\" width=\"300\" height=\"300\" src=\"http:\/\/8.243.70.68\/pagina\/wp-content\/uploads\/2021\/10\/ALCALDE-MAYOR-JAIRO-YANEZ.png\" class=\"attachment-large size-large wp-image-11816\" alt=\"\" srcset=\"http:\/\/8.243.70.68\/pagina\/wp-content\/uploads\/2021\/10\/ALCALDE-MAYOR-JAIRO-YANEZ.png 300w, http:\/\/8.243.70.68\/pagina\/wp-content\/uploads\/2021\/10\/ALCALDE-MAYOR-JAIRO-YANEZ-150x150.png 150w\" sizes=\"(max-width: 300px) 100vw, 300px\" \/>\t\t\t\t\t\t\t\t\t\t\t\t\t<\/div>\n\t\t\t\t<\/div>\n\t\t\t\t\t<\/div>\n\t\t<\/div>\n\t\t\t\t<div class=\"elementor-column elementor-col-33 elementor-inner-column elementor-element elementor-element-b799e80\" data-id=\"b799e80\" data-element_type=\"column\">\n\t\t\t<div class=\"elementor-widget-wrap elementor-element-populated\">\n\t\t\t\t\t\t<div class=\"elementor-element elementor-element-20ec77a elementor-widget elementor-widget-heading\" data-id=\"20ec77a\" data-element_type=\"widget\" data-widget_type=\"heading.default\">\n\t\t\t\t<div class=\"elementor-widget-container\">\n\t\t\t<h2 class=\"elementor-heading-title elementor-size-default\"><span>Todos nuestros esfuerzos est\u00e1n enfocados en garantizar que los ni\u00f1os, ni\u00f1as, adolescentes y j\u00f3venes puedan gozar de educaci\u00f3n de calidad. Ese fue el encargo del alcalde Jairo Y\u00e1\u00f1ez y as\u00ed lo vamos a hacer\u201d.<\/span><\/h2>\t\t<\/div>\n\t\t\t\t<\/div>\n\t\t\t\t<div class=\"elementor-element elementor-element-3434574 elementor-widget elementor-widget-text-editor\" data-id=\"3434574\" data-element_type=\"widget\" data-widget_type=\"text-editor.default\">\n\t\t\t\t<div class=\"elementor-widget-container\">\n\t\t\t\t\t\t\t<p><span style=\"font-weight: bolder;\">Dependencia:<\/span><span style=\"vertical-align: inherit;\"> Oficina de Control Interno Disciplinario<\/span><br \/><span style=\"vertical-align: inherit;\"><span style=\"font-weight: bold;\">Secretario: Amanda Jesusa Serpa Gaza<\/span><br \/><\/span><span style=\"font-weight: bolder;\">Direcci\u00f3n:\u00a0<\/span><span style=\"vertical-align: inherit;\">Calle 11 No. 5 -49 Palacio Municipal\u00a0 (Of. 301) <\/span><span style=\"vertical-align: inherit;\"><strong>Email:\u00a0<\/strong>amanda.serpa@cucuta.gov.co <\/span><\/p>\t\t\t\t\t\t<\/div>\n\t\t\t\t<\/div>\n\t\t\t\t<div class=\"elementor-element elementor-element-2621ce6 elementor-widget elementor-widget-text-editor\" data-id=\"2621ce6\" data-element_type=\"widget\" data-widget_type=\"text-editor.default\">\n\t\t\t\t<div class=\"elementor-widget-container\">\n\t\t\t\t\t\t\t<a href=\"http:\/\/200.116.213.140\/pagina\/proyectos-en-ejecucion-de-gestion-de-riesgo-2018\/\" target=\"_blank\"><strong>M\u00e1s informaci\u00f3n de esta dependencia<\/strong> <i class=\"fa fa-arrow-right\"><\/i><\/a><\/a>\t\t\t\t\t\t<\/div>\n\t\t\t\t<\/div>\n\t\t\t\t\t<\/div>\n\t\t<\/div>\n\t\t\t\t<div class=\"elementor-column elementor-col-33 elementor-inner-column elementor-element elementor-element-385fc65\" data-id=\"385fc65\" data-element_type=\"column\">\n\t\t\t<div class=\"elementor-widget-wrap\">\n\t\t\t\t\t\t\t<\/div>\n\t\t<\/div>\n\t\t\t\t\t<\/div>\n\t\t<\/section>\n\t\t\t\t<section class=\"elementor-section elementor-inner-section elementor-element elementor-element-54330f7 imagen16, hidden elementor-section-boxed elementor-section-height-default elementor-section-height-default\" data-id=\"54330f7\" data-element_type=\"section\" id=\"16\" data-settings=\"{&quot;background_background&quot;:&quot;classic&quot;}\">\n\t\t\t\t\t\t<div class=\"elementor-container elementor-column-gap-default\">\n\t\t\t\t\t<div class=\"elementor-column elementor-col-33 elementor-inner-column elementor-element elementor-element-4f67f6d\" data-id=\"4f67f6d\" data-element_type=\"column\">\n\t\t\t<div class=\"elementor-widget-wrap elementor-element-populated\">\n\t\t\t\t\t\t<div class=\"elementor-element elementor-element-c4fc61c elementor-widget elementor-widget-image\" data-id=\"c4fc61c\" data-element_type=\"widget\" data-widget_type=\"image.default\">\n\t\t\t\t<div class=\"elementor-widget-container\">\n\t\t\t\t\t\t\t\t\t\t\t\t\t<img loading=\"lazy\" decoding=\"async\" width=\"300\" height=\"300\" src=\"http:\/\/8.243.70.68\/pagina\/wp-content\/uploads\/2021\/10\/SECRETARIA-EQUIDAD-DE-GENERO.png\" class=\"attachment-large size-large wp-image-12086\" alt=\"\" srcset=\"http:\/\/8.243.70.68\/pagina\/wp-content\/uploads\/2021\/10\/SECRETARIA-EQUIDAD-DE-GENERO.png 300w, http:\/\/8.243.70.68\/pagina\/wp-content\/uploads\/2021\/10\/SECRETARIA-EQUIDAD-DE-GENERO-150x150.png 150w\" sizes=\"(max-width: 300px) 100vw, 300px\" \/>\t\t\t\t\t\t\t\t\t\t\t\t\t<\/div>\n\t\t\t\t<\/div>\n\t\t\t\t\t<\/div>\n\t\t<\/div>\n\t\t\t\t<div class=\"elementor-column elementor-col-33 elementor-inner-column elementor-element elementor-element-02aff69\" data-id=\"02aff69\" data-element_type=\"column\">\n\t\t\t<div class=\"elementor-widget-wrap elementor-element-populated\">\n\t\t\t\t\t\t<div class=\"elementor-element elementor-element-cdc3fe1 elementor-widget elementor-widget-heading\" data-id=\"cdc3fe1\" data-element_type=\"widget\" data-widget_type=\"heading.default\">\n\t\t\t\t<div class=\"elementor-widget-container\">\n\t\t\t<h2 class=\"elementor-heading-title elementor-size-default\"><span>Todos nuestros esfuerzos est\u00e1n enfocados en garantizar que los ni\u00f1os, ni\u00f1as, adolescentes y j\u00f3venes puedan gozar de educaci\u00f3n de calidad. Ese fue el encargo del alcalde Jairo Y\u00e1\u00f1ez y as\u00ed lo vamos a hacer\u201d.<\/span><\/h2>\t\t<\/div>\n\t\t\t\t<\/div>\n\t\t\t\t<div class=\"elementor-element elementor-element-dc1b102 elementor-widget elementor-widget-text-editor\" data-id=\"dc1b102\" data-element_type=\"widget\" data-widget_type=\"text-editor.default\">\n\t\t\t\t<div class=\"elementor-widget-container\">\n\t\t\t\t\t\t\t<p><span style=\"font-weight: bolder;\">Dependencia:<\/span><span style=\"vertical-align: inherit;\"> Secretar\u00eda de Equidad de G\u00e9nero<\/span><br \/><span style=\"vertical-align: inherit;\"><span style=\"font-weight: bold;\">Secretario: Johana Patricia Reyes Marciales<\/span><br \/><\/span><span style=\"font-weight: bolder;\">Direcci\u00f3n:\u00a0<\/span><span style=\"vertical-align: inherit;\">Biblioteca Julio P\u00e9rez Ferrero, Of. Familias en Acci\u00f3n\u00a0 <\/span><span style=\"vertical-align: inherit;\"><strong>Email:\u00a0<\/strong>johana.reyes@cucuta.gov.co <\/span><\/p>\t\t\t\t\t\t<\/div>\n\t\t\t\t<\/div>\n\t\t\t\t<div class=\"elementor-element elementor-element-951ecb0 elementor-widget elementor-widget-text-editor\" data-id=\"951ecb0\" data-element_type=\"widget\" data-widget_type=\"text-editor.default\">\n\t\t\t\t<div class=\"elementor-widget-container\">\n\t\t\t\t\t\t\t<a href=\"http:\/\/200.116.213.140\/pagina\/proyectos-en-ejecucion-de-gestion-de-riesgo-2018\/\" target=\"_blank\"><strong>M\u00e1s informaci\u00f3n de esta dependencia<\/strong> <i class=\"fa fa-arrow-right\"><\/i><\/a><\/a>\t\t\t\t\t\t<\/div>\n\t\t\t\t<\/div>\n\t\t\t\t\t<\/div>\n\t\t<\/div>\n\t\t\t\t<div class=\"elementor-column elementor-col-33 elementor-inner-column elementor-element elementor-element-40c7d61\" data-id=\"40c7d61\" data-element_type=\"column\">\n\t\t\t<div class=\"elementor-widget-wrap\">\n\t\t\t\t\t\t\t<\/div>\n\t\t<\/div>\n\t\t\t\t\t<\/div>\n\t\t<\/section>\n\t\t\t\t<section class=\"elementor-section elementor-inner-section elementor-element elementor-element-db59756 imagen17, hidden elementor-section-boxed elementor-section-height-default elementor-section-height-default\" data-id=\"db59756\" data-element_type=\"section\" id=\"17\" data-settings=\"{&quot;background_background&quot;:&quot;classic&quot;}\">\n\t\t\t\t\t\t<div class=\"elementor-container elementor-column-gap-default\">\n\t\t\t\t\t<div class=\"elementor-column elementor-col-33 elementor-inner-column elementor-element elementor-element-d33e70f\" data-id=\"d33e70f\" data-element_type=\"column\">\n\t\t\t<div class=\"elementor-widget-wrap elementor-element-populated\">\n\t\t\t\t\t\t<div class=\"elementor-element elementor-element-d61b29b elementor-widget elementor-widget-image\" data-id=\"d61b29b\" data-element_type=\"widget\" data-widget_type=\"image.default\">\n\t\t\t\t<div class=\"elementor-widget-container\">\n\t\t\t\t\t\t\t\t\t\t\t\t\t<img loading=\"lazy\" decoding=\"async\" width=\"300\" height=\"300\" src=\"http:\/\/8.243.70.68\/pagina\/wp-content\/uploads\/2021\/10\/DEPARTAMENTO-ADMINISTRATIVO-DE-BIENESTAR-SOCIAL.png\" class=\"attachment-large size-large wp-image-12092\" alt=\"\" srcset=\"http:\/\/8.243.70.68\/pagina\/wp-content\/uploads\/2021\/10\/DEPARTAMENTO-ADMINISTRATIVO-DE-BIENESTAR-SOCIAL.png 300w, http:\/\/8.243.70.68\/pagina\/wp-content\/uploads\/2021\/10\/DEPARTAMENTO-ADMINISTRATIVO-DE-BIENESTAR-SOCIAL-150x150.png 150w\" sizes=\"(max-width: 300px) 100vw, 300px\" \/>\t\t\t\t\t\t\t\t\t\t\t\t\t<\/div>\n\t\t\t\t<\/div>\n\t\t\t\t\t<\/div>\n\t\t<\/div>\n\t\t\t\t<div class=\"elementor-column elementor-col-33 elementor-inner-column elementor-element elementor-element-9fb6853\" data-id=\"9fb6853\" data-element_type=\"column\">\n\t\t\t<div class=\"elementor-widget-wrap elementor-element-populated\">\n\t\t\t\t\t\t<div class=\"elementor-element elementor-element-410b701 elementor-widget elementor-widget-heading\" data-id=\"410b701\" data-element_type=\"widget\" data-widget_type=\"heading.default\">\n\t\t\t\t<div class=\"elementor-widget-container\">\n\t\t\t<h2 class=\"elementor-heading-title elementor-size-default\"><span>Todos nuestros esfuerzos est\u00e1n enfocados en garantizar que los ni\u00f1os, ni\u00f1as, adolescentes y j\u00f3venes puedan gozar de educaci\u00f3n de calidad. Ese fue el encargo del alcalde Jairo Y\u00e1\u00f1ez y as\u00ed lo vamos a hacer\u201d.<\/span><\/h2>\t\t<\/div>\n\t\t\t\t<\/div>\n\t\t\t\t<div class=\"elementor-element elementor-element-ee9d886 elementor-widget elementor-widget-text-editor\" data-id=\"ee9d886\" data-element_type=\"widget\" data-widget_type=\"text-editor.default\">\n\t\t\t\t<div class=\"elementor-widget-container\">\n\t\t\t\t\t\t\t<p><span style=\"font-weight: bolder;\">Dependencia:<\/span><span style=\"vertical-align: inherit;\"> Depto. Administrativo de Bienestar Social<\/span><br \/><span style=\"vertical-align: inherit;\"><span style=\"font-weight: bold;\">Secretario: Ren\u00e9 Francisco D\u00edazgranados Villamizar<\/span><br \/><\/span><span style=\"font-weight: bolder;\">Direcci\u00f3n:\u00a0<\/span><span style=\"vertical-align: inherit;\">Av. 5 No. 13 -82 Centro de Negocios Quinta Avenida <\/span><span style=\"vertical-align: inherit;\"><strong>Email:\u00a0<\/strong>rene.diazgranados@cucuta.gov.co <\/span><\/p>\t\t\t\t\t\t<\/div>\n\t\t\t\t<\/div>\n\t\t\t\t<div class=\"elementor-element elementor-element-e74dd49 elementor-widget elementor-widget-text-editor\" data-id=\"e74dd49\" data-element_type=\"widget\" data-widget_type=\"text-editor.default\">\n\t\t\t\t<div class=\"elementor-widget-container\">\n\t\t\t\t\t\t\t<a href=\"http:\/\/200.116.213.140\/pagina\/proyectos-en-ejecucion-de-gestion-de-riesgo-2018\/\" target=\"_blank\"><strong>M\u00e1s informaci\u00f3n de esta dependencia<\/strong> <i class=\"fa fa-arrow-right\"><\/i><\/a><\/a>\t\t\t\t\t\t<\/div>\n\t\t\t\t<\/div>\n\t\t\t\t\t<\/div>\n\t\t<\/div>\n\t\t\t\t<div class=\"elementor-column elementor-col-33 elementor-inner-column elementor-element elementor-element-dc8e03a\" data-id=\"dc8e03a\" data-element_type=\"column\">\n\t\t\t<div class=\"elementor-widget-wrap\">\n\t\t\t\t\t\t\t<\/div>\n\t\t<\/div>\n\t\t\t\t\t<\/div>\n\t\t<\/section>\n\t\t\t\t<section class=\"elementor-section elementor-inner-section elementor-element elementor-element-a9ec807 imagen18, hidden elementor-section-boxed elementor-section-height-default elementor-section-height-default\" data-id=\"a9ec807\" data-element_type=\"section\" id=\"18\" data-settings=\"{&quot;background_background&quot;:&quot;classic&quot;}\">\n\t\t\t\t\t\t<div class=\"elementor-container elementor-column-gap-default\">\n\t\t\t\t\t<div class=\"elementor-column elementor-col-33 elementor-inner-column elementor-element elementor-element-6610a8c\" data-id=\"6610a8c\" data-element_type=\"column\">\n\t\t\t<div class=\"elementor-widget-wrap elementor-element-populated\">\n\t\t\t\t\t\t<div class=\"elementor-element elementor-element-de88782 elementor-widget elementor-widget-image\" data-id=\"de88782\" data-element_type=\"widget\" data-widget_type=\"image.default\">\n\t\t\t\t<div class=\"elementor-widget-container\">\n\t\t\t\t\t\t\t\t\t\t\t\t\t<img loading=\"lazy\" decoding=\"async\" width=\"300\" height=\"300\" src=\"http:\/\/8.243.70.68\/pagina\/wp-content\/uploads\/2021\/10\/SECRETARIA-DE-INFRAESTRUCTURA.png\" class=\"attachment-large size-large wp-image-12100\" alt=\"\" srcset=\"http:\/\/8.243.70.68\/pagina\/wp-content\/uploads\/2021\/10\/SECRETARIA-DE-INFRAESTRUCTURA.png 300w, http:\/\/8.243.70.68\/pagina\/wp-content\/uploads\/2021\/10\/SECRETARIA-DE-INFRAESTRUCTURA-150x150.png 150w\" sizes=\"(max-width: 300px) 100vw, 300px\" \/>\t\t\t\t\t\t\t\t\t\t\t\t\t<\/div>\n\t\t\t\t<\/div>\n\t\t\t\t\t<\/div>\n\t\t<\/div>\n\t\t\t\t<div class=\"elementor-column elementor-col-33 elementor-inner-column elementor-element elementor-element-9d4b404\" data-id=\"9d4b404\" data-element_type=\"column\">\n\t\t\t<div class=\"elementor-widget-wrap elementor-element-populated\">\n\t\t\t\t\t\t<div class=\"elementor-element elementor-element-b5e721e elementor-widget elementor-widget-heading\" data-id=\"b5e721e\" data-element_type=\"widget\" data-widget_type=\"heading.default\">\n\t\t\t\t<div class=\"elementor-widget-container\">\n\t\t\t<h2 class=\"elementor-heading-title elementor-size-default\"><span>Todos nuestros esfuerzos est\u00e1n enfocados en garantizar que los ni\u00f1os, ni\u00f1as, adolescentes y j\u00f3venes puedan gozar de educaci\u00f3n de calidad. Ese fue el encargo del alcalde Jairo Y\u00e1\u00f1ez y as\u00ed lo vamos a hacer\u201d.<\/span><\/h2>\t\t<\/div>\n\t\t\t\t<\/div>\n\t\t\t\t<div class=\"elementor-element elementor-element-0078525 elementor-widget elementor-widget-text-editor\" data-id=\"0078525\" data-element_type=\"widget\" data-widget_type=\"text-editor.default\">\n\t\t\t\t<div class=\"elementor-widget-container\">\n\t\t\t\t\t\t\t<p><span style=\"font-weight: bolder;\">Dependencia:<\/span><span style=\"vertical-align: inherit;\"> Secretar\u00eda de Infraestructura<\/span><br \/><span style=\"vertical-align: inherit;\"><span style=\"font-weight: bold;\">Secretario: Eliana Constanza Medina Pabuence<\/span><br \/><\/span><span style=\"font-weight: bolder;\">Direcci\u00f3n:\u00a0<\/span><span style=\"vertical-align: inherit;\">Av. 7 No. 5 y 6\u00a0 Centro Comercial Las Mercedes <\/span><span style=\"vertical-align: inherit;\"><strong>Email:\u00a0<\/strong>infraestructura@cucuta.gov.co <\/span><\/p>\t\t\t\t\t\t<\/div>\n\t\t\t\t<\/div>\n\t\t\t\t<div class=\"elementor-element elementor-element-838c206 elementor-widget elementor-widget-text-editor\" data-id=\"838c206\" data-element_type=\"widget\" data-widget_type=\"text-editor.default\">\n\t\t\t\t<div class=\"elementor-widget-container\">\n\t\t\t\t\t\t\t<a href=\"http:\/\/200.116.213.140\/pagina\/proyectos-en-ejecucion-de-gestion-de-riesgo-2018\/\" target=\"_blank\"><strong>M\u00e1s informaci\u00f3n de esta dependencia<\/strong> <i class=\"fa fa-arrow-right\"><\/i><\/a><\/a>\t\t\t\t\t\t<\/div>\n\t\t\t\t<\/div>\n\t\t\t\t\t<\/div>\n\t\t<\/div>\n\t\t\t\t<div class=\"elementor-column elementor-col-33 elementor-inner-column elementor-element elementor-element-d1bce0a\" data-id=\"d1bce0a\" data-element_type=\"column\">\n\t\t\t<div class=\"elementor-widget-wrap\">\n\t\t\t\t\t\t\t<\/div>\n\t\t<\/div>\n\t\t\t\t\t<\/div>\n\t\t<\/section>\n\t\t\t\t<section class=\"elementor-section elementor-inner-section elementor-element elementor-element-4f92c0d imagen19, hidden elementor-section-boxed elementor-section-height-default elementor-section-height-default\" data-id=\"4f92c0d\" data-element_type=\"section\" id=\"19\" data-settings=\"{&quot;background_background&quot;:&quot;classic&quot;}\">\n\t\t\t\t\t\t<div class=\"elementor-container elementor-column-gap-default\">\n\t\t\t\t\t<div class=\"elementor-column elementor-col-33 elementor-inner-column elementor-element elementor-element-19de9b6\" data-id=\"19de9b6\" data-element_type=\"column\">\n\t\t\t<div class=\"elementor-widget-wrap elementor-element-populated\">\n\t\t\t\t\t\t<div class=\"elementor-element elementor-element-3f4ed4d elementor-widget elementor-widget-image\" data-id=\"3f4ed4d\" data-element_type=\"widget\" data-widget_type=\"image.default\">\n\t\t\t\t<div class=\"elementor-widget-container\">\n\t\t\t\t\t\t\t\t\t\t\t\t\t<img loading=\"lazy\" decoding=\"async\" width=\"300\" height=\"300\" src=\"http:\/\/8.243.70.68\/pagina\/wp-content\/uploads\/2021\/10\/DEPARTAMENTO-ADMINISTRATIVO-DE-PLANEACION.png\" class=\"attachment-large size-large wp-image-12105\" alt=\"\" srcset=\"http:\/\/8.243.70.68\/pagina\/wp-content\/uploads\/2021\/10\/DEPARTAMENTO-ADMINISTRATIVO-DE-PLANEACION.png 300w, http:\/\/8.243.70.68\/pagina\/wp-content\/uploads\/2021\/10\/DEPARTAMENTO-ADMINISTRATIVO-DE-PLANEACION-150x150.png 150w\" sizes=\"(max-width: 300px) 100vw, 300px\" \/>\t\t\t\t\t\t\t\t\t\t\t\t\t<\/div>\n\t\t\t\t<\/div>\n\t\t\t\t\t<\/div>\n\t\t<\/div>\n\t\t\t\t<div class=\"elementor-column elementor-col-33 elementor-inner-column elementor-element elementor-element-780b4cb\" data-id=\"780b4cb\" data-element_type=\"column\">\n\t\t\t<div class=\"elementor-widget-wrap elementor-element-populated\">\n\t\t\t\t\t\t<div class=\"elementor-element elementor-element-1da552b elementor-widget elementor-widget-heading\" data-id=\"1da552b\" data-element_type=\"widget\" data-widget_type=\"heading.default\">\n\t\t\t\t<div class=\"elementor-widget-container\">\n\t\t\t<h2 class=\"elementor-heading-title elementor-size-default\"><span>Todos nuestros esfuerzos est\u00e1n enfocados en garantizar que los ni\u00f1os, ni\u00f1as, adolescentes y j\u00f3venes puedan gozar de educaci\u00f3n de calidad. Ese fue el encargo del alcalde Jairo Y\u00e1\u00f1ez y as\u00ed lo vamos a hacer\u201d.<\/span><\/h2>\t\t<\/div>\n\t\t\t\t<\/div>\n\t\t\t\t<div class=\"elementor-element elementor-element-a5a1c98 elementor-widget elementor-widget-text-editor\" data-id=\"a5a1c98\" data-element_type=\"widget\" data-widget_type=\"text-editor.default\">\n\t\t\t\t<div class=\"elementor-widget-container\">\n\t\t\t\t\t\t\t<p><span style=\"font-weight: bolder;\">Dependencia:<\/span><span style=\"vertical-align: inherit;\"> Departamento Administrativo de Planeaci\u00f3n<\/span><br \/><span style=\"vertical-align: inherit;\"><span style=\"font-weight: bold;\">Secretario: Margarita Mar\u00eda Contreras D\u00edaz<\/span><br \/><\/span><span style=\"font-weight: bolder;\">Direcci\u00f3n:\u00a0<\/span><span style=\"vertical-align: inherit;\">Calle 11 No. 5 -49 Palacio Municipal &#8211; Piso 2 <\/span><strong>Email:\u00a0<\/strong>margarita.contreras@cucuta.gov.co<\/p>\t\t\t\t\t\t<\/div>\n\t\t\t\t<\/div>\n\t\t\t\t<div class=\"elementor-element elementor-element-6a8e35a elementor-widget elementor-widget-text-editor\" data-id=\"6a8e35a\" data-element_type=\"widget\" data-widget_type=\"text-editor.default\">\n\t\t\t\t<div class=\"elementor-widget-container\">\n\t\t\t\t\t\t\t<a href=\"http:\/\/200.116.213.140\/pagina\/proyectos-en-ejecucion-de-gestion-de-riesgo-2018\/\" target=\"_blank\"><strong>M\u00e1s informaci\u00f3n de esta dependencia<\/strong> <i class=\"fa fa-arrow-right\"><\/i><\/a><\/a>\t\t\t\t\t\t<\/div>\n\t\t\t\t<\/div>\n\t\t\t\t\t<\/div>\n\t\t<\/div>\n\t\t\t\t<div class=\"elementor-column elementor-col-33 elementor-inner-column elementor-element elementor-element-bc69a0e\" data-id=\"bc69a0e\" data-element_type=\"column\">\n\t\t\t<div class=\"elementor-widget-wrap\">\n\t\t\t\t\t\t\t<\/div>\n\t\t<\/div>\n\t\t\t\t\t<\/div>\n\t\t<\/section>\n\t\t\t\t<section class=\"elementor-section elementor-inner-section elementor-element elementor-element-41b8dbd imagen20, hidden elementor-section-boxed elementor-section-height-default elementor-section-height-default\" data-id=\"41b8dbd\" data-element_type=\"section\" id=\"20\" data-settings=\"{&quot;background_background&quot;:&quot;classic&quot;}\">\n\t\t\t\t\t\t<div class=\"elementor-container elementor-column-gap-default\">\n\t\t\t\t\t<div class=\"elementor-column elementor-col-33 elementor-inner-column elementor-element elementor-element-85bc8f3\" data-id=\"85bc8f3\" data-element_type=\"column\">\n\t\t\t<div class=\"elementor-widget-wrap elementor-element-populated\">\n\t\t\t\t\t\t<div class=\"elementor-element elementor-element-2171c1c elementor-widget elementor-widget-image\" data-id=\"2171c1c\" data-element_type=\"widget\" data-widget_type=\"image.default\">\n\t\t\t\t<div class=\"elementor-widget-container\">\n\t\t\t\t\t\t\t\t\t\t\t\t\t<img loading=\"lazy\" decoding=\"async\" width=\"300\" height=\"300\" src=\"http:\/\/8.243.70.68\/pagina\/wp-content\/uploads\/2021\/10\/ALCALDE-MAYOR-JAIRO-YANEZ.png\" class=\"attachment-large size-large wp-image-11816\" alt=\"\" srcset=\"http:\/\/8.243.70.68\/pagina\/wp-content\/uploads\/2021\/10\/ALCALDE-MAYOR-JAIRO-YANEZ.png 300w, http:\/\/8.243.70.68\/pagina\/wp-content\/uploads\/2021\/10\/ALCALDE-MAYOR-JAIRO-YANEZ-150x150.png 150w\" sizes=\"(max-width: 300px) 100vw, 300px\" \/>\t\t\t\t\t\t\t\t\t\t\t\t\t<\/div>\n\t\t\t\t<\/div>\n\t\t\t\t\t<\/div>\n\t\t<\/div>\n\t\t\t\t<div class=\"elementor-column elementor-col-33 elementor-inner-column elementor-element elementor-element-37a7592\" data-id=\"37a7592\" data-element_type=\"column\">\n\t\t\t<div class=\"elementor-widget-wrap elementor-element-populated\">\n\t\t\t\t\t\t<div class=\"elementor-element elementor-element-4ccfe8b elementor-widget elementor-widget-heading\" data-id=\"4ccfe8b\" data-element_type=\"widget\" data-widget_type=\"heading.default\">\n\t\t\t\t<div class=\"elementor-widget-container\">\n\t\t\t<h2 class=\"elementor-heading-title elementor-size-default\"><span>Todos nuestros esfuerzos est\u00e1n enfocados en garantizar que los ni\u00f1os, ni\u00f1as, adolescentes y j\u00f3venes puedan gozar de educaci\u00f3n de calidad. Ese fue el encargo del alcalde Jairo Y\u00e1\u00f1ez y as\u00ed lo vamos a hacer\u201d.<\/span><\/h2>\t\t<\/div>\n\t\t\t\t<\/div>\n\t\t\t\t<div class=\"elementor-element elementor-element-1fca02c elementor-widget elementor-widget-text-editor\" data-id=\"1fca02c\" data-element_type=\"widget\" data-widget_type=\"text-editor.default\">\n\t\t\t\t<div class=\"elementor-widget-container\">\n\t\t\t\t\t\t\t<p><span style=\"font-weight: bolder;\">Dependencia:<\/span><span style=\"vertical-align: inherit;\"> Secretar\u00eda de Valorizaci\u00f3n y Plusval\u00eda<\/span><br \/><span style=\"vertical-align: inherit;\"><span style=\"font-weight: bold;\">Secretario: xxxxxxxxxxxx<\/span><br \/><\/span><span style=\"font-weight: bolder;\">Direcci\u00f3n:\u00a0<\/span><span style=\"vertical-align: inherit;\">Calle 11 No. 5 -49 Palacio Municipal &#8211; Piso 3 <\/span><strong>Email:\u00a0<\/strong>xxxxxxxx@cucuta.gov.co<\/p>\t\t\t\t\t\t<\/div>\n\t\t\t\t<\/div>\n\t\t\t\t<div class=\"elementor-element elementor-element-6e0c887 elementor-widget elementor-widget-text-editor\" data-id=\"6e0c887\" data-element_type=\"widget\" data-widget_type=\"text-editor.default\">\n\t\t\t\t<div class=\"elementor-widget-container\">\n\t\t\t\t\t\t\t<a href=\"http:\/\/200.116.213.140\/pagina\/proyectos-en-ejecucion-de-gestion-de-riesgo-2018\/\" target=\"_blank\"><strong>M\u00e1s informaci\u00f3n de esta dependencia<\/strong> <i class=\"fa fa-arrow-right\"><\/i><\/a><\/a>\t\t\t\t\t\t<\/div>\n\t\t\t\t<\/div>\n\t\t\t\t\t<\/div>\n\t\t<\/div>\n\t\t\t\t<div class=\"elementor-column elementor-col-33 elementor-inner-column elementor-element elementor-element-1d40b4d\" data-id=\"1d40b4d\" data-element_type=\"column\">\n\t\t\t<div class=\"elementor-widget-wrap\">\n\t\t\t\t\t\t\t<\/div>\n\t\t<\/div>\n\t\t\t\t\t<\/div>\n\t\t<\/section>\n\t\t\t\t<section class=\"elementor-section elementor-inner-section elementor-element elementor-element-dd37a16 imagen21, hidden elementor-section-boxed elementor-section-height-default elementor-section-height-default\" data-id=\"dd37a16\" data-element_type=\"section\" id=\"21\" data-settings=\"{&quot;background_background&quot;:&quot;classic&quot;}\">\n\t\t\t\t\t\t<div class=\"elementor-container elementor-column-gap-default\">\n\t\t\t\t\t<div class=\"elementor-column elementor-col-33 elementor-inner-column elementor-element elementor-element-62b979e\" data-id=\"62b979e\" data-element_type=\"column\">\n\t\t\t<div class=\"elementor-widget-wrap elementor-element-populated\">\n\t\t\t\t\t\t<div class=\"elementor-element elementor-element-0258f97 elementor-widget elementor-widget-image\" data-id=\"0258f97\" data-element_type=\"widget\" data-widget_type=\"image.default\">\n\t\t\t\t<div class=\"elementor-widget-container\">\n\t\t\t\t\t\t\t\t\t\t\t\t\t<img loading=\"lazy\" decoding=\"async\" width=\"300\" height=\"300\" src=\"http:\/\/8.243.70.68\/pagina\/wp-content\/uploads\/2021\/10\/SECRETARIA-DE-POSCONFLICTO-Y-CULTURA-DE-PAZ.png\" class=\"attachment-large size-large wp-image-12114\" alt=\"\" srcset=\"http:\/\/8.243.70.68\/pagina\/wp-content\/uploads\/2021\/10\/SECRETARIA-DE-POSCONFLICTO-Y-CULTURA-DE-PAZ.png 300w, http:\/\/8.243.70.68\/pagina\/wp-content\/uploads\/2021\/10\/SECRETARIA-DE-POSCONFLICTO-Y-CULTURA-DE-PAZ-150x150.png 150w\" sizes=\"(max-width: 300px) 100vw, 300px\" \/>\t\t\t\t\t\t\t\t\t\t\t\t\t<\/div>\n\t\t\t\t<\/div>\n\t\t\t\t\t<\/div>\n\t\t<\/div>\n\t\t\t\t<div class=\"elementor-column elementor-col-33 elementor-inner-column elementor-element elementor-element-28dc289\" data-id=\"28dc289\" data-element_type=\"column\">\n\t\t\t<div class=\"elementor-widget-wrap elementor-element-populated\">\n\t\t\t\t\t\t<div class=\"elementor-element elementor-element-a9024f0 elementor-widget elementor-widget-heading\" data-id=\"a9024f0\" data-element_type=\"widget\" data-widget_type=\"heading.default\">\n\t\t\t\t<div class=\"elementor-widget-container\">\n\t\t\t<h2 class=\"elementor-heading-title elementor-size-default\"><span>Todos nuestros esfuerzos est\u00e1n enfocados en garantizar que los ni\u00f1os, ni\u00f1as, adolescentes y j\u00f3venes puedan gozar de educaci\u00f3n de calidad. Ese fue el encargo del alcalde Jairo Y\u00e1\u00f1ez y as\u00ed lo vamos a hacer\u201d.<\/span><\/h2>\t\t<\/div>\n\t\t\t\t<\/div>\n\t\t\t\t<div class=\"elementor-element elementor-element-7538e9e elementor-widget elementor-widget-text-editor\" data-id=\"7538e9e\" data-element_type=\"widget\" data-widget_type=\"text-editor.default\">\n\t\t\t\t<div class=\"elementor-widget-container\">\n\t\t\t\t\t\t\t<p><span style=\"font-weight: bolder;\">Dependencia:<\/span><span style=\"vertical-align: inherit;\">\u00a0<\/span><span style=\"vertical-align: inherit;\">Secretar\u00eda de Posconflicto y Cultura de Paz\u00a0<\/span><br \/><span style=\"vertical-align: inherit;\"><span style=\"font-weight: bold;\">Secretario: Elisa Katherine Montoya Obreg\u00f3n<\/span><br \/><\/span><span style=\"font-weight: bolder;\">Direcci\u00f3n:\u00a0<\/span><span style=\"vertical-align: inherit;\">Av. 1E No. 17 -52 Caobos<br \/><\/span><strong>Email:\u00a0<\/strong>elisa.montoya@cucuta.gov.co<\/p>\t\t\t\t\t\t<\/div>\n\t\t\t\t<\/div>\n\t\t\t\t<div class=\"elementor-element elementor-element-67382b7 elementor-widget elementor-widget-text-editor\" data-id=\"67382b7\" data-element_type=\"widget\" data-widget_type=\"text-editor.default\">\n\t\t\t\t<div class=\"elementor-widget-container\">\n\t\t\t\t\t\t\t<a href=\"http:\/\/200.116.213.140\/pagina\/proyectos-en-ejecucion-de-gestion-de-riesgo-2018\/\" target=\"_blank\"><strong>M\u00e1s informaci\u00f3n de esta dependencia<\/strong> <i class=\"fa fa-arrow-right\"><\/i><\/a><\/a>\t\t\t\t\t\t<\/div>\n\t\t\t\t<\/div>\n\t\t\t\t\t<\/div>\n\t\t<\/div>\n\t\t\t\t<div class=\"elementor-column elementor-col-33 elementor-inner-column elementor-element elementor-element-3ba0c25\" data-id=\"3ba0c25\" data-element_type=\"column\">\n\t\t\t<div class=\"elementor-widget-wrap\">\n\t\t\t\t\t\t\t<\/div>\n\t\t<\/div>\n\t\t\t\t\t<\/div>\n\t\t<\/section>\n\t\t\t\t<section class=\"elementor-section elementor-inner-section elementor-element elementor-element-2007976 imagen22, hidden elementor-section-boxed elementor-section-height-default elementor-section-height-default\" data-id=\"2007976\" data-element_type=\"section\" id=\"22\" data-settings=\"{&quot;background_background&quot;:&quot;classic&quot;}\">\n\t\t\t\t\t\t<div class=\"elementor-container elementor-column-gap-default\">\n\t\t\t\t\t<div class=\"elementor-column elementor-col-33 elementor-inner-column elementor-element elementor-element-e84ac57\" data-id=\"e84ac57\" data-element_type=\"column\">\n\t\t\t<div class=\"elementor-widget-wrap elementor-element-populated\">\n\t\t\t\t\t\t<div class=\"elementor-element elementor-element-a7ef06d elementor-widget elementor-widget-image\" data-id=\"a7ef06d\" data-element_type=\"widget\" data-widget_type=\"image.default\">\n\t\t\t\t<div class=\"elementor-widget-container\">\n\t\t\t\t\t\t\t\t\t\t\t\t\t<img loading=\"lazy\" decoding=\"async\" width=\"300\" height=\"300\" src=\"http:\/\/8.243.70.68\/pagina\/wp-content\/uploads\/2021\/10\/OFICINA-DE-CARACTERIZACION-SOCIOECONOMICA-SISBEN.png\" class=\"attachment-large size-large wp-image-12119\" alt=\"\" srcset=\"http:\/\/8.243.70.68\/pagina\/wp-content\/uploads\/2021\/10\/OFICINA-DE-CARACTERIZACION-SOCIOECONOMICA-SISBEN.png 300w, http:\/\/8.243.70.68\/pagina\/wp-content\/uploads\/2021\/10\/OFICINA-DE-CARACTERIZACION-SOCIOECONOMICA-SISBEN-150x150.png 150w\" sizes=\"(max-width: 300px) 100vw, 300px\" \/>\t\t\t\t\t\t\t\t\t\t\t\t\t<\/div>\n\t\t\t\t<\/div>\n\t\t\t\t\t<\/div>\n\t\t<\/div>\n\t\t\t\t<div class=\"elementor-column elementor-col-33 elementor-inner-column elementor-element elementor-element-5103223\" data-id=\"5103223\" data-element_type=\"column\">\n\t\t\t<div class=\"elementor-widget-wrap elementor-element-populated\">\n\t\t\t\t\t\t<div class=\"elementor-element elementor-element-44f36d6 elementor-widget elementor-widget-heading\" data-id=\"44f36d6\" data-element_type=\"widget\" data-widget_type=\"heading.default\">\n\t\t\t\t<div class=\"elementor-widget-container\">\n\t\t\t<h2 class=\"elementor-heading-title elementor-size-default\"><span>Todos nuestros esfuerzos est\u00e1n enfocados en garantizar que los ni\u00f1os, ni\u00f1as, adolescentes y j\u00f3venes puedan gozar de educaci\u00f3n de calidad. Ese fue el encargo del alcalde Jairo Y\u00e1\u00f1ez y as\u00ed lo vamos a hacer\u201d.<\/span><\/h2>\t\t<\/div>\n\t\t\t\t<\/div>\n\t\t\t\t<div class=\"elementor-element elementor-element-5199f08 elementor-widget elementor-widget-text-editor\" data-id=\"5199f08\" data-element_type=\"widget\" data-widget_type=\"text-editor.default\">\n\t\t\t\t<div class=\"elementor-widget-container\">\n\t\t\t\t\t\t\t<p><span style=\"font-weight: bolder;\">Dependencia:<\/span><span style=\"vertical-align: inherit;\">\u00a0<\/span><span style=\"vertical-align: inherit;\">Of de Caracterizaci\u00f3n Socioecon\u00f3mica &#8211; SISBEN\u00a0<\/span><br \/><span style=\"vertical-align: inherit;\"><span style=\"font-weight: bold;\">Secretario: Jorge Enrique Rodr\u00edguez Guevara<\/span><br \/><\/span><span style=\"font-weight: bolder;\">Direcci\u00f3n: <\/span><span style=\"vertical-align: inherit;\">Av. 7 No. 5 y 6\u00a0 Centro Comercial Las Mercedes <\/span><strong>Email:\u00a0<\/strong>enrique.rodriguez@cucuta.gov.co<\/p>\t\t\t\t\t\t<\/div>\n\t\t\t\t<\/div>\n\t\t\t\t<div class=\"elementor-element elementor-element-ed6e7df elementor-widget elementor-widget-text-editor\" data-id=\"ed6e7df\" data-element_type=\"widget\" data-widget_type=\"text-editor.default\">\n\t\t\t\t<div class=\"elementor-widget-container\">\n\t\t\t\t\t\t\t<a href=\"http:\/\/200.116.213.140\/pagina\/proyectos-en-ejecucion-de-gestion-de-riesgo-2018\/\" target=\"_blank\"><strong>M\u00e1s informaci\u00f3n de esta dependencia<\/strong> <i class=\"fa fa-arrow-right\"><\/i><\/a><\/a>\t\t\t\t\t\t<\/div>\n\t\t\t\t<\/div>\n\t\t\t\t\t<\/div>\n\t\t<\/div>\n\t\t\t\t<div class=\"elementor-column elementor-col-33 elementor-inner-column elementor-element elementor-element-306f4d1\" data-id=\"306f4d1\" data-element_type=\"column\">\n\t\t\t<div class=\"elementor-widget-wrap\">\n\t\t\t\t\t\t\t<\/div>\n\t\t<\/div>\n\t\t\t\t\t<\/div>\n\t\t<\/section>\n\t\t\t\t<section class=\"elementor-section elementor-inner-section elementor-element elementor-element-da66906 imagen23, hidden elementor-section-boxed elementor-section-height-default elementor-section-height-default\" data-id=\"da66906\" data-element_type=\"section\" id=\"23\" data-settings=\"{&quot;background_background&quot;:&quot;classic&quot;}\">\n\t\t\t\t\t\t<div class=\"elementor-container elementor-column-gap-default\">\n\t\t\t\t\t<div class=\"elementor-column elementor-col-33 elementor-inner-column elementor-element elementor-element-d259870\" data-id=\"d259870\" data-element_type=\"column\">\n\t\t\t<div class=\"elementor-widget-wrap elementor-element-populated\">\n\t\t\t\t\t\t<div class=\"elementor-element elementor-element-e3490bd elementor-widget elementor-widget-image\" data-id=\"e3490bd\" data-element_type=\"widget\" data-widget_type=\"image.default\">\n\t\t\t\t<div class=\"elementor-widget-container\">\n\t\t\t\t\t\t\t\t\t\t\t\t\t<img loading=\"lazy\" decoding=\"async\" width=\"300\" height=\"300\" src=\"http:\/\/8.243.70.68\/pagina\/wp-content\/uploads\/2021\/10\/SECRETARIA-PRIVADA-1.png\" class=\"attachment-large size-large wp-image-12127\" alt=\"\" srcset=\"http:\/\/8.243.70.68\/pagina\/wp-content\/uploads\/2021\/10\/SECRETARIA-PRIVADA-1.png 300w, http:\/\/8.243.70.68\/pagina\/wp-content\/uploads\/2021\/10\/SECRETARIA-PRIVADA-1-150x150.png 150w\" sizes=\"(max-width: 300px) 100vw, 300px\" \/>\t\t\t\t\t\t\t\t\t\t\t\t\t<\/div>\n\t\t\t\t<\/div>\n\t\t\t\t\t<\/div>\n\t\t<\/div>\n\t\t\t\t<div class=\"elementor-column elementor-col-33 elementor-inner-column elementor-element elementor-element-9ba0555\" data-id=\"9ba0555\" data-element_type=\"column\">\n\t\t\t<div class=\"elementor-widget-wrap elementor-element-populated\">\n\t\t\t\t\t\t<div class=\"elementor-element elementor-element-a8a845a elementor-widget elementor-widget-heading\" data-id=\"a8a845a\" data-element_type=\"widget\" data-widget_type=\"heading.default\">\n\t\t\t\t<div class=\"elementor-widget-container\">\n\t\t\t<h2 class=\"elementor-heading-title elementor-size-default\"><span>Todos nuestros esfuerzos est\u00e1n enfocados en garantizar que los ni\u00f1os, ni\u00f1as, adolescentes y j\u00f3venes puedan gozar de educaci\u00f3n de calidad. Ese fue el encargo del alcalde Jairo Y\u00e1\u00f1ez y as\u00ed lo vamos a hacer\u201d.<\/span><\/h2>\t\t<\/div>\n\t\t\t\t<\/div>\n\t\t\t\t<div class=\"elementor-element elementor-element-9f9cb15 elementor-widget elementor-widget-text-editor\" data-id=\"9f9cb15\" data-element_type=\"widget\" data-widget_type=\"text-editor.default\">\n\t\t\t\t<div class=\"elementor-widget-container\">\n\t\t\t\t\t\t\t<p><span style=\"font-weight: bolder;\">Dependencia:<\/span><span style=\"vertical-align: inherit;\">\u00a0<\/span><span style=\"vertical-align: inherit;\">Secretar\u00eda Privada\u00a0<\/span><br \/><span style=\"vertical-align: inherit;\"><span style=\"font-weight: bold;\">Secretario: Abraham Ararat Mafla<\/span><br \/><\/span><span style=\"font-weight: bolder;\">Direcci\u00f3n: <\/span><span style=\"vertical-align: inherit;\">Calle 11 No. 5 -49 Palacio Municipal &#8211; Piso 3 <\/span><strong>Email:\u00a0<\/strong>abraham.ararat@cucuta.gov.co<\/p>\t\t\t\t\t\t<\/div>\n\t\t\t\t<\/div>\n\t\t\t\t<div class=\"elementor-element elementor-element-be14f71 elementor-widget elementor-widget-text-editor\" data-id=\"be14f71\" data-element_type=\"widget\" data-widget_type=\"text-editor.default\">\n\t\t\t\t<div class=\"elementor-widget-container\">\n\t\t\t\t\t\t\t<a href=\"http:\/\/200.116.213.140\/pagina\/proyectos-en-ejecucion-de-gestion-de-riesgo-2018\/\" target=\"_blank\"><strong>M\u00e1s informaci\u00f3n de esta dependencia<\/strong> <i class=\"fa fa-arrow-right\"><\/i><\/a><\/a>\t\t\t\t\t\t<\/div>\n\t\t\t\t<\/div>\n\t\t\t\t\t<\/div>\n\t\t<\/div>\n\t\t\t\t<div class=\"elementor-column elementor-col-33 elementor-inner-column elementor-element elementor-element-3265802\" data-id=\"3265802\" data-element_type=\"column\">\n\t\t\t<div class=\"elementor-widget-wrap\">\n\t\t\t\t\t\t\t<\/div>\n\t\t<\/div>\n\t\t\t\t\t<\/div>\n\t\t<\/section>\n\t\t\t\t<section class=\"elementor-section elementor-inner-section elementor-element elementor-element-9bcc35d imagen24, hidden elementor-section-boxed elementor-section-height-default elementor-section-height-default\" data-id=\"9bcc35d\" data-element_type=\"section\" id=\"24\" data-settings=\"{&quot;background_background&quot;:&quot;classic&quot;}\">\n\t\t\t\t\t\t<div class=\"elementor-container elementor-column-gap-default\">\n\t\t\t\t\t<div class=\"elementor-column elementor-col-33 elementor-inner-column elementor-element elementor-element-a3fa297\" data-id=\"a3fa297\" data-element_type=\"column\">\n\t\t\t<div class=\"elementor-widget-wrap elementor-element-populated\">\n\t\t\t\t\t\t<div class=\"elementor-element elementor-element-e1333bb elementor-widget elementor-widget-image\" data-id=\"e1333bb\" data-element_type=\"widget\" data-widget_type=\"image.default\">\n\t\t\t\t<div class=\"elementor-widget-container\">\n\t\t\t\t\t\t\t\t\t\t\t\t\t<img loading=\"lazy\" decoding=\"async\" width=\"300\" height=\"300\" src=\"http:\/\/8.243.70.68\/pagina\/wp-content\/uploads\/2021\/10\/ALCALDE-MAYOR-JAIRO-YANEZ.png\" class=\"attachment-large size-large wp-image-11816\" alt=\"\" srcset=\"http:\/\/8.243.70.68\/pagina\/wp-content\/uploads\/2021\/10\/ALCALDE-MAYOR-JAIRO-YANEZ.png 300w, http:\/\/8.243.70.68\/pagina\/wp-content\/uploads\/2021\/10\/ALCALDE-MAYOR-JAIRO-YANEZ-150x150.png 150w\" sizes=\"(max-width: 300px) 100vw, 300px\" \/>\t\t\t\t\t\t\t\t\t\t\t\t\t<\/div>\n\t\t\t\t<\/div>\n\t\t\t\t\t<\/div>\n\t\t<\/div>\n\t\t\t\t<div class=\"elementor-column elementor-col-33 elementor-inner-column elementor-element elementor-element-29ef06d\" data-id=\"29ef06d\" data-element_type=\"column\">\n\t\t\t<div class=\"elementor-widget-wrap elementor-element-populated\">\n\t\t\t\t\t\t<div class=\"elementor-element elementor-element-113237b elementor-widget elementor-widget-heading\" data-id=\"113237b\" data-element_type=\"widget\" data-widget_type=\"heading.default\">\n\t\t\t\t<div class=\"elementor-widget-container\">\n\t\t\t<h2 class=\"elementor-heading-title elementor-size-default\"><span>Todos nuestros esfuerzos est\u00e1n enfocados en garantizar que los ni\u00f1os, ni\u00f1as, adolescentes y j\u00f3venes puedan gozar de educaci\u00f3n de calidad. Ese fue el encargo del alcalde Jairo Y\u00e1\u00f1ez y as\u00ed lo vamos a hacer\u201d.<\/span><\/h2>\t\t<\/div>\n\t\t\t\t<\/div>\n\t\t\t\t<div class=\"elementor-element elementor-element-d2a4f3d elementor-widget elementor-widget-text-editor\" data-id=\"d2a4f3d\" data-element_type=\"widget\" data-widget_type=\"text-editor.default\">\n\t\t\t\t<div class=\"elementor-widget-container\">\n\t\t\t\t\t\t\t<p><span style=\"font-weight: bolder;\">Dependencia:<\/span><span style=\"vertical-align: inherit;\">\u00a0<\/span><span style=\"vertical-align: inherit;\">Secretar\u00eda de Seguridad Ciudadana<\/span><br \/><span style=\"vertical-align: inherit;\"><span style=\"font-weight: bold;\">Secretario: Jos\u00e9 Alejandro Mart\u00ednez Ortiz<\/span><br \/><\/span><span style=\"font-weight: bolder;\">Direcci\u00f3n: <\/span><span style=\"vertical-align: inherit;\">Av. 7 No. 5 y 6\u00a0 Centro Comercial Las Mercedes<br \/><\/span><strong>Email:\u00a0<\/strong>alejandro. martinez@cucuta.gov.co<\/p>\t\t\t\t\t\t<\/div>\n\t\t\t\t<\/div>\n\t\t\t\t<div class=\"elementor-element elementor-element-1c1badb elementor-widget elementor-widget-text-editor\" data-id=\"1c1badb\" data-element_type=\"widget\" data-widget_type=\"text-editor.default\">\n\t\t\t\t<div class=\"elementor-widget-container\">\n\t\t\t\t\t\t\t<a href=\"http:\/\/200.116.213.140\/pagina\/proyectos-en-ejecucion-de-gestion-de-riesgo-2018\/\" target=\"_blank\"><strong>M\u00e1s informaci\u00f3n de esta dependencia<\/strong> <i class=\"fa fa-arrow-right\"><\/i><\/a><\/a>\t\t\t\t\t\t<\/div>\n\t\t\t\t<\/div>\n\t\t\t\t\t<\/div>\n\t\t<\/div>\n\t\t\t\t<div class=\"elementor-column elementor-col-33 elementor-inner-column elementor-element elementor-element-9cb756a\" data-id=\"9cb756a\" data-element_type=\"column\">\n\t\t\t<div class=\"elementor-widget-wrap\">\n\t\t\t\t\t\t\t<\/div>\n\t\t<\/div>\n\t\t\t\t\t<\/div>\n\t\t<\/section>\n\t\t\t\t\t<\/div>\n\t\t<\/div>\n\t\t\t\t\t<\/div>\n\t\t<\/section>\n\t\t\t\t<section class=\"elementor-section elementor-top-section elementor-element elementor-element-02749d7 elementor-section-boxed elementor-section-height-default elementor-section-height-default\" data-id=\"02749d7\" data-element_type=\"section\">\n\t\t\t\t\t\t<div class=\"elementor-container elementor-column-gap-default\">\n\t\t\t\t\t<div class=\"elementor-column elementor-col-16 elementor-top-column elementor-element elementor-element-c363e85\" data-id=\"c363e85\" data-element_type=\"column\">\n\t\t\t<div class=\"elementor-widget-wrap\">\n\t\t\t\t\t\t\t<\/div>\n\t\t<\/div>\n\t\t\t\t<div class=\"elementor-column elementor-col-66 elementor-top-column elementor-element elementor-element-71a7c56\" data-id=\"71a7c56\" data-element_type=\"column\">\n\t\t\t<div class=\"elementor-widget-wrap elementor-element-populated\">\n\t\t\t\t\t\t<div class=\"elementor-element elementor-element-9a5e4cf elementor-widget elementor-widget-heading\" data-id=\"9a5e4cf\" data-element_type=\"widget\" id=\"title-inst\" data-widget_type=\"heading.default\">\n\t\t\t\t<div class=\"elementor-widget-container\">\n\t\t\t<h2 class=\"elementor-heading-title elementor-size-default\">INST. descentralizados<\/h2>\t\t<\/div>\n\t\t\t\t<\/div>\n\t\t\t\t\t<\/div>\n\t\t<\/div>\n\t\t\t\t<div class=\"elementor-column elementor-col-16 elementor-top-column elementor-element elementor-element-87e17c6\" data-id=\"87e17c6\" data-element_type=\"column\">\n\t\t\t<div class=\"elementor-widget-wrap\">\n\t\t\t\t\t\t\t<\/div>\n\t\t<\/div>\n\t\t\t\t\t<\/div>\n\t\t<\/section>\n\t\t\t\t<section class=\"elementor-section elementor-top-section elementor-element elementor-element-1dc9b9d elementor-section-boxed elementor-section-height-default elementor-section-height-default\" data-id=\"1dc9b9d\" data-element_type=\"section\" id=\"decent\" data-settings=\"{&quot;background_background&quot;:&quot;classic&quot;}\">\n\t\t\t\t\t\t<div class=\"elementor-container elementor-column-gap-default\">\n\t\t\t\t\t<div class=\"elementor-column elementor-col-16 elementor-top-column elementor-element elementor-element-28f3820\" data-id=\"28f3820\" data-element_type=\"column\">\n\t\t\t<div class=\"elementor-widget-wrap\">\n\t\t\t\t\t\t\t<\/div>\n\t\t<\/div>\n\t\t\t\t<div class=\"elementor-column elementor-col-66 elementor-top-column elementor-element elementor-element-37135c0\" data-id=\"37135c0\" data-element_type=\"column\">\n\t\t\t<div class=\"elementor-widget-wrap elementor-element-populated\">\n\t\t\t\t\t\t<div class=\"elementor-element elementor-element-efccd8f elementor-arrows-position-outside elementor-widget elementor-widget-image-carousel\" data-id=\"efccd8f\" data-element_type=\"widget\" id=\"descentralizados\" data-settings=\"{&quot;slides_to_show&quot;:&quot;4&quot;,&quot;navigation&quot;:&quot;arrows&quot;,&quot;image_spacing_custom&quot;:{&quot;unit&quot;:&quot;px&quot;,&quot;size&quot;:10,&quot;sizes&quot;:[]},&quot;slides_to_show_mobile&quot;:&quot;1&quot;,&quot;infinite&quot;:&quot;no&quot;,&quot;autoplay&quot;:&quot;yes&quot;,&quot;pause_on_hover&quot;:&quot;yes&quot;,&quot;pause_on_interaction&quot;:&quot;yes&quot;,&quot;autoplay_speed&quot;:5000,&quot;speed&quot;:500,&quot;image_spacing_custom_tablet&quot;:{&quot;unit&quot;:&quot;px&quot;,&quot;size&quot;:&quot;&quot;,&quot;sizes&quot;:[]}}\" data-widget_type=\"image-carousel.default\">\n\t\t\t\t<div class=\"elementor-widget-container\">\n\t\t\t\t\t<div class=\"elementor-image-carousel-wrapper swiper\" dir=\"ltr\">\n\t\t\t<div class=\"elementor-image-carousel swiper-wrapper\" aria-live=\"off\">\n\t\t\t\t\t\t\t\t<div class=\"swiper-slide\" role=\"group\" aria-roledescription=\"slide\" aria-label=\"1 of 5\"><figure class=\"swiper-slide-inner\"><img decoding=\"async\" class=\"swiper-slide-image\" src=\"http:\/\/8.243.70.68\/pagina\/wp-content\/uploads\/elementor\/thumbs\/LOGOS-ENTES-DESC-02-1-pcj4bso80gaf595q1qjgdes4e8rg2b5ltf051c4wzk.png\" alt=\"\" \/><figcaption class=\"elementor-image-carousel-caption\"><div id=\"01\" class=\"solapar_decent\"><\/div><\/figcaption><\/figure><\/div><div class=\"swiper-slide\" role=\"group\" aria-roledescription=\"slide\" aria-label=\"2 of 5\"><figure class=\"swiper-slide-inner\"><img decoding=\"async\" class=\"swiper-slide-image\" src=\"http:\/\/8.243.70.68\/pagina\/wp-content\/uploads\/elementor\/thumbs\/LOGOS-ENTES-DESC-03-1-pcj4bujwe4czsh2zqrcpieb1l0i6hpd2hob3zw24n4.png\" alt=\"\" \/><figcaption class=\"elementor-image-carousel-caption\"><div id=\"02\" class=\"solapar_decent\"><\/div><\/figcaption><\/figure><\/div><div class=\"swiper-slide\" role=\"group\" aria-roledescription=\"slide\" aria-label=\"3 of 5\"><figure class=\"swiper-slide-inner\"><img decoding=\"async\" class=\"swiper-slide-image\" src=\"http:\/\/8.243.70.68\/pagina\/wp-content\/uploads\/elementor\/thumbs\/LOGOS-ENTES-DESC-06-pcj4bz93cajfeiw5zbducv4cjxv0k6vq6bkje9v5s0.png\" alt=\"\" \/><figcaption class=\"elementor-image-carousel-caption\"><div id=\"03\" class=\"solapar_decent\"><\/div><\/figcaption><\/figure><\/div><div class=\"swiper-slide\" role=\"group\" aria-roledescription=\"slide\" aria-label=\"4 of 5\"><figure class=\"swiper-slide-inner\"><img decoding=\"async\" class=\"swiper-slide-image\" src=\"http:\/\/8.243.70.68\/pagina\/wp-content\/uploads\/elementor\/thumbs\/EIS_Mesa-de-trabajo-1-peif2dmm64ghzl93v9f6bxvckg72wr01zqgpi9wni8.png\" alt=\"\" \/><figcaption class=\"elementor-image-carousel-caption\"><div id=\"04\" class=\"solapar_decent\"><\/div><\/figcaption><\/figure><\/div><div class=\"swiper-slide\" role=\"group\" aria-roledescription=\"slide\" aria-label=\"5 of 5\"><figure class=\"swiper-slide-inner\"><img decoding=\"async\" class=\"swiper-slide-image\" src=\"http:\/\/8.243.70.68\/pagina\/wp-content\/uploads\/elementor\/thumbs\/Central-de-Transportes_Mesa-de-trabajo-1-peietf7z1y75dc9f5w252p88tac6kkg4fep5wd6osg.png\" alt=\"\" \/><figcaption class=\"elementor-image-carousel-caption\"><div id=\"05\" class=\"solapar_decent\"><\/div><\/figcaption><\/figure><\/div>\t\t\t<\/div>\n\t\t\t\t\t\t\t\t\t\t\t\t<div class=\"elementor-swiper-button elementor-swiper-button-prev\" role=\"button\" tabindex=\"0\">\n\t\t\t\t\t\t<i aria-hidden=\"true\" class=\"eicon-chevron-left\"><\/i>\t\t\t\t\t<\/div>\n\t\t\t\t\t<div class=\"elementor-swiper-button elementor-swiper-button-next\" role=\"button\" tabindex=\"0\">\n\t\t\t\t\t\t<i aria-hidden=\"true\" class=\"eicon-chevron-right\"><\/i>\t\t\t\t\t<\/div>\n\t\t\t\t\n\t\t\t\t\t\t\t\t\t<\/div>\n\t\t\t\t<\/div>\n\t\t\t\t<\/div>\n\t\t\t\t\t<\/div>\n\t\t<\/div>\n\t\t\t\t<div class=\"elementor-column elementor-col-16 elementor-top-column elementor-element elementor-element-7ae8c0c\" data-id=\"7ae8c0c\" data-element_type=\"column\">\n\t\t\t<div class=\"elementor-widget-wrap\">\n\t\t\t\t\t\t\t<\/div>\n\t\t<\/div>\n\t\t\t\t\t<\/div>\n\t\t<\/section>\n\t\t\t\t<section class=\"elementor-section elementor-top-section elementor-element elementor-element-c5945c8 hidden elementor-section-boxed elementor-section-height-default elementor-section-height-default\" data-id=\"c5945c8\" data-element_type=\"section\" id=\"sec\" data-settings=\"{&quot;background_background&quot;:&quot;classic&quot;}\">\n\t\t\t\t\t\t<div class=\"elementor-container elementor-column-gap-default\">\n\t\t\t\t\t<div class=\"elementor-column elementor-col-16 elementor-top-column elementor-element elementor-element-7fa5f10\" data-id=\"7fa5f10\" data-element_type=\"column\">\n\t\t\t<div class=\"elementor-widget-wrap\">\n\t\t\t\t\t\t\t<\/div>\n\t\t<\/div>\n\t\t\t\t<div class=\"elementor-column elementor-col-66 elementor-top-column elementor-element elementor-element-7845b18\" data-id=\"7845b18\" data-element_type=\"column\">\n\t\t\t<div class=\"elementor-widget-wrap elementor-element-populated\">\n\t\t\t\t\t\t<section class=\"elementor-section elementor-inner-section elementor-element elementor-element-442179a seccion1, hidden elementor-section-boxed elementor-section-height-default elementor-section-height-default\" data-id=\"442179a\" data-element_type=\"section\" id=\"sec1\" data-settings=\"{&quot;background_background&quot;:&quot;classic&quot;}\">\n\t\t\t\t\t\t<div class=\"elementor-container elementor-column-gap-default\">\n\t\t\t\t\t<div class=\"elementor-column elementor-col-50 elementor-inner-column elementor-element elementor-element-2161d70\" data-id=\"2161d70\" data-element_type=\"column\" data-settings=\"{&quot;background_background&quot;:&quot;classic&quot;}\">\n\t\t\t<div class=\"elementor-widget-wrap elementor-element-populated\">\n\t\t\t\t\t\t<div class=\"elementor-element elementor-element-bce6d12 elementor-widget elementor-widget-image\" data-id=\"bce6d12\" data-element_type=\"widget\" data-widget_type=\"image.default\">\n\t\t\t\t<div class=\"elementor-widget-container\">\n\t\t\t\t\t\t\t\t\t\t\t\t\t<img loading=\"lazy\" decoding=\"async\" width=\"300\" height=\"77\" src=\"http:\/\/8.243.70.68\/pagina\/wp-content\/uploads\/2021\/10\/logos-ins-descentralizados-01-300x77.png\" class=\"attachment-medium size-medium wp-image-12749\" alt=\"\" srcset=\"http:\/\/8.243.70.68\/pagina\/wp-content\/uploads\/2021\/10\/logos-ins-descentralizados-01-300x77.png 300w, http:\/\/8.243.70.68\/pagina\/wp-content\/uploads\/2021\/10\/logos-ins-descentralizados-01.png 500w\" sizes=\"(max-width: 300px) 100vw, 300px\" \/>\t\t\t\t\t\t\t\t\t\t\t\t\t<\/div>\n\t\t\t\t<\/div>\n\t\t\t\t\t<\/div>\n\t\t<\/div>\n\t\t\t\t<div class=\"elementor-column elementor-col-50 elementor-inner-column elementor-element elementor-element-71868a8\" data-id=\"71868a8\" data-element_type=\"column\" data-settings=\"{&quot;background_background&quot;:&quot;classic&quot;}\">\n\t\t\t<div class=\"elementor-widget-wrap elementor-element-populated\">\n\t\t\t\t\t\t<div class=\"elementor-element elementor-element-1d6d76a elementor-widget elementor-widget-text-editor\" data-id=\"1d6d76a\" data-element_type=\"widget\" data-widget_type=\"text-editor.default\">\n\t\t\t\t<div class=\"elementor-widget-container\">\n\t\t\t\t\t\t\t<p><em>IMSALUD es la empresa p\u00fablica prestadora de servicios de salud de primer nivel de C\u00facuta, cuyo prop\u00f3sito es incentivar la cultura de vida saludable de la poblaci\u00f3n, garantizando la calidad y eficiencia con su red<\/em><\/p>\t\t\t\t\t\t<\/div>\n\t\t\t\t<\/div>\n\t\t\t\t\t<\/div>\n\t\t<\/div>\n\t\t\t\t\t<\/div>\n\t\t<\/section>\n\t\t\t\t<section class=\"elementor-section elementor-inner-section elementor-element elementor-element-6f8aee8 seccion1, hidden elementor-section-boxed elementor-section-height-default elementor-section-height-default\" data-id=\"6f8aee8\" data-element_type=\"section\" id=\"sec1-1\">\n\t\t\t\t\t\t<div class=\"elementor-container elementor-column-gap-default\">\n\t\t\t\t\t<div class=\"elementor-column elementor-col-50 elementor-inner-column elementor-element elementor-element-c028908\" data-id=\"c028908\" data-element_type=\"column\">\n\t\t\t<div class=\"elementor-widget-wrap elementor-element-populated\">\n\t\t\t\t\t\t<div class=\"elementor-element elementor-element-8250569 elementor-widget elementor-widget-text-editor\" data-id=\"8250569\" data-element_type=\"widget\" data-widget_type=\"text-editor.default\">\n\t\t\t\t<div class=\"elementor-widget-container\">\n\t\t\t\t\t\t\t<p><strong>Direcci\u00f3n:<\/strong> Av Libertadores #0-124 Barrio Blanco<\/p><p><strong>Horario de atenci\u00f3n:<\/strong> Lunes a viernes de 7:00 a 11:30 a.m. y de 2:00 a 6:00 p.m.<\/p>\t\t\t\t\t\t<\/div>\n\t\t\t\t<\/div>\n\t\t\t\t\t<\/div>\n\t\t<\/div>\n\t\t\t\t<div class=\"elementor-column elementor-col-50 elementor-inner-column elementor-element elementor-element-0a2eab4\" data-id=\"0a2eab4\" data-element_type=\"column\">\n\t\t\t<div class=\"elementor-widget-wrap elementor-element-populated\">\n\t\t\t\t\t\t<div class=\"elementor-element elementor-element-f1ffc8f elementor-widget elementor-widget-text-editor\" data-id=\"f1ffc8f\" data-element_type=\"widget\" data-widget_type=\"text-editor.default\">\n\t\t\t\t<div class=\"elementor-widget-container\">\n\t\t\t\t\t\t\t<p><strong>Tel\u00e9fono:<\/strong>\u00a0(+57) 7 578490<\/p><p><strong>Email:<\/strong>\u00a0info@imsalud.gov.co<\/p><p><strong>P\u00e1gina web:\u00a0<\/strong><a href=\"https:\/\/ctc.edu.co\/\" target=\"_blank\" rel=\"noopener\">www.ctc.edu.co<\/a><\/p>\t\t\t\t\t\t<\/div>\n\t\t\t\t<\/div>\n\t\t\t\t\t<\/div>\n\t\t<\/div>\n\t\t\t\t\t<\/div>\n\t\t<\/section>\n\t\t\t\t<section class=\"elementor-section elementor-inner-section elementor-element elementor-element-a762634 seccion2, hidden elementor-section-boxed elementor-section-height-default elementor-section-height-default\" data-id=\"a762634\" data-element_type=\"section\" id=\"sec2\" data-settings=\"{&quot;background_background&quot;:&quot;classic&quot;}\">\n\t\t\t\t\t\t<div class=\"elementor-container elementor-column-gap-default\">\n\t\t\t\t\t<div class=\"elementor-column elementor-col-50 elementor-inner-column elementor-element elementor-element-25aedce\" data-id=\"25aedce\" data-element_type=\"column\" data-settings=\"{&quot;background_background&quot;:&quot;classic&quot;}\">\n\t\t\t<div class=\"elementor-widget-wrap elementor-element-populated\">\n\t\t\t\t\t\t<div class=\"elementor-element elementor-element-2a1cdd5 elementor-widget elementor-widget-image\" data-id=\"2a1cdd5\" data-element_type=\"widget\" data-widget_type=\"image.default\">\n\t\t\t\t<div class=\"elementor-widget-container\">\n\t\t\t\t\t\t\t\t\t\t\t\t\t<img loading=\"lazy\" decoding=\"async\" width=\"500\" height=\"128\" src=\"http:\/\/8.243.70.68\/pagina\/wp-content\/uploads\/2021\/10\/logo-black.png\" class=\"attachment-large size-large wp-image-12284\" alt=\"\" srcset=\"http:\/\/8.243.70.68\/pagina\/wp-content\/uploads\/2021\/10\/logo-black.png 500w, http:\/\/8.243.70.68\/pagina\/wp-content\/uploads\/2021\/10\/logo-black-300x77.png 300w\" sizes=\"(max-width: 500px) 100vw, 500px\" \/>\t\t\t\t\t\t\t\t\t\t\t\t\t<\/div>\n\t\t\t\t<\/div>\n\t\t\t\t\t<\/div>\n\t\t<\/div>\n\t\t\t\t<div class=\"elementor-column elementor-col-50 elementor-inner-column elementor-element elementor-element-17a3bc3\" data-id=\"17a3bc3\" data-element_type=\"column\" data-settings=\"{&quot;background_background&quot;:&quot;classic&quot;}\">\n\t\t\t<div class=\"elementor-widget-wrap elementor-element-populated\">\n\t\t\t\t\t\t<div class=\"elementor-element elementor-element-b90fbf0 elementor-widget elementor-widget-text-editor\" data-id=\"b90fbf0\" data-element_type=\"widget\" data-widget_type=\"text-editor.default\">\n\t\t\t\t<div class=\"elementor-widget-container\">\n\t\t\t\t\t\t\t<p>El Centro Tecnol\u00f3gico de C\u00facuta, contribuye de manera estrat\u00e9gica al desarrollo regional a trav\u00e9s de la oferta de programas de formaci\u00f3n para el trabajo y el desarrollo humano, priorizando los estratos uno, dos y tres.\u00a0<\/p>\t\t\t\t\t\t<\/div>\n\t\t\t\t<\/div>\n\t\t\t\t\t<\/div>\n\t\t<\/div>\n\t\t\t\t\t<\/div>\n\t\t<\/section>\n\t\t\t\t<section class=\"elementor-section elementor-inner-section elementor-element elementor-element-2947890 seccion2, hidden elementor-section-boxed elementor-section-height-default elementor-section-height-default\" data-id=\"2947890\" data-element_type=\"section\" id=\"sec2-1\">\n\t\t\t\t\t\t<div class=\"elementor-container elementor-column-gap-default\">\n\t\t\t\t\t<div class=\"elementor-column elementor-col-50 elementor-inner-column elementor-element elementor-element-f1e458c\" data-id=\"f1e458c\" data-element_type=\"column\">\n\t\t\t<div class=\"elementor-widget-wrap elementor-element-populated\">\n\t\t\t\t\t\t<div class=\"elementor-element elementor-element-73ba255 elementor-widget elementor-widget-text-editor\" data-id=\"73ba255\" data-element_type=\"widget\" data-widget_type=\"text-editor.default\">\n\t\t\t\t<div class=\"elementor-widget-container\">\n\t\t\t\t\t\t\t<p><strong>Direcci\u00f3n:<\/strong> Av.6 # 3-20 Barrio Comuneros Ciudadela Juan Atalaya, C\u00facuta<\/p><p><strong>Horario de atenci\u00f3n:<\/strong> Lunes a viernes de 7:00 a 1:00 p.m.<\/p><p>.<\/p>\t\t\t\t\t\t<\/div>\n\t\t\t\t<\/div>\n\t\t\t\t\t<\/div>\n\t\t<\/div>\n\t\t\t\t<div class=\"elementor-column elementor-col-50 elementor-inner-column elementor-element elementor-element-5949efb\" data-id=\"5949efb\" data-element_type=\"column\">\n\t\t\t<div class=\"elementor-widget-wrap elementor-element-populated\">\n\t\t\t\t\t\t<div class=\"elementor-element elementor-element-11b34a7 elementor-widget elementor-widget-text-editor\" data-id=\"11b34a7\" data-element_type=\"widget\" data-widget_type=\"text-editor.default\">\n\t\t\t\t<div class=\"elementor-widget-container\">\n\t\t\t\t\t\t\t<p><strong>Tel\u00e9fono:<\/strong> (+57) (7) &#8211; 5792815<\/p><p><strong>Email:<\/strong> archivo@ctc.edu.co<\/p><p><strong>P\u00e1gina web:\u00a0<\/strong>www.ctc.edu.co<\/p>\t\t\t\t\t\t<\/div>\n\t\t\t\t<\/div>\n\t\t\t\t\t<\/div>\n\t\t<\/div>\n\t\t\t\t\t<\/div>\n\t\t<\/section>\n\t\t\t\t<section class=\"elementor-section elementor-inner-section elementor-element elementor-element-8de5723 seccion3, hidden elementor-section-boxed elementor-section-height-default elementor-section-height-default\" data-id=\"8de5723\" data-element_type=\"section\" id=\"sec3\" data-settings=\"{&quot;background_background&quot;:&quot;classic&quot;}\">\n\t\t\t\t\t\t<div class=\"elementor-container elementor-column-gap-default\">\n\t\t\t\t\t<div class=\"elementor-column elementor-col-50 elementor-inner-column elementor-element elementor-element-6c86d3a\" data-id=\"6c86d3a\" data-element_type=\"column\" data-settings=\"{&quot;background_background&quot;:&quot;classic&quot;}\">\n\t\t\t<div class=\"elementor-widget-wrap elementor-element-populated\">\n\t\t\t\t\t\t<div class=\"elementor-element elementor-element-6dc5d71 elementor-widget elementor-widget-image\" data-id=\"6dc5d71\" data-element_type=\"widget\" data-widget_type=\"image.default\">\n\t\t\t\t<div class=\"elementor-widget-container\">\n\t\t\t\t\t\t\t\t\t\t\t\t\t<img loading=\"lazy\" decoding=\"async\" width=\"500\" height=\"128\" src=\"http:\/\/8.243.70.68\/pagina\/wp-content\/uploads\/2021\/10\/logos-ins-descentralizados-04.png\" class=\"attachment-medium_large size-medium_large wp-image-12750\" alt=\"\" srcset=\"http:\/\/8.243.70.68\/pagina\/wp-content\/uploads\/2021\/10\/logos-ins-descentralizados-04.png 500w, http:\/\/8.243.70.68\/pagina\/wp-content\/uploads\/2021\/10\/logos-ins-descentralizados-04-300x77.png 300w\" sizes=\"(max-width: 500px) 100vw, 500px\" \/>\t\t\t\t\t\t\t\t\t\t\t\t\t<\/div>\n\t\t\t\t<\/div>\n\t\t\t\t\t<\/div>\n\t\t<\/div>\n\t\t\t\t<div class=\"elementor-column elementor-col-50 elementor-inner-column elementor-element elementor-element-d2b8e5a\" data-id=\"d2b8e5a\" data-element_type=\"column\" data-settings=\"{&quot;background_background&quot;:&quot;classic&quot;}\">\n\t\t\t<div class=\"elementor-widget-wrap elementor-element-populated\">\n\t\t\t\t\t\t<div class=\"elementor-element elementor-element-2e401b2 elementor-widget elementor-widget-text-editor\" data-id=\"2e401b2\" data-element_type=\"widget\" data-widget_type=\"text-editor.default\">\n\t\t\t\t<div class=\"elementor-widget-container\">\n\t\t\t\t\t\t\t<p>El Instituto Municipal para la Recreaci\u00f3n y el Deporte es el encargado del fomento, la planificaci\u00f3n, la organizaci\u00f3n, la coordinaci\u00f3n, la ejecuci\u00f3n, la implantaci\u00f3n, el aprovechamiento del tiempo libre y la educaci\u00f3n f\u00edsica a cargo del municipio.\u00a0<\/p>\t\t\t\t\t\t<\/div>\n\t\t\t\t<\/div>\n\t\t\t\t\t<\/div>\n\t\t<\/div>\n\t\t\t\t\t<\/div>\n\t\t<\/section>\n\t\t\t\t<section class=\"elementor-section elementor-inner-section elementor-element elementor-element-a58c28b seccion3, hidden elementor-section-boxed elementor-section-height-default elementor-section-height-default\" data-id=\"a58c28b\" data-element_type=\"section\" id=\"sec3-1\">\n\t\t\t\t\t\t<div class=\"elementor-container elementor-column-gap-default\">\n\t\t\t\t\t<div class=\"elementor-column elementor-col-50 elementor-inner-column elementor-element elementor-element-fd42fae\" data-id=\"fd42fae\" data-element_type=\"column\">\n\t\t\t<div class=\"elementor-widget-wrap elementor-element-populated\">\n\t\t\t\t\t\t<div class=\"elementor-element elementor-element-77bd045 elementor-widget elementor-widget-text-editor\" data-id=\"77bd045\" data-element_type=\"widget\" data-widget_type=\"text-editor.default\">\n\t\t\t\t<div class=\"elementor-widget-container\">\n\t\t\t\t\t\t\t<p><strong>Direcci\u00f3n:<\/strong> Av. del R\u00edo Patinadero Te\u00f3dulo G\u00e9lvez Albarrac\u00edn<\/p><p><strong>Horario de atenci\u00f3n:<\/strong> Lunes a Viernes de 8:00 a.m. \u2013 11:30 a.m. y 2:oo p.m. a 5:30 p.m.<\/p>\t\t\t\t\t\t<\/div>\n\t\t\t\t<\/div>\n\t\t\t\t\t<\/div>\n\t\t<\/div>\n\t\t\t\t<div class=\"elementor-column elementor-col-50 elementor-inner-column elementor-element elementor-element-6b0819c\" data-id=\"6b0819c\" data-element_type=\"column\">\n\t\t\t<div class=\"elementor-widget-wrap elementor-element-populated\">\n\t\t\t\t\t\t<div class=\"elementor-element elementor-element-e3ccfff elementor-widget elementor-widget-text-editor\" data-id=\"e3ccfff\" data-element_type=\"widget\" data-widget_type=\"text-editor.default\">\n\t\t\t\t<div class=\"elementor-widget-container\">\n\t\t\t\t\t\t\t<p><strong>Tel\u00e9fono:<\/strong> (+57) (7) &#8211; 5893625 \u2013 5893203<\/p><p><strong>Email:<\/strong> imrdcucuta@live.com<\/p><p><strong>P\u00e1gina web:\u00a0<\/strong><a href=\"https:\/\/imrd-cucuta.gov.co\/\" target=\"_blank\" rel=\"noopener\">www.imrd-cucuta.edu.co<\/a><\/p>\t\t\t\t\t\t<\/div>\n\t\t\t\t<\/div>\n\t\t\t\t\t<\/div>\n\t\t<\/div>\n\t\t\t\t\t<\/div>\n\t\t<\/section>\n\t\t\t\t<section class=\"elementor-section elementor-inner-section elementor-element elementor-element-28977e4 seccion4, hidden elementor-section-boxed elementor-section-height-default elementor-section-height-default\" data-id=\"28977e4\" data-element_type=\"section\" id=\"sec4\" data-settings=\"{&quot;background_background&quot;:&quot;classic&quot;}\">\n\t\t\t\t\t\t<div class=\"elementor-container elementor-column-gap-default\">\n\t\t\t\t\t<div class=\"elementor-column elementor-col-50 elementor-inner-column elementor-element elementor-element-027489c\" data-id=\"027489c\" data-element_type=\"column\" data-settings=\"{&quot;background_background&quot;:&quot;classic&quot;}\">\n\t\t\t<div class=\"elementor-widget-wrap elementor-element-populated\">\n\t\t\t\t\t\t<div class=\"elementor-element elementor-element-227f801 elementor-widget elementor-widget-image\" data-id=\"227f801\" data-element_type=\"widget\" data-widget_type=\"image.default\">\n\t\t\t\t<div class=\"elementor-widget-container\">\n\t\t\t\t\t\t\t\t\t\t\t\t\t<img loading=\"lazy\" decoding=\"async\" width=\"500\" height=\"128\" src=\"http:\/\/8.243.70.68\/pagina\/wp-content\/uploads\/2021\/10\/logos-ins-descentralizados-03.png\" class=\"attachment-large size-large wp-image-12748\" alt=\"\" srcset=\"http:\/\/8.243.70.68\/pagina\/wp-content\/uploads\/2021\/10\/logos-ins-descentralizados-03.png 500w, http:\/\/8.243.70.68\/pagina\/wp-content\/uploads\/2021\/10\/logos-ins-descentralizados-03-300x77.png 300w\" sizes=\"(max-width: 500px) 100vw, 500px\" \/>\t\t\t\t\t\t\t\t\t\t\t\t\t<\/div>\n\t\t\t\t<\/div>\n\t\t\t\t\t<\/div>\n\t\t<\/div>\n\t\t\t\t<div class=\"elementor-column elementor-col-50 elementor-inner-column elementor-element elementor-element-55315ce\" data-id=\"55315ce\" data-element_type=\"column\" data-settings=\"{&quot;background_background&quot;:&quot;classic&quot;}\">\n\t\t\t<div class=\"elementor-widget-wrap elementor-element-populated\">\n\t\t\t\t\t\t<div class=\"elementor-element elementor-element-d8dfb95 elementor-widget elementor-widget-text-editor\" data-id=\"d8dfb95\" data-element_type=\"widget\" data-widget_type=\"text-editor.default\">\n\t\t\t\t<div class=\"elementor-widget-container\">\n\t\t\t\t\t\t\t<p>Empresa prestadora de servicios p\u00fablicos y actividades conexas y complementarias que satisface las necesidades de nuestros usuarios, comprometido con el progreso, desarrollo sostenible y bienestar de la comunidad cucute\u00f1a y el entorno regional.<\/p>\t\t\t\t\t\t<\/div>\n\t\t\t\t<\/div>\n\t\t\t\t\t<\/div>\n\t\t<\/div>\n\t\t\t\t\t<\/div>\n\t\t<\/section>\n\t\t\t\t<section class=\"elementor-section elementor-inner-section elementor-element elementor-element-b5e2927 seccion4, hidden elementor-section-boxed elementor-section-height-default elementor-section-height-default\" data-id=\"b5e2927\" data-element_type=\"section\" id=\"sec4-1\">\n\t\t\t\t\t\t<div class=\"elementor-container elementor-column-gap-default\">\n\t\t\t\t\t<div class=\"elementor-column elementor-col-50 elementor-inner-column elementor-element elementor-element-94f0c7f\" data-id=\"94f0c7f\" data-element_type=\"column\">\n\t\t\t<div class=\"elementor-widget-wrap elementor-element-populated\">\n\t\t\t\t\t\t<div class=\"elementor-element elementor-element-8ff4fd5 elementor-widget elementor-widget-text-editor\" data-id=\"8ff4fd5\" data-element_type=\"widget\" data-widget_type=\"text-editor.default\">\n\t\t\t\t<div class=\"elementor-widget-container\">\n\t\t\t\t\t\t\t<p><strong>Direcci\u00f3n:<\/strong> Avenida 6 Calle 11 P-2<\/p><p><strong>Horario de atenci\u00f3n:<\/strong>\u00a0Lunes a Viernes de 8:00 a.m. \u2013 11:30 a.m. y 2:oo p.m. a 5:30 p.m.<\/p>\t\t\t\t\t\t<\/div>\n\t\t\t\t<\/div>\n\t\t\t\t\t<\/div>\n\t\t<\/div>\n\t\t\t\t<div class=\"elementor-column elementor-col-50 elementor-inner-column elementor-element elementor-element-ab3994e\" data-id=\"ab3994e\" data-element_type=\"column\">\n\t\t\t<div class=\"elementor-widget-wrap elementor-element-populated\">\n\t\t\t\t\t\t<div class=\"elementor-element elementor-element-3d375dc elementor-widget elementor-widget-text-editor\" data-id=\"3d375dc\" data-element_type=\"widget\" data-widget_type=\"text-editor.default\">\n\t\t\t\t<div class=\"elementor-widget-container\">\n\t\t\t\t\t\t\t<p><span style=\"font-weight: bolder;\">Tel\u00e9fono:<\/span> (+57) (7) &#8211; 5956344<\/p><p><span style=\"font-weight: bolder;\">Email: <\/span><a href=\"mailto:ventanillaunica@eiscucuta.com.co\">ventanillaunica@eiscucuta.com.co<\/a><\/p><p><span style=\"font-weight: bolder;\">P\u00e1gina web:\u00a0<\/span><a href=\"https:\/\/www.eiscucuta.com.co\/\" target=\"_blank\" rel=\"noopener\">www.eiscucuta.com.co<\/a><\/p>\t\t\t\t\t\t<\/div>\n\t\t\t\t<\/div>\n\t\t\t\t\t<\/div>\n\t\t<\/div>\n\t\t\t\t\t<\/div>\n\t\t<\/section>\n\t\t\t\t<section class=\"elementor-section elementor-inner-section elementor-element elementor-element-f5b5cbf hidden elementor-section-boxed elementor-section-height-default elementor-section-height-default\" data-id=\"f5b5cbf\" data-element_type=\"section\" id=\"sec5\" data-settings=\"{&quot;background_background&quot;:&quot;classic&quot;}\">\n\t\t\t\t\t\t<div class=\"elementor-container elementor-column-gap-default\">\n\t\t\t\t\t<div class=\"elementor-column elementor-col-50 elementor-inner-column elementor-element elementor-element-d2b9467\" data-id=\"d2b9467\" data-element_type=\"column\" data-settings=\"{&quot;background_background&quot;:&quot;classic&quot;}\">\n\t\t\t<div class=\"elementor-widget-wrap elementor-element-populated\">\n\t\t\t\t\t\t<div class=\"elementor-element elementor-element-ca444fd elementor-widget elementor-widget-image\" data-id=\"ca444fd\" data-element_type=\"widget\" data-widget_type=\"image.default\">\n\t\t\t\t<div class=\"elementor-widget-container\">\n\t\t\t\t\t\t\t\t\t\t\t\t\t<img loading=\"lazy\" decoding=\"async\" width=\"500\" height=\"128\" src=\"http:\/\/8.243.70.68\/pagina\/wp-content\/uploads\/2021\/10\/logos-ins-descentralizados-02.png\" class=\"attachment-large size-large wp-image-12747\" alt=\"\" srcset=\"http:\/\/8.243.70.68\/pagina\/wp-content\/uploads\/2021\/10\/logos-ins-descentralizados-02.png 500w, http:\/\/8.243.70.68\/pagina\/wp-content\/uploads\/2021\/10\/logos-ins-descentralizados-02-300x77.png 300w\" sizes=\"(max-width: 500px) 100vw, 500px\" \/>\t\t\t\t\t\t\t\t\t\t\t\t\t<\/div>\n\t\t\t\t<\/div>\n\t\t\t\t\t<\/div>\n\t\t<\/div>\n\t\t\t\t<div class=\"elementor-column elementor-col-50 elementor-inner-column elementor-element elementor-element-a4c1df7\" data-id=\"a4c1df7\" data-element_type=\"column\" data-settings=\"{&quot;background_background&quot;:&quot;classic&quot;}\">\n\t\t\t<div class=\"elementor-widget-wrap elementor-element-populated\">\n\t\t\t\t\t\t<div class=\"elementor-element elementor-element-e1c9a51 elementor-widget elementor-widget-text-editor\" data-id=\"e1c9a51\" data-element_type=\"widget\" data-widget_type=\"text-editor.default\">\n\t\t\t\t<div class=\"elementor-widget-container\">\n\t\t\t\t\t\t\t<p>Encargada del cumplimiento de itinerarios autorizados por el Ente Regulador a las diferentes empresas de transporte de pasajeros por carretera, las cuales prestan el servicio a nivel Nacional, Departamental, Intermunicipal y Fronterizo.\u00a0<\/p>\t\t\t\t\t\t<\/div>\n\t\t\t\t<\/div>\n\t\t\t\t\t<\/div>\n\t\t<\/div>\n\t\t\t\t\t<\/div>\n\t\t<\/section>\n\t\t\t\t<section class=\"elementor-section elementor-inner-section elementor-element elementor-element-09aa429 hidden elementor-section-boxed elementor-section-height-default elementor-section-height-default\" data-id=\"09aa429\" data-element_type=\"section\" id=\"sec5-1\">\n\t\t\t\t\t\t<div class=\"elementor-container elementor-column-gap-default\">\n\t\t\t\t\t<div class=\"elementor-column elementor-col-50 elementor-inner-column elementor-element elementor-element-de132e6\" data-id=\"de132e6\" data-element_type=\"column\">\n\t\t\t<div class=\"elementor-widget-wrap elementor-element-populated\">\n\t\t\t\t\t\t<div class=\"elementor-element elementor-element-a7d582e elementor-widget elementor-widget-text-editor\" data-id=\"a7d582e\" data-element_type=\"widget\" data-widget_type=\"text-editor.default\">\n\t\t\t\t<div class=\"elementor-widget-container\">\n\t\t\t\t\t\t\t<p><strong>Direcci\u00f3n:<\/strong> Av. 8 # 1-25 Barrio Callej\u00f3n<\/p><p><strong>Horario de atenci\u00f3n:<\/strong> Lunes a Viernes de 8:00 a.m. \u2013 11:30 a.m. y 2:oo p.m. a 6:00 p.m.<\/p><p>.<\/p>\t\t\t\t\t\t<\/div>\n\t\t\t\t<\/div>\n\t\t\t\t\t<\/div>\n\t\t<\/div>\n\t\t\t\t<div class=\"elementor-column elementor-col-50 elementor-inner-column elementor-element elementor-element-b75d499\" data-id=\"b75d499\" data-element_type=\"column\">\n\t\t\t<div class=\"elementor-widget-wrap elementor-element-populated\">\n\t\t\t\t\t\t<div class=\"elementor-element elementor-element-9a9f731 elementor-widget elementor-widget-text-editor\" data-id=\"9a9f731\" data-element_type=\"widget\" data-widget_type=\"text-editor.default\">\n\t\t\t\t<div class=\"elementor-widget-container\">\n\t\t\t\t\t\t\t<p><span style=\"font-weight: bolder;\">Tel\u00e9fono:<\/span> (+57) (7) &#8211;\u00a0 5836580 &#8211; 5481719<\/p><p><span style=\"font-weight: bolder;\">Email:<\/span><a href=\"radicacion@terminalcucuta.gov.co\">\u00a0radicacion@terminalcucuta.gov.co<\/a><\/p><p><span style=\"font-weight: bolder;\">P\u00e1gina web:\u00a0<\/span><a href=\"https:\/\/home.terminalcucuta.gov.co\/\" target=\"_blank\" rel=\"noopener\">www.home.terminalcucuta.gov.co<\/a><\/p>\t\t\t\t\t\t<\/div>\n\t\t\t\t<\/div>\n\t\t\t\t\t<\/div>\n\t\t<\/div>\n\t\t\t\t\t<\/div>\n\t\t<\/section>\n\t\t\t\t\t<\/div>\n\t\t<\/div>\n\t\t\t\t<div class=\"elementor-column elementor-col-16 elementor-top-column elementor-element elementor-element-2429d64\" data-id=\"2429d64\" data-element_type=\"column\">\n\t\t\t<div class=\"elementor-widget-wrap\">\n\t\t\t\t\t\t\t<\/div>\n\t\t<\/div>\n\t\t\t\t\t<\/div>\n\t\t<\/section>\n\t\t\t\t<\/div>\n\t\t","protected":false},"excerpt":{"rendered":"<p>DEBES SABER PICO Y PLACA INTRANET INTRANET DEBES SABER TOMA DE MUESTRAS GRATIS COVID-19 PUNTOS DE VACUNACI\u00d3N COVID-19 VENCE PLAZO PAGO DE IMPUESTO PREDIAL PICO Y PLACA DESTACADAS NOTICIAS Noticias [&hellip;]<\/p>\n","protected":false},"author":1,"featured_media":0,"parent":0,"menu_order":0,"comment_status":"closed","ping_status":"closed","template":"","meta":{"footnotes":""},"class_list":["post-45","page","type-page","status-publish","hentry"],"yoast_head":"<!-- This site is optimized with the Yoast SEO plugin v17.5 - https:\/\/yoast.com\/wordpress\/plugins\/seo\/ -->\r\n<title>INICIO -<\/title>\r\n<meta name=\"robots\" content=\"index, follow, max-snippet:-1, max-image-preview:large, max-video-preview:-1\" \/>\r\n<link rel=\"canonical\" href=\"http:\/\/8.243.70.68\/pagina\/\" \/>\r\n<meta property=\"og:locale\" content=\"es_ES\" \/>\r\n<meta property=\"og:type\" content=\"article\" \/>\r\n<meta property=\"og:title\" content=\"INICIO -\" \/>\r\n<meta property=\"og:description\" content=\"DEBES SABER PICO Y PLACA INTRANET INTRANET DEBES SABER TOMA DE MUESTRAS GRATIS COVID-19 PUNTOS DE VACUNACI\u00d3N COVID-19 VENCE PLAZO PAGO DE IMPUESTO PREDIAL PICO Y PLACA DESTACADAS NOTICIAS Noticias [&hellip;]\" \/>\r\n<meta property=\"og:url\" content=\"http:\/\/8.243.70.68\/pagina\/\" \/>\r\n<meta property=\"article:modified_time\" content=\"2021-11-05T16:33:30+00:00\" \/>\r\n<meta property=\"og:image\" content=\"http:\/\/200.116.213.140\/pagina\/wp-content\/uploads\/elementor\/thumbs\/TranspirteA02_Mesa-de-trabajo-1-pd2lutzxtsiorgswmb5sd25yag29l2x244muu4chkw.png\" \/>\r\n<meta name=\"twitter:card\" content=\"summary_large_image\" \/>\r\n<meta name=\"twitter:label1\" content=\"Tiempo estimado de lectura\" \/>\n\t<meta name=\"twitter:data1\" content=\"38 minutos\" \/>\r\n<script type=\"application\/ld+json\" class=\"yoast-schema-graph\">{\"@context\":\"https:\/\/schema.org\",\"@graph\":[{\"@type\":\"WebSite\",\"@id\":\"http:\/\/8.243.70.68\/pagina\/#website\",\"url\":\"http:\/\/8.243.70.68\/pagina\/\",\"name\":\"\",\"description\":\"\",\"potentialAction\":[{\"@type\":\"SearchAction\",\"target\":{\"@type\":\"EntryPoint\",\"urlTemplate\":\"http:\/\/8.243.70.68\/pagina\/?s={search_term_string}\"},\"query-input\":\"required name=search_term_string\"}],\"inLanguage\":\"es-CO\"},{\"@type\":\"ImageObject\",\"@id\":\"http:\/\/8.243.70.68\/pagina\/#primaryimage\",\"inLanguage\":\"es-CO\",\"url\":\"http:\/\/200.116.213.140\/pagina\/wp-content\/uploads\/elementor\/thumbs\/TranspirteA02_Mesa-de-trabajo-1-pd2lutzxtsiorgswmb5sd25yag29l2x244muu4chkw.png\",\"contentUrl\":\"http:\/\/200.116.213.140\/pagina\/wp-content\/uploads\/elementor\/thumbs\/TranspirteA02_Mesa-de-trabajo-1-pd2lutzxtsiorgswmb5sd25yag29l2x244muu4chkw.png\"},{\"@type\":\"WebPage\",\"@id\":\"http:\/\/8.243.70.68\/pagina\/#webpage\",\"url\":\"http:\/\/8.243.70.68\/pagina\/\",\"name\":\"INICIO -\",\"isPartOf\":{\"@id\":\"http:\/\/8.243.70.68\/pagina\/#website\"},\"primaryImageOfPage\":{\"@id\":\"http:\/\/8.243.70.68\/pagina\/#primaryimage\"},\"datePublished\":\"2021-08-10T15:36:50+00:00\",\"dateModified\":\"2021-11-05T16:33:30+00:00\",\"breadcrumb\":{\"@id\":\"http:\/\/8.243.70.68\/pagina\/#breadcrumb\"},\"inLanguage\":\"es-CO\",\"potentialAction\":[{\"@type\":\"ReadAction\",\"target\":[\"http:\/\/8.243.70.68\/pagina\/\"]}]},{\"@type\":\"BreadcrumbList\",\"@id\":\"http:\/\/8.243.70.68\/pagina\/#breadcrumb\",\"itemListElement\":[{\"@type\":\"ListItem\",\"position\":1,\"name\":\"Inicio\",\"item\":\"http:\/\/8.243.70.68\/pagina\/\"},{\"@type\":\"ListItem\",\"position\":2,\"name\":\"INICIO\"}]}]}<\/script>\r\n<!-- \/ Yoast SEO plugin. -->","yoast_head_json":{"title":"INICIO -","robots":{"index":"index","follow":"follow","max-snippet":"max-snippet:-1","max-image-preview":"max-image-preview:large","max-video-preview":"max-video-preview:-1"},"canonical":"http:\/\/8.243.70.68\/pagina\/","og_locale":"es_ES","og_type":"article","og_title":"INICIO -","og_description":"DEBES SABER PICO Y PLACA INTRANET INTRANET DEBES SABER TOMA DE MUESTRAS GRATIS COVID-19 PUNTOS DE VACUNACI\u00d3N COVID-19 VENCE PLAZO PAGO DE IMPUESTO PREDIAL PICO Y PLACA DESTACADAS NOTICIAS Noticias [&hellip;]","og_url":"http:\/\/8.243.70.68\/pagina\/","article_modified_time":"2021-11-05T16:33:30+00:00","og_image":[{"url":"http:\/\/200.116.213.140\/pagina\/wp-content\/uploads\/elementor\/thumbs\/TranspirteA02_Mesa-de-trabajo-1-pd2lutzxtsiorgswmb5sd25yag29l2x244muu4chkw.png"}],"twitter_card":"summary_large_image","twitter_misc":{"Tiempo estimado de lectura":"38 minutos"},"schema":{"@context":"https:\/\/schema.org","@graph":[{"@type":"WebSite","@id":"http:\/\/8.243.70.68\/pagina\/#website","url":"http:\/\/8.243.70.68\/pagina\/","name":"","description":"","potentialAction":[{"@type":"SearchAction","target":{"@type":"EntryPoint","urlTemplate":"http:\/\/8.243.70.68\/pagina\/?s={search_term_string}"},"query-input":"required name=search_term_string"}],"inLanguage":"es-CO"},{"@type":"ImageObject","@id":"http:\/\/8.243.70.68\/pagina\/#primaryimage","inLanguage":"es-CO","url":"http:\/\/200.116.213.140\/pagina\/wp-content\/uploads\/elementor\/thumbs\/TranspirteA02_Mesa-de-trabajo-1-pd2lutzxtsiorgswmb5sd25yag29l2x244muu4chkw.png","contentUrl":"http:\/\/200.116.213.140\/pagina\/wp-content\/uploads\/elementor\/thumbs\/TranspirteA02_Mesa-de-trabajo-1-pd2lutzxtsiorgswmb5sd25yag29l2x244muu4chkw.png"},{"@type":"WebPage","@id":"http:\/\/8.243.70.68\/pagina\/#webpage","url":"http:\/\/8.243.70.68\/pagina\/","name":"INICIO -","isPartOf":{"@id":"http:\/\/8.243.70.68\/pagina\/#website"},"primaryImageOfPage":{"@id":"http:\/\/8.243.70.68\/pagina\/#primaryimage"},"datePublished":"2021-08-10T15:36:50+00:00","dateModified":"2021-11-05T16:33:30+00:00","breadcrumb":{"@id":"http:\/\/8.243.70.68\/pagina\/#breadcrumb"},"inLanguage":"es-CO","potentialAction":[{"@type":"ReadAction","target":["http:\/\/8.243.70.68\/pagina\/"]}]},{"@type":"BreadcrumbList","@id":"http:\/\/8.243.70.68\/pagina\/#breadcrumb","itemListElement":[{"@type":"ListItem","position":1,"name":"Inicio","item":"http:\/\/8.243.70.68\/pagina\/"},{"@type":"ListItem","position":2,"name":"INICIO"}]}]}},"_links":{"self":[{"href":"http:\/\/8.243.70.68\/pagina\/wp-json\/wp\/v2\/pages\/45","targetHints":{"allow":["GET"]}}],"collection":[{"href":"http:\/\/8.243.70.68\/pagina\/wp-json\/wp\/v2\/pages"}],"about":[{"href":"http:\/\/8.243.70.68\/pagina\/wp-json\/wp\/v2\/types\/page"}],"author":[{"embeddable":true,"href":"http:\/\/8.243.70.68\/pagina\/wp-json\/wp\/v2\/users\/1"}],"replies":[{"embeddable":true,"href":"http:\/\/8.243.70.68\/pagina\/wp-json\/wp\/v2\/comments?post=45"}],"version-history":[{"count":2549,"href":"http:\/\/8.243.70.68\/pagina\/wp-json\/wp\/v2\/pages\/45\/revisions"}],"predecessor-version":[{"id":24715,"href":"http:\/\/8.243.70.68\/pagina\/wp-json\/wp\/v2\/pages\/45\/revisions\/24715"}],"wp:attachment":[{"href":"http:\/\/8.243.70.68\/pagina\/wp-json\/wp\/v2\/media?parent=45"}],"curies":[{"name":"wp","href":"https:\/\/api.w.org\/{rel}","templated":true}]}}